{"version":"1.0","provider_name":"The Epoch Times TR","provider_url":"https:\/\/epochtimestr.com","author_name":"Haber Merkezi","author_url":"https:\/\/epochtimestr.com\/index.php\/author\/sendag","title":"Prens Philip Kalp Operasyonu Ge\u00e7irdi - The Epoch Times TR","type":"rich","width":600,"height":338,"html":"<blockquote class=\"wp-embedded-content\" data-secret=\"f8b3vp2UUM\"><a href=\"https:\/\/epochtimestr.com\/index.php\/prens-philip-kalp-operasyonu-gecirdi\">Prens Philip Kalp Operasyonu Ge\u00e7irdi<\/a><\/blockquote><iframe sandbox=\"allow-scripts\" security=\"restricted\" src=\"https:\/\/epochtimestr.com\/index.php\/prens-philip-kalp-operasyonu-gecirdi\/embed#?secret=f8b3vp2UUM\" width=\"600\" height=\"338\" title=\"&#8220;Prens Philip Kalp Operasyonu Ge\u00e7irdi&#8221; &#8212; The Epoch Times TR\" data-secret=\"f8b3vp2UUM\" frameborder=\"0\" marginwidth=\"0\" marginheight=\"0\" scrolling=\"no\" class=\"wp-embedded-content\"><\/iframe><script type=\"text\/javascript\">\n\/* <![CDATA[ *\/\n\/*! This file is auto-generated *\/\n!function(d,l){\"use strict\";l.querySelector&&d.addEventListener&&\"undefined\"!=typeof URL&&(d.wp=d.wp||{},d.wp.receiveEmbedMessage||(d.wp.receiveEmbedMessage=function(e){var t=e.data;if((t||t.secret||t.message||t.value)&&!\/[^a-zA-Z0-9]\/.test(t.secret)){for(var s,r,n,a=l.querySelectorAll('iframe[data-secret=\"'+t.secret+'\"]'),o=l.querySelectorAll('blockquote[data-secret=\"'+t.secret+'\"]'),c=new RegExp(\"^https?:$\",\"i\"),i=0;i<o.length;i++)o[i].style.display=\"none\";for(i=0;i<a.length;i++)s=a[i],e.source===s.contentWindow&&(s.removeAttribute(\"style\"),\"height\"===t.message?(1e3<(r=parseInt(t.value,10))?r=1e3:~~r<200&&(r=200),s.height=r):\"link\"===t.message&&(r=new URL(s.getAttribute(\"src\")),n=new URL(t.value),c.test(n.protocol))&&n.host===r.host&&l.activeElement===s&&(d.top.location.href=t.value))}},d.addEventListener(\"message\",d.wp.receiveEmbedMessage,!1),l.addEventListener(\"DOMContentLoaded\",function(){for(var e,t,s=l.querySelectorAll(\"iframe.wp-embedded-content\"),r=0;r<s.length;r++)(t=(e=s[r]).getAttribute(\"data-secret\"))||(t=Math.random().toString(36).substring(2,12),e.src+=\"#?secret=\"+t,e.setAttribute(\"data-secret\",t)),e.contentWindow.postMessage({message:\"ready\",secret:t},\"*\")},!1)))}(window,document);\n\/* ]]> *\/\n<\/script>\n","thumbnail_url":"https:\/\/epochtimestr.com\/wp-content\/uploads\/2011y\/Prens-Phillip-TheRoyalFamilyYoutube-Screenshot.png","thumbnail_width":1366,"thumbnail_height":768,"description":"\u0130ngiltere Krali\u00e7esi 2&#8217;nci Elizabeth&#8217;in e\u015fi Edinburgh D\u00fck\u00fc Prens Philip, kalp ameliyat\u0131 oldu. \u0130ngiltere Krali\u00e7esi 2&#8217;nci Elizabeth&#8217;in 16 g\u00fcnd\u00fcr tedavi g\u00f6ren e\u015fi\u00a0Edinburgh D\u00fck\u00fc Prens Philip&#8217;in kalp ameliyat\u0131 oldu\u011fu a\u00e7\u0131kland\u0131. Buckingham Saray\u0131\u2019ndan yap\u0131lan a\u00e7\u0131klamada \u0130ngiltere Krali\u00e7esi 2. Elizabeth\u2019in e\u015fi Prens Philip\u2019in kalp ameliyat\u0131 oldu\u011fu, ameliyat\u0131n ba\u015far\u0131l\u0131 ge\u00e7ti\u011fi ifade edildi. A\u00e7\u0131klamada, \u201cEdinburgh D\u00fck\u00fc (Prens Philip), St. Bartholomew Hastanesi&#8217;nde [&hellip;]"}