{"version":"1.0","provider_name":"The Epoch Times TR","provider_url":"https:\/\/epochtimestr.com","author_name":"Haber Merkezi","author_url":"https:\/\/epochtimestr.com\/index.php\/author\/sendag","title":"Cumhuriyet Resepsiyonu\u2019nda, Ba\u015fkanl\u0131kla \u0130lgili A\u00e7\u0131klama - The Epoch Times TR","type":"rich","width":600,"height":338,"html":"<blockquote class=\"wp-embedded-content\" data-secret=\"fR5JQHitaV\"><a href=\"https:\/\/epochtimestr.com\/index.php\/resepsiyonunda-baskanlikla-ilgili-aciklama\">Cumhuriyet Resepsiyonu\u2019nda, Ba\u015fkanl\u0131kla \u0130lgili A\u00e7\u0131klama<\/a><\/blockquote><iframe sandbox=\"allow-scripts\" security=\"restricted\" src=\"https:\/\/epochtimestr.com\/index.php\/resepsiyonunda-baskanlikla-ilgili-aciklama\/embed#?secret=fR5JQHitaV\" width=\"600\" height=\"338\" title=\"&#8220;Cumhuriyet Resepsiyonu\u2019nda, Ba\u015fkanl\u0131kla \u0130lgili A\u00e7\u0131klama&#8221; &#8212; The Epoch Times TR\" data-secret=\"fR5JQHitaV\" frameborder=\"0\" marginwidth=\"0\" marginheight=\"0\" scrolling=\"no\" class=\"wp-embedded-content\"><\/iframe><script type=\"text\/javascript\">\n\/* <![CDATA[ *\/\n\/*! This file is auto-generated *\/\n!function(d,l){\"use strict\";l.querySelector&&d.addEventListener&&\"undefined\"!=typeof URL&&(d.wp=d.wp||{},d.wp.receiveEmbedMessage||(d.wp.receiveEmbedMessage=function(e){var t=e.data;if((t||t.secret||t.message||t.value)&&!\/[^a-zA-Z0-9]\/.test(t.secret)){for(var s,r,n,a=l.querySelectorAll('iframe[data-secret=\"'+t.secret+'\"]'),o=l.querySelectorAll('blockquote[data-secret=\"'+t.secret+'\"]'),c=new RegExp(\"^https?:$\",\"i\"),i=0;i<o.length;i++)o[i].style.display=\"none\";for(i=0;i<a.length;i++)s=a[i],e.source===s.contentWindow&&(s.removeAttribute(\"style\"),\"height\"===t.message?(1e3<(r=parseInt(t.value,10))?r=1e3:~~r<200&&(r=200),s.height=r):\"link\"===t.message&&(r=new URL(s.getAttribute(\"src\")),n=new URL(t.value),c.test(n.protocol))&&n.host===r.host&&l.activeElement===s&&(d.top.location.href=t.value))}},d.addEventListener(\"message\",d.wp.receiveEmbedMessage,!1),l.addEventListener(\"DOMContentLoaded\",function(){for(var e,t,s=l.querySelectorAll(\"iframe.wp-embedded-content\"),r=0;r<s.length;r++)(t=(e=s[r]).getAttribute(\"data-secret\"))||(t=Math.random().toString(36).substring(2,12),e.src+=\"#?secret=\"+t,e.setAttribute(\"data-secret\",t)),e.contentWindow.postMessage({message:\"ready\",secret:t},\"*\")},!1)))}(window,document);\n\/* ]]> *\/\n<\/script>\n","thumbnail_url":"https:\/\/epochtimestr.com\/wp-content\/uploads\/2011y\/tayyip-18.jpg","thumbnail_width":664,"thumbnail_height":354,"description":"Cumhurba\u015fkan\u0131 Recep Tayyip Erdo\u011fan, \u201cMilletim bu ad\u0131m\u0131n arkas\u0131nda duracakt\u0131r. Bah\u00e7eli\u2019nin devlet adaml\u0131\u011f\u0131 yakla\u015f\u0131m\u0131n\u0131 olumlu g\u00f6r\u00fcyorum. Ad\u0131 Cumhurba\u015fkanl\u0131\u011f\u0131 olur, Ba\u015fkanl\u0131k olur fark etmez. G\u00f6r\u00fc\u015fmeler \u00fclkemizin gelece\u011fi i\u00e7in hay\u0131rl\u0131\u201d dedi. Cumhurba\u015fkan\u0131 Recep Tayyip Erdo\u011fan, Cumhuriyet\u2019in ilan\u0131n\u0131n 93\u2019\u00fcnc\u00fc y\u0131ld\u00f6n\u00fcm\u00fc dolay\u0131s\u0131yla Cumhuriyet Respsiyonu\u2019na ev sahipli\u011fi yap\u0131yor. Cumhurba\u015fkanl\u0131\u011f\u0131 K\u00fclliyesi\u2019nde ger\u00e7ekle\u015ftirilen resepsiyona, Cumhurba\u015fkan\u0131 Erdo\u011fan\u2019\u0131n yan\u0131 s\u0131ra Ba\u015fbakan Binali Y\u0131ld\u0131r\u0131m, MHP Genel [&hellip;]"}