{"version":"1.0","provider_name":"The Epoch Times TR","provider_url":"https:\/\/epochtimestr.com","author_name":"\u00c7.Akdeniz","author_url":"https:\/\/epochtimestr.com\/index.php\/author\/cigdem","title":"Romanya Cumhurba\u015fkan\u0131n\u0131n G\u00f6revi Ask\u0131ya Al\u0131nd\u0131 - The Epoch Times TR","type":"rich","width":600,"height":338,"html":"<blockquote class=\"wp-embedded-content\" data-secret=\"A9FlmYm478\"><a href=\"https:\/\/epochtimestr.com\/index.php\/romanya-cumhurbaskaninin-gorevi-askiya-alindi\">Romanya Cumhurba\u015fkan\u0131n\u0131n G\u00f6revi Ask\u0131ya Al\u0131nd\u0131<\/a><\/blockquote><iframe sandbox=\"allow-scripts\" security=\"restricted\" src=\"https:\/\/epochtimestr.com\/index.php\/romanya-cumhurbaskaninin-gorevi-askiya-alindi\/embed#?secret=A9FlmYm478\" width=\"600\" height=\"338\" title=\"&#8220;Romanya Cumhurba\u015fkan\u0131n\u0131n G\u00f6revi Ask\u0131ya Al\u0131nd\u0131&#8221; &#8212; The Epoch Times TR\" data-secret=\"A9FlmYm478\" frameborder=\"0\" marginwidth=\"0\" marginheight=\"0\" scrolling=\"no\" class=\"wp-embedded-content\"><\/iframe><script type=\"text\/javascript\">\n\/* <![CDATA[ *\/\n\/*! This file is auto-generated *\/\n!function(d,l){\"use strict\";l.querySelector&&d.addEventListener&&\"undefined\"!=typeof URL&&(d.wp=d.wp||{},d.wp.receiveEmbedMessage||(d.wp.receiveEmbedMessage=function(e){var t=e.data;if((t||t.secret||t.message||t.value)&&!\/[^a-zA-Z0-9]\/.test(t.secret)){for(var s,r,n,a=l.querySelectorAll('iframe[data-secret=\"'+t.secret+'\"]'),o=l.querySelectorAll('blockquote[data-secret=\"'+t.secret+'\"]'),c=new RegExp(\"^https?:$\",\"i\"),i=0;i<o.length;i++)o[i].style.display=\"none\";for(i=0;i<a.length;i++)s=a[i],e.source===s.contentWindow&&(s.removeAttribute(\"style\"),\"height\"===t.message?(1e3<(r=parseInt(t.value,10))?r=1e3:~~r<200&&(r=200),s.height=r):\"link\"===t.message&&(r=new URL(s.getAttribute(\"src\")),n=new URL(t.value),c.test(n.protocol))&&n.host===r.host&&l.activeElement===s&&(d.top.location.href=t.value))}},d.addEventListener(\"message\",d.wp.receiveEmbedMessage,!1),l.addEventListener(\"DOMContentLoaded\",function(){for(var e,t,s=l.querySelectorAll(\"iframe.wp-embedded-content\"),r=0;r<s.length;r++)(t=(e=s[r]).getAttribute(\"data-secret\"))||(t=Math.random().toString(36).substring(2,12),e.src+=\"#?secret=\"+t,e.setAttribute(\"data-secret\",t)),e.contentWindow.postMessage({message:\"ready\",secret:t},\"*\")},!1)))}(window,document);\n\/* ]]> *\/\n<\/script>\n","thumbnail_url":"https:\/\/epochtimestr.com\/wp-content\/uploads\/2011y\/Romanya-Cumhurba\u015fkan\u0131-Traian-Basescu.jpg","thumbnail_width":525,"thumbnail_height":350,"description":"Romanya&#8217;da Siyasi Kriz Romanya Anayasa Mahkemesinin ald\u0131\u011f\u0131 karar ile d\u00fcn Romanya Cumhurba\u015fkan\u0131 Traian Basescu\u2019nun durumu belli oldu. Son karar halk taraf\u0131ndan 29 Temmuzda yap\u0131lacak referandumda belli olacak. \u00a0Mecliste yap\u0131lan oylama sonucunda, \u201cCumhurba\u015fkan\u0131 yetkilerini k\u00f6t\u00fcye kulland\u0131\u011f\u0131\u201d gerek\u00e7esiyle \u00a0g\u00f6revi ask\u0131ya al\u0131nan \u00a0Traian Basescu\u2019nun yerine koalisyon orta\u011f\u0131 sosyal Liberal Birlik partisinin lideri geldi. Koalisyon h\u00fck\u00fcmetinde Cumhurba\u015fkan\u0131 Traian Basescu [&hellip;]"}