{"version":"1.0","provider_name":"The Epoch Times TR","provider_url":"https:\/\/epochtimestr.com","author_name":"G.Hakan Ko\u00e7man","author_url":"https:\/\/epochtimestr.com\/index.php\/author\/hakan","title":"Rusya 2 Ukrayna Sava\u015f Gemisinin Terk Edilmesini \u0130stedi  - The Epoch Times TR","type":"rich","width":600,"height":338,"html":"<blockquote class=\"wp-embedded-content\" data-secret=\"nkV6uMZRhv\"><a href=\"https:\/\/epochtimestr.com\/index.php\/rusya-2-ukrayna-savas-gemisinin-terk-edilmesini-istedi\">Rusya 2 Ukrayna Sava\u015f Gemisinin Terk Edilmesini \u0130stedi<\/a><\/blockquote><iframe sandbox=\"allow-scripts\" security=\"restricted\" src=\"https:\/\/epochtimestr.com\/index.php\/rusya-2-ukrayna-savas-gemisinin-terk-edilmesini-istedi\/embed#?secret=nkV6uMZRhv\" width=\"600\" height=\"338\" title=\"&#8220;Rusya 2 Ukrayna Sava\u015f Gemisinin Terk Edilmesini \u0130stedi&#8221; &#8212; The Epoch Times TR\" data-secret=\"nkV6uMZRhv\" frameborder=\"0\" marginwidth=\"0\" marginheight=\"0\" scrolling=\"no\" class=\"wp-embedded-content\"><\/iframe><script type=\"text\/javascript\">\n\/* <![CDATA[ *\/\n\/*! This file is auto-generated *\/\n!function(d,l){\"use strict\";l.querySelector&&d.addEventListener&&\"undefined\"!=typeof URL&&(d.wp=d.wp||{},d.wp.receiveEmbedMessage||(d.wp.receiveEmbedMessage=function(e){var t=e.data;if((t||t.secret||t.message||t.value)&&!\/[^a-zA-Z0-9]\/.test(t.secret)){for(var s,r,n,a=l.querySelectorAll('iframe[data-secret=\"'+t.secret+'\"]'),o=l.querySelectorAll('blockquote[data-secret=\"'+t.secret+'\"]'),c=new RegExp(\"^https?:$\",\"i\"),i=0;i<o.length;i++)o[i].style.display=\"none\";for(i=0;i<a.length;i++)s=a[i],e.source===s.contentWindow&&(s.removeAttribute(\"style\"),\"height\"===t.message?(1e3<(r=parseInt(t.value,10))?r=1e3:~~r<200&&(r=200),s.height=r):\"link\"===t.message&&(r=new URL(s.getAttribute(\"src\")),n=new URL(t.value),c.test(n.protocol))&&n.host===r.host&&l.activeElement===s&&(d.top.location.href=t.value))}},d.addEventListener(\"message\",d.wp.receiveEmbedMessage,!1),l.addEventListener(\"DOMContentLoaded\",function(){for(var e,t,s=l.querySelectorAll(\"iframe.wp-embedded-content\"),r=0;r<s.length;r++)(t=(e=s[r]).getAttribute(\"data-secret\"))||(t=Math.random().toString(36).substring(2,12),e.src+=\"#?secret=\"+t,e.setAttribute(\"data-secret\",t)),e.contentWindow.postMessage({message:\"ready\",secret:t},\"*\")},!1)))}(window,document);\n\/* ]]> *\/\n<\/script>\n","thumbnail_url":"https:\/\/epochtimestr.com\/wp-content\/uploads\/2011y\/Ukrayna-Rusya-kriz.jpg","thumbnail_width":448,"thumbnail_height":297,"description":"KIEV, Ukrayna \u2013 Rusya, Aral\u0131k ay\u0131na kadar iktidarda kalacak olan yeni birlik h\u00fck\u00fcmeti olu\u015fturulmas\u0131na dair yap\u0131lan 21 \u015eubat Anla\u015fmas\u0131\u2019na geri d\u00f6n\u00fclmesi i\u00e7in Ukraynal\u0131 politikac\u0131lara bast\u0131rd\u0131.\u00a0Ancak bu \u00f6neri diplomatlar\u0131 harekete ge\u00e7irmedi. Br\u00fcksel, Kiev ve Cenova\u2019da yap\u0131lan toplant\u0131larda baz\u0131 Avrupa ba\u015fkentleri taraf\u0131ndan Rusya\u2019n\u0131n askeri eylemlerinin yaratabilece\u011fi tehlikeler hakk\u0131nda uyar\u0131lar ele al\u0131nd\u0131. Bug\u00fcn itibariyle Rus birlikleri karada, K\u0131r\u0131m\u2019daki [&hellip;]"}