{"version":"1.0","provider_name":"The Epoch Times TR","provider_url":"https:\/\/epochtimestr.com","author_name":"Haber Merkezi","author_url":"https:\/\/epochtimestr.com\/index.php\/author\/sendag","title":"\"S-400 F\u00fczeleri NATO \u00dclkeleri \u0130\u00e7in Tehdit De\u011fildir.\" - The Epoch Times TR","type":"rich","width":600,"height":338,"html":"<blockquote class=\"wp-embedded-content\" data-secret=\"jU0wll2wwR\"><a href=\"https:\/\/epochtimestr.com\/index.php\/s-400-fuzeleri-nato-ulkeleri-icin-tehdit-degildir\">&#8220;S-400 F\u00fczeleri NATO \u00dclkeleri \u0130\u00e7in Tehdit De\u011fildir.&#8221;<\/a><\/blockquote><iframe sandbox=\"allow-scripts\" security=\"restricted\" src=\"https:\/\/epochtimestr.com\/index.php\/s-400-fuzeleri-nato-ulkeleri-icin-tehdit-degildir\/embed#?secret=jU0wll2wwR\" width=\"600\" height=\"338\" title=\"&#8220;&#8220;S-400 F\u00fczeleri NATO \u00dclkeleri \u0130\u00e7in Tehdit De\u011fildir.&#8221;&#8221; &#8212; The Epoch Times TR\" data-secret=\"jU0wll2wwR\" frameborder=\"0\" marginwidth=\"0\" marginheight=\"0\" scrolling=\"no\" class=\"wp-embedded-content\"><\/iframe><script type=\"text\/javascript\">\n\/* <![CDATA[ *\/\n\/*! This file is auto-generated *\/\n!function(d,l){\"use strict\";l.querySelector&&d.addEventListener&&\"undefined\"!=typeof URL&&(d.wp=d.wp||{},d.wp.receiveEmbedMessage||(d.wp.receiveEmbedMessage=function(e){var t=e.data;if((t||t.secret||t.message||t.value)&&!\/[^a-zA-Z0-9]\/.test(t.secret)){for(var s,r,n,a=l.querySelectorAll('iframe[data-secret=\"'+t.secret+'\"]'),o=l.querySelectorAll('blockquote[data-secret=\"'+t.secret+'\"]'),c=new RegExp(\"^https?:$\",\"i\"),i=0;i<o.length;i++)o[i].style.display=\"none\";for(i=0;i<a.length;i++)s=a[i],e.source===s.contentWindow&&(s.removeAttribute(\"style\"),\"height\"===t.message?(1e3<(r=parseInt(t.value,10))?r=1e3:~~r<200&&(r=200),s.height=r):\"link\"===t.message&&(r=new URL(s.getAttribute(\"src\")),n=new URL(t.value),c.test(n.protocol))&&n.host===r.host&&l.activeElement===s&&(d.top.location.href=t.value))}},d.addEventListener(\"message\",d.wp.receiveEmbedMessage,!1),l.addEventListener(\"DOMContentLoaded\",function(){for(var e,t,s=l.querySelectorAll(\"iframe.wp-embedded-content\"),r=0;r<s.length;r++)(t=(e=s[r]).getAttribute(\"data-secret\"))||(t=Math.random().toString(36).substring(2,12),e.src+=\"#?secret=\"+t,e.setAttribute(\"data-secret\",t)),e.contentWindow.postMessage({message:\"ready\",secret:t},\"*\")},!1)))}(window,document);\n\/* ]]> *\/\n<\/script>\n","thumbnail_url":"https:\/\/epochtimestr.com\/wp-content\/uploads\/2011y\/binali-32.jpg","thumbnail_width":664,"thumbnail_height":354,"description":"TBMM Ba\u015fkan\u0131 Binali Y\u0131ld\u0131r\u0131m, Azeri kanal \u0130ctimai TV&#8217;ye a\u00e7\u0131klamalarda bulunarak, T\u00fcrkiye-Azerbaycan ili\u015fkilerinin tek kelimeyle m\u00fckemmel oldu\u011funu vurgulad\u0131. \u201cBizim \u00fcz\u00fcnt\u00fclerimiz de bir, sevin\u00e7lerimiz de bir, gelece\u011fimiz de bir. \u00dclkelerimizin, halklar\u0131m\u0131z\u0131n refah\u0131 i\u00e7in, huzuru i\u00e7in her iki devletim h\u00fck\u00fcmetleri, meclisleri \u00e7ok yak\u0131n \u00e7al\u0131\u015fma i\u00e7indeler. \u00d6n\u00fcm\u00fczdeki y\u0131llarda bunu daha da ileri ta\u015f\u0131yaca\u011f\u0131z. \u00c7ok b\u00fcy\u00fck projeler ger\u00e7ekle\u015ftiriyoruz. Enerji projeleri, [&hellip;]"}