{"version":"1.0","provider_name":"The Epoch Times TR","provider_url":"https:\/\/epochtimestr.com","author_name":"S. \u00d6zcan","author_url":"https:\/\/epochtimestr.com\/index.php\/author\/n-kaya","title":"Saatlerinizi De\u011fi\u015ftirmeyi Unutmay\u0131n! - The Epoch Times TR","type":"rich","width":600,"height":338,"html":"<blockquote class=\"wp-embedded-content\" data-secret=\"TOal08y5BQ\"><a href=\"https:\/\/epochtimestr.com\/index.php\/saatlerinizi-degistirmeyi-unutmayin\">Saatlerinizi De\u011fi\u015ftirmeyi Unutmay\u0131n!<\/a><\/blockquote><iframe sandbox=\"allow-scripts\" security=\"restricted\" src=\"https:\/\/epochtimestr.com\/index.php\/saatlerinizi-degistirmeyi-unutmayin\/embed#?secret=TOal08y5BQ\" width=\"600\" height=\"338\" title=\"&#8220;Saatlerinizi De\u011fi\u015ftirmeyi Unutmay\u0131n!&#8221; &#8212; The Epoch Times TR\" data-secret=\"TOal08y5BQ\" frameborder=\"0\" marginwidth=\"0\" marginheight=\"0\" scrolling=\"no\" class=\"wp-embedded-content\"><\/iframe><script type=\"text\/javascript\">\n\/* <![CDATA[ *\/\n\/*! This file is auto-generated *\/\n!function(d,l){\"use strict\";l.querySelector&&d.addEventListener&&\"undefined\"!=typeof URL&&(d.wp=d.wp||{},d.wp.receiveEmbedMessage||(d.wp.receiveEmbedMessage=function(e){var t=e.data;if((t||t.secret||t.message||t.value)&&!\/[^a-zA-Z0-9]\/.test(t.secret)){for(var s,r,n,a=l.querySelectorAll('iframe[data-secret=\"'+t.secret+'\"]'),o=l.querySelectorAll('blockquote[data-secret=\"'+t.secret+'\"]'),c=new RegExp(\"^https?:$\",\"i\"),i=0;i<o.length;i++)o[i].style.display=\"none\";for(i=0;i<a.length;i++)s=a[i],e.source===s.contentWindow&&(s.removeAttribute(\"style\"),\"height\"===t.message?(1e3<(r=parseInt(t.value,10))?r=1e3:~~r<200&&(r=200),s.height=r):\"link\"===t.message&&(r=new URL(s.getAttribute(\"src\")),n=new URL(t.value),c.test(n.protocol))&&n.host===r.host&&l.activeElement===s&&(d.top.location.href=t.value))}},d.addEventListener(\"message\",d.wp.receiveEmbedMessage,!1),l.addEventListener(\"DOMContentLoaded\",function(){for(var e,t,s=l.querySelectorAll(\"iframe.wp-embedded-content\"),r=0;r<s.length;r++)(t=(e=s[r]).getAttribute(\"data-secret\"))||(t=Math.random().toString(36).substring(2,12),e.src+=\"#?secret=\"+t,e.setAttribute(\"data-secret\",t)),e.contentWindow.postMessage({message:\"ready\",secret:t},\"*\")},!1)))}(window,document);\n\/* ]]> *\/\n<\/script>\n","thumbnail_url":"https:\/\/epochtimestr.com\/wp-content\/uploads\/2011y\/saatler-ne-zaman-ileri-alinacak-632195-664x354.jpg","thumbnail_width":500,"thumbnail_height":266,"description":"G\u00fcn \u0131\u015f\u0131\u011f\u0131ndan daha fazla faydalanmak\u00a0amac\u0131yla saatler bu gece 03.00 itibariyle 1 saat ileri al\u0131nacak. Bakanlar Kurulu\u2019nun ard\u0131ndan Resmi Gazete\u2019den yap\u0131lan a\u00e7\u0131klamaya g\u00f6re g\u00fcn \u0131\u015f\u0131\u011f\u0131ndan daha fazla faydalanmak i\u00e7in yaz saati uygulamas\u0131 29 Mart Pazar g\u00fcn\u00fc 03.00\u2019da saatler bir saat ileri al\u0131narak 04.00 olarak ayarlanacak. MEMURLARIN MESA\u0130 SAATLER\u0130 DE\u011e\u0130\u015eECEK Yaz Saati uygulamas\u0131na ge\u00e7ilmesinin ard\u0131ndan devlet memurlar\u0131n\u0131n [&hellip;]"}