{"version":"1.0","provider_name":"The Epoch Times TR","provider_url":"https:\/\/epochtimestr.com","author_name":"S. \u00d6zcan","author_url":"https:\/\/epochtimestr.com\/index.php\/author\/n-kaya","title":"Sa\u011fanak Ya\u011fmur \u0130zmir'i K\u00f6t\u00fc Vurdu - The Epoch Times TR","type":"rich","width":600,"height":338,"html":"<blockquote class=\"wp-embedded-content\" data-secret=\"imqO5Ucf0p\"><a href=\"https:\/\/epochtimestr.com\/index.php\/saganak-yagmur-izmiri-kotu-vurdu\">Sa\u011fanak Ya\u011fmur \u0130zmir&#8217;i K\u00f6t\u00fc Vurdu<\/a><\/blockquote><iframe sandbox=\"allow-scripts\" security=\"restricted\" src=\"https:\/\/epochtimestr.com\/index.php\/saganak-yagmur-izmiri-kotu-vurdu\/embed#?secret=imqO5Ucf0p\" width=\"600\" height=\"338\" title=\"&#8220;Sa\u011fanak Ya\u011fmur \u0130zmir&#8217;i K\u00f6t\u00fc Vurdu&#8221; &#8212; The Epoch Times TR\" data-secret=\"imqO5Ucf0p\" frameborder=\"0\" marginwidth=\"0\" marginheight=\"0\" scrolling=\"no\" class=\"wp-embedded-content\"><\/iframe><script type=\"text\/javascript\">\n\/* <![CDATA[ *\/\n\/*! This file is auto-generated *\/\n!function(d,l){\"use strict\";l.querySelector&&d.addEventListener&&\"undefined\"!=typeof URL&&(d.wp=d.wp||{},d.wp.receiveEmbedMessage||(d.wp.receiveEmbedMessage=function(e){var t=e.data;if((t||t.secret||t.message||t.value)&&!\/[^a-zA-Z0-9]\/.test(t.secret)){for(var s,r,n,a=l.querySelectorAll('iframe[data-secret=\"'+t.secret+'\"]'),o=l.querySelectorAll('blockquote[data-secret=\"'+t.secret+'\"]'),c=new RegExp(\"^https?:$\",\"i\"),i=0;i<o.length;i++)o[i].style.display=\"none\";for(i=0;i<a.length;i++)s=a[i],e.source===s.contentWindow&&(s.removeAttribute(\"style\"),\"height\"===t.message?(1e3<(r=parseInt(t.value,10))?r=1e3:~~r<200&&(r=200),s.height=r):\"link\"===t.message&&(r=new URL(s.getAttribute(\"src\")),n=new URL(t.value),c.test(n.protocol))&&n.host===r.host&&l.activeElement===s&&(d.top.location.href=t.value))}},d.addEventListener(\"message\",d.wp.receiveEmbedMessage,!1),l.addEventListener(\"DOMContentLoaded\",function(){for(var e,t,s=l.querySelectorAll(\"iframe.wp-embedded-content\"),r=0;r<s.length;r++)(t=(e=s[r]).getAttribute(\"data-secret\"))||(t=Math.random().toString(36).substring(2,12),e.src+=\"#?secret=\"+t,e.setAttribute(\"data-secret\",t)),e.contentWindow.postMessage({message:\"ready\",secret:t},\"*\")},!1)))}(window,document);\n\/* ]]> *\/\n<\/script>\n","thumbnail_url":"https:\/\/epochtimestr.com\/wp-content\/uploads\/2011y\/1004662.jpg","thumbnail_width":600,"thumbnail_height":337,"description":"\u0130zmir\u2019de, d\u00fcn \u00f6\u011fleden sonra bast\u0131ran sa\u011fanak ya\u011f\u0131\u015f g\u00fcnl\u00fck hayat\u0131 fel\u00e7 etti. Ana caddeler dere yata\u011f\u0131na d\u00f6nerken, \u00e7ok say\u0131da ev ve i\u015f yerini su bast\u0131. G\u00fcnlerdir 30 derecenin \u00fczerindeki s\u0131cakl\u0131kla tam bir yaz havas\u0131 ya\u015fayan \u0130zmirliler, d\u00fcn \u00f6\u011fleden sonra ba\u015flayan sa\u011fanak ya\u011f\u0131\u015fla neye u\u011frad\u0131\u011f\u0131n\u0131 \u015fa\u015f\u0131rd\u0131. Aniden bast\u0131ran yaz ya\u011fmuru ana caddeleri dere yata\u011f\u0131na \u00e7evirirken, ara\u00e7lar da [&hellip;]"}