{"version":"1.0","provider_name":"The Epoch Times TR","provider_url":"https:\/\/epochtimestr.com","author_name":"Nesrin Se\u00e7er","author_url":"https:\/\/epochtimestr.com\/index.php\/author\/nesrin","title":"Saim Bugay'\u0131n 77. Ya\u015fg\u00fcn\u00fc An\u0131s\u0131na Karma Kukla Sergisi - The Epoch Times TR","type":"rich","width":600,"height":338,"html":"<blockquote class=\"wp-embedded-content\" data-secret=\"mLBpJ7iJoa\"><a href=\"https:\/\/epochtimestr.com\/index.php\/saim-bugayin-77-yasgunu-anisina-karma-kukla-sergisi\">Saim Bugay&#8217;\u0131n 77. Ya\u015fg\u00fcn\u00fc An\u0131s\u0131na Karma Kukla Sergisi<\/a><\/blockquote><iframe sandbox=\"allow-scripts\" security=\"restricted\" src=\"https:\/\/epochtimestr.com\/index.php\/saim-bugayin-77-yasgunu-anisina-karma-kukla-sergisi\/embed#?secret=mLBpJ7iJoa\" width=\"600\" height=\"338\" title=\"&#8220;Saim Bugay&#8217;\u0131n 77. Ya\u015fg\u00fcn\u00fc An\u0131s\u0131na Karma Kukla Sergisi&#8221; &#8212; The Epoch Times TR\" data-secret=\"mLBpJ7iJoa\" frameborder=\"0\" marginwidth=\"0\" marginheight=\"0\" scrolling=\"no\" class=\"wp-embedded-content\"><\/iframe><script type=\"text\/javascript\">\n\/* <![CDATA[ *\/\n\/*! This file is auto-generated *\/\n!function(d,l){\"use strict\";l.querySelector&&d.addEventListener&&\"undefined\"!=typeof URL&&(d.wp=d.wp||{},d.wp.receiveEmbedMessage||(d.wp.receiveEmbedMessage=function(e){var t=e.data;if((t||t.secret||t.message||t.value)&&!\/[^a-zA-Z0-9]\/.test(t.secret)){for(var s,r,n,a=l.querySelectorAll('iframe[data-secret=\"'+t.secret+'\"]'),o=l.querySelectorAll('blockquote[data-secret=\"'+t.secret+'\"]'),c=new RegExp(\"^https?:$\",\"i\"),i=0;i<o.length;i++)o[i].style.display=\"none\";for(i=0;i<a.length;i++)s=a[i],e.source===s.contentWindow&&(s.removeAttribute(\"style\"),\"height\"===t.message?(1e3<(r=parseInt(t.value,10))?r=1e3:~~r<200&&(r=200),s.height=r):\"link\"===t.message&&(r=new URL(s.getAttribute(\"src\")),n=new URL(t.value),c.test(n.protocol))&&n.host===r.host&&l.activeElement===s&&(d.top.location.href=t.value))}},d.addEventListener(\"message\",d.wp.receiveEmbedMessage,!1),l.addEventListener(\"DOMContentLoaded\",function(){for(var e,t,s=l.querySelectorAll(\"iframe.wp-embedded-content\"),r=0;r<s.length;r++)(t=(e=s[r]).getAttribute(\"data-secret\"))||(t=Math.random().toString(36).substring(2,12),e.src+=\"#?secret=\"+t,e.setAttribute(\"data-secret\",t)),e.contentWindow.postMessage({message:\"ready\",secret:t},\"*\")},!1)))}(window,document);\n\/* ]]> *\/\n<\/script>\n","description":"Mimar Sinan G\u00fczel Sanatlar \u00dcniversitesi Tophane-i Amire binas\u0131, heykelt\u0131ra\u015f Saim Bugay\u2019\u0131n 77. ya\u015f g\u00fcn\u00fc an\u0131s\u0131na \u201c\u00d6yle mi?\u201d ba\u015fl\u0131kl\u0131 karma kukla sergisine ev sahipli\u011fi yap\u0131yor. Saim Bugay\u2019\u0131n aram\u0131zdan ayr\u0131l\u0131\u015f\u0131n\u0131n 3. y\u0131l\u0131nda, O\u2019nu \u00f6l\u00fcm de\u011fil ya\u015f g\u00fcn\u00fcnde anmay\u0131 anlaml\u0131 bulan kat\u0131l\u0131mc\u0131lar, Saim Bugay\u2019\u0131n yan\u0131 s\u0131ra Sava\u015f Din\u00e7el, Ferhan \u015eensoy, \u00d6zdemir Asaf, Kuzgun Acar, Neyzen Tevfik, Genco Erkal, [&hellip;]","thumbnail_url":"http:\/\/www.epochtimestr.com\/wp-content\/uploads\/2011y\/saim-bugay.jpg"}