{"version":"1.0","provider_name":"The Epoch Times TR","provider_url":"https:\/\/epochtimestr.com","author_name":"Ayfer K\u00f6kl\u00fc","author_url":"https:\/\/epochtimestr.com\/index.php\/author\/ayfer","title":"\u015eanl\u0131urfa'da Canl\u0131 Bomba Eylemi - The Epoch Times TR","type":"rich","width":600,"height":338,"html":"<blockquote class=\"wp-embedded-content\" data-secret=\"JdeY8lz00m\"><a href=\"https:\/\/epochtimestr.com\/index.php\/sanliurfada-canli-bomba-eylemi\">\u015eanl\u0131urfa&#8217;da Canl\u0131 Bomba Eylemi<\/a><\/blockquote><iframe sandbox=\"allow-scripts\" security=\"restricted\" src=\"https:\/\/epochtimestr.com\/index.php\/sanliurfada-canli-bomba-eylemi\/embed#?secret=JdeY8lz00m\" width=\"600\" height=\"338\" title=\"&#8220;\u015eanl\u0131urfa&#8217;da Canl\u0131 Bomba Eylemi&#8221; &#8212; The Epoch Times TR\" data-secret=\"JdeY8lz00m\" frameborder=\"0\" marginwidth=\"0\" marginheight=\"0\" scrolling=\"no\" class=\"wp-embedded-content\"><\/iframe><script type=\"text\/javascript\">\n\/* <![CDATA[ *\/\n\/*! This file is auto-generated *\/\n!function(d,l){\"use strict\";l.querySelector&&d.addEventListener&&\"undefined\"!=typeof URL&&(d.wp=d.wp||{},d.wp.receiveEmbedMessage||(d.wp.receiveEmbedMessage=function(e){var t=e.data;if((t||t.secret||t.message||t.value)&&!\/[^a-zA-Z0-9]\/.test(t.secret)){for(var s,r,n,a=l.querySelectorAll('iframe[data-secret=\"'+t.secret+'\"]'),o=l.querySelectorAll('blockquote[data-secret=\"'+t.secret+'\"]'),c=new RegExp(\"^https?:$\",\"i\"),i=0;i<o.length;i++)o[i].style.display=\"none\";for(i=0;i<a.length;i++)s=a[i],e.source===s.contentWindow&&(s.removeAttribute(\"style\"),\"height\"===t.message?(1e3<(r=parseInt(t.value,10))?r=1e3:~~r<200&&(r=200),s.height=r):\"link\"===t.message&&(r=new URL(s.getAttribute(\"src\")),n=new URL(t.value),c.test(n.protocol))&&n.host===r.host&&l.activeElement===s&&(d.top.location.href=t.value))}},d.addEventListener(\"message\",d.wp.receiveEmbedMessage,!1),l.addEventListener(\"DOMContentLoaded\",function(){for(var e,t,s=l.querySelectorAll(\"iframe.wp-embedded-content\"),r=0;r<s.length;r++)(t=(e=s[r]).getAttribute(\"data-secret\"))||(t=Math.random().toString(36).substring(2,12),e.src+=\"#?secret=\"+t,e.setAttribute(\"data-secret\",t)),e.contentWindow.postMessage({message:\"ready\",secret:t},\"*\")},!1)))}(window,document);\n\/* ]]> *\/\n<\/script>\n","thumbnail_url":"https:\/\/epochtimestr.com\/wp-content\/uploads\/2011y\/canl\u0131-bomba1.jpg","thumbnail_width":225,"thumbnail_height":225,"description":"&nbsp; \u015eanl\u0131urfa\u2019n\u0131n Viran\u015fehir \u0130l\u00e7esi\u2019nde, canl\u0131 bomba ihbar\u0131 \u00fczerine yol kontrol\u00fc yapan g\u00fcvenlik g\u00fc\u00e7lerinin durdurmak istedi\u011fi bir otomobilden ate\u015f a\u00e7\u0131ld\u0131. PKK\u2019l\u0131 ter\u00f6ristler ile g\u00fcvenlik g\u00fc\u00e7leri aras\u0131nda \u00e7\u0131kan \u00e7at\u0131\u015fmada iki polis, bir uzman \u00e7avu\u015f ile bir vatanda\u015f yaraland\u0131. \u00c7at\u0131\u015fmada bir ter\u00f6rist yaral\u0131 olarak yakalan\u0131rken, bir ba\u015fka ter\u00f6rist ise yakalanaca\u011f\u0131n\u0131 anlay\u0131nca \u00fczerindeki bomba d\u00fczene\u011fini infilak ettirdi. . \u00dczerindeki [&hellip;]"}