{"version":"1.0","provider_name":"The Epoch Times TR","provider_url":"https:\/\/epochtimestr.com","author_name":"\u00c7.Akdeniz","author_url":"https:\/\/epochtimestr.com\/index.php\/author\/cigdem","title":"\u015eanl\u0131urfa\u2019da Falun Dafa\u2019ya B\u00fcy\u00fck \u0130lgi - The Epoch Times TR","type":"rich","width":600,"height":338,"html":"<blockquote class=\"wp-embedded-content\" data-secret=\"FPRKyxGpp3\"><a href=\"https:\/\/epochtimestr.com\/index.php\/sanliurfada-falun-dafa-ya-buyuk-ilgi\">\u015eanl\u0131urfa\u2019da Falun Dafa\u2019ya B\u00fcy\u00fck \u0130lgi<\/a><\/blockquote><iframe sandbox=\"allow-scripts\" security=\"restricted\" src=\"https:\/\/epochtimestr.com\/index.php\/sanliurfada-falun-dafa-ya-buyuk-ilgi\/embed#?secret=FPRKyxGpp3\" width=\"600\" height=\"338\" title=\"&#8220;\u015eanl\u0131urfa\u2019da Falun Dafa\u2019ya B\u00fcy\u00fck \u0130lgi&#8221; &#8212; The Epoch Times TR\" data-secret=\"FPRKyxGpp3\" frameborder=\"0\" marginwidth=\"0\" marginheight=\"0\" scrolling=\"no\" class=\"wp-embedded-content\"><\/iframe><script type=\"text\/javascript\">\n\/* <![CDATA[ *\/\n\/*! This file is auto-generated *\/\n!function(d,l){\"use strict\";l.querySelector&&d.addEventListener&&\"undefined\"!=typeof URL&&(d.wp=d.wp||{},d.wp.receiveEmbedMessage||(d.wp.receiveEmbedMessage=function(e){var t=e.data;if((t||t.secret||t.message||t.value)&&!\/[^a-zA-Z0-9]\/.test(t.secret)){for(var s,r,n,a=l.querySelectorAll('iframe[data-secret=\"'+t.secret+'\"]'),o=l.querySelectorAll('blockquote[data-secret=\"'+t.secret+'\"]'),c=new RegExp(\"^https?:$\",\"i\"),i=0;i<o.length;i++)o[i].style.display=\"none\";for(i=0;i<a.length;i++)s=a[i],e.source===s.contentWindow&&(s.removeAttribute(\"style\"),\"height\"===t.message?(1e3<(r=parseInt(t.value,10))?r=1e3:~~r<200&&(r=200),s.height=r):\"link\"===t.message&&(r=new URL(s.getAttribute(\"src\")),n=new URL(t.value),c.test(n.protocol))&&n.host===r.host&&l.activeElement===s&&(d.top.location.href=t.value))}},d.addEventListener(\"message\",d.wp.receiveEmbedMessage,!1),l.addEventListener(\"DOMContentLoaded\",function(){for(var e,t,s=l.querySelectorAll(\"iframe.wp-embedded-content\"),r=0;r<s.length;r++)(t=(e=s[r]).getAttribute(\"data-secret\"))||(t=Math.random().toString(36).substring(2,12),e.src+=\"#?secret=\"+t,e.setAttribute(\"data-secret\",t)),e.contentWindow.postMessage({message:\"ready\",secret:t},\"*\")},!1)))}(window,document);\n\/* ]]> *\/\n<\/script>\n","thumbnail_url":"https:\/\/epochtimestr.com\/wp-content\/uploads\/2011y\/26URFA37.jpg","thumbnail_width":527,"thumbnail_height":350,"description":"Uluslar aras\u0131 foto\u011fraf sergisi ge\u00e7en hafta Urfa\u2019dayd\u0131. Sergi,Urfa Belediyesinin katk\u0131lar\u0131 ile Belediye sergi salonunda ger\u00e7ekle\u015ftirildi. \u00a0\u201cDireni\u015f\u201d ad\u0131 alt\u0131nda Falun Dafa uygulamas\u0131n\u0131 ve \u00c7in\u2019de Falun Dafa uygulay\u0131c\u0131lar\u0131na yap\u0131lan i\u015fkenceyi konu alan sergi Urfa halk\u0131 taraf\u0131ndan \u00e7ok b\u00fcy\u00fck ilgi g\u00f6rd\u00fc. 24-27 tarihlerinde 4 g\u00fcn boyunca s\u00fcren sergiye insanlar ak\u0131n ak\u0131n geldi. Sergi, 1999 y\u0131l\u0131ndan bu yana \u00c7in&#8217;de [&hellip;]"}