{"version":"1.0","provider_name":"The Epoch Times TR","provider_url":"https:\/\/epochtimestr.com","author_name":"S. \u00d6zcan","author_url":"https:\/\/epochtimestr.com\/index.php\/author\/n-kaya","title":"Savc\u0131 Zekeriya \u00d6z\u2019e \u0130kinci Dava \u015eoku - The Epoch Times TR","type":"rich","width":600,"height":338,"html":"<blockquote class=\"wp-embedded-content\" data-secret=\"DXleh7Xff2\"><a href=\"https:\/\/epochtimestr.com\/index.php\/savci-zekeriya-oze-ikinci-dava-soku\">Savc\u0131 Zekeriya \u00d6z\u2019e \u0130kinci Dava \u015eoku<\/a><\/blockquote><iframe sandbox=\"allow-scripts\" security=\"restricted\" src=\"https:\/\/epochtimestr.com\/index.php\/savci-zekeriya-oze-ikinci-dava-soku\/embed#?secret=DXleh7Xff2\" width=\"600\" height=\"338\" title=\"&#8220;Savc\u0131 Zekeriya \u00d6z\u2019e \u0130kinci Dava \u015eoku&#8221; &#8212; The Epoch Times TR\" data-secret=\"DXleh7Xff2\" frameborder=\"0\" marginwidth=\"0\" marginheight=\"0\" scrolling=\"no\" class=\"wp-embedded-content\"><\/iframe><script type=\"text\/javascript\">\n\/* <![CDATA[ *\/\n\/*! This file is auto-generated *\/\n!function(d,l){\"use strict\";l.querySelector&&d.addEventListener&&\"undefined\"!=typeof URL&&(d.wp=d.wp||{},d.wp.receiveEmbedMessage||(d.wp.receiveEmbedMessage=function(e){var t=e.data;if((t||t.secret||t.message||t.value)&&!\/[^a-zA-Z0-9]\/.test(t.secret)){for(var s,r,n,a=l.querySelectorAll('iframe[data-secret=\"'+t.secret+'\"]'),o=l.querySelectorAll('blockquote[data-secret=\"'+t.secret+'\"]'),c=new RegExp(\"^https?:$\",\"i\"),i=0;i<o.length;i++)o[i].style.display=\"none\";for(i=0;i<a.length;i++)s=a[i],e.source===s.contentWindow&&(s.removeAttribute(\"style\"),\"height\"===t.message?(1e3<(r=parseInt(t.value,10))?r=1e3:~~r<200&&(r=200),s.height=r):\"link\"===t.message&&(r=new URL(s.getAttribute(\"src\")),n=new URL(t.value),c.test(n.protocol))&&n.host===r.host&&l.activeElement===s&&(d.top.location.href=t.value))}},d.addEventListener(\"message\",d.wp.receiveEmbedMessage,!1),l.addEventListener(\"DOMContentLoaded\",function(){for(var e,t,s=l.querySelectorAll(\"iframe.wp-embedded-content\"),r=0;r<s.length;r++)(t=(e=s[r]).getAttribute(\"data-secret\"))||(t=Math.random().toString(36).substring(2,12),e.src+=\"#?secret=\"+t,e.setAttribute(\"data-secret\",t)),e.contentWindow.postMessage({message:\"ready\",secret:t},\"*\")},!1)))}(window,document);\n\/* ]]> *\/\n<\/script>\n","thumbnail_url":"https:\/\/epochtimestr.com\/wp-content\/uploads\/2011y\/savci-zekeriya-oze-ikinci-dava-751412-664x354.jpg","thumbnail_width":500,"thumbnail_height":266,"description":"HSYK karar\u0131yla meslekten uzakla\u015ft\u0131r\u0131lan Savc\u0131 Zekeriya \u00d6z\u2019e, Twitter hesab\u0131 \u00fczerinden baz\u0131 tweetleri retweetleyerek d\u00f6nemin ba\u015fbakan\u0131 Recep Tayyip Erdo\u011fan\u2019a cumhurba\u015fkanl\u0131\u011f\u0131 se\u00e7imleri s\u0131ras\u0131nda hakaret etti\u011fi iddias\u0131yla D\u00fczce 1. A\u011f\u0131r Ceza Mahkemesi\u2019nde ikinci bir dava a\u00e7\u0131ld\u0131. Cumhurba\u015fkan\u0131 Erdo\u011fan\u2019\u0131n avukatlar\u0131n\u0131n \u015fikayeti \u00fczerine ba\u015flat\u0131lan soru\u015fturma tamamland\u0131. D\u00fczce Cumhuriyet Ba\u015fsavc\u0131s\u0131 Akif Celalettin \u015eim\u015fek taraf\u0131ndan haz\u0131rlanan iddianamede \u015f\u00f6yle denildi: \u201cM\u00fc\u015fteki vekillerinin vermi\u015f [&hellip;]"}