{"version":"1.0","provider_name":"The Epoch Times TR","provider_url":"https:\/\/epochtimestr.com","author_name":"Demet G.","author_url":"https:\/\/epochtimestr.com\/index.php\/author\/d-gokoglu","title":"\u015eehit D\u00fc\u015fen Binba\u015f\u0131 Bar\u0131\u015f El\u00e7ili\u011fi Yapm\u0131\u015f - The Epoch Times TR","type":"rich","width":600,"height":338,"html":"<blockquote class=\"wp-embedded-content\" data-secret=\"WoXkcPkOhF\"><a href=\"https:\/\/epochtimestr.com\/index.php\/sehit-dusen-binbasi-baris-elciligi-yapmis\">\u015eehit D\u00fc\u015fen Binba\u015f\u0131 Bar\u0131\u015f El\u00e7ili\u011fi Yapm\u0131\u015f<\/a><\/blockquote><iframe sandbox=\"allow-scripts\" security=\"restricted\" src=\"https:\/\/epochtimestr.com\/index.php\/sehit-dusen-binbasi-baris-elciligi-yapmis\/embed#?secret=WoXkcPkOhF\" width=\"600\" height=\"338\" title=\"&#8220;\u015eehit D\u00fc\u015fen Binba\u015f\u0131 Bar\u0131\u015f El\u00e7ili\u011fi Yapm\u0131\u015f&#8221; &#8212; The Epoch Times TR\" data-secret=\"WoXkcPkOhF\" frameborder=\"0\" marginwidth=\"0\" marginheight=\"0\" scrolling=\"no\" class=\"wp-embedded-content\"><\/iframe><script type=\"text\/javascript\">\n\/* <![CDATA[ *\/\n\/*! This file is auto-generated *\/\n!function(d,l){\"use strict\";l.querySelector&&d.addEventListener&&\"undefined\"!=typeof URL&&(d.wp=d.wp||{},d.wp.receiveEmbedMessage||(d.wp.receiveEmbedMessage=function(e){var t=e.data;if((t||t.secret||t.message||t.value)&&!\/[^a-zA-Z0-9]\/.test(t.secret)){for(var s,r,n,a=l.querySelectorAll('iframe[data-secret=\"'+t.secret+'\"]'),o=l.querySelectorAll('blockquote[data-secret=\"'+t.secret+'\"]'),c=new RegExp(\"^https?:$\",\"i\"),i=0;i<o.length;i++)o[i].style.display=\"none\";for(i=0;i<a.length;i++)s=a[i],e.source===s.contentWindow&&(s.removeAttribute(\"style\"),\"height\"===t.message?(1e3<(r=parseInt(t.value,10))?r=1e3:~~r<200&&(r=200),s.height=r):\"link\"===t.message&&(r=new URL(s.getAttribute(\"src\")),n=new URL(t.value),c.test(n.protocol))&&n.host===r.host&&l.activeElement===s&&(d.top.location.href=t.value))}},d.addEventListener(\"message\",d.wp.receiveEmbedMessage,!1),l.addEventListener(\"DOMContentLoaded\",function(){for(var e,t,s=l.querySelectorAll(\"iframe.wp-embedded-content\"),r=0;r<s.length;r++)(t=(e=s[r]).getAttribute(\"data-secret\"))||(t=Math.random().toString(36).substring(2,12),e.src+=\"#?secret=\"+t,e.setAttribute(\"data-secret\",t)),e.contentWindow.postMessage({message:\"ready\",secret:t},\"*\")},!1)))}(window,document);\n\/* ]]> *\/\n<\/script>\n","thumbnail_url":"https:\/\/epochtimestr.com\/wp-content\/uploads\/2011y\/1278547.jpg","thumbnail_width":253,"thumbnail_height":201,"description":"Tunceli\u2019de \u015eehit d\u00fc\u015fen Binba\u015f\u0131 Yavuz Sonat G\u00fczel\u2019in, Kars&#8217;\u0131n Ka\u011f\u0131zman il\u00e7esisinde g\u00f6rev yapt\u0131\u011f\u0131 2009-2011 y\u0131llar\u0131nda 70 y\u0131ll\u0131k kan daval\u0131 aileleri bar\u0131\u015ft\u0131rarak bar\u0131\u015f el\u00e7isi oldu\u011fu ortaya \u00e7\u0131kt\u0131. Tunceli\u2019ye ba\u011fl\u0131 Demirkap\u0131 K\u00f6y\u00fc mevkiinde, b\u00f6l\u00fcc\u00fc ter\u00f6r \u00f6rg\u00fct\u00fc mensuplar\u0131na kar\u015f\u0131 d\u00fczenlenen operasyonda, ter\u00f6ristlerce a\u00e7\u0131lan ate\u015f sonucu yaralanan, kald\u0131r\u0131ld\u0131\u011f\u0131 hastanede t\u00fcm m\u00fcdahalelere ra\u011fmen \u015fehit olan Jandarma Binba\u015f\u0131 Yavuz Sonat G\u00fczel\u2019in kara [&hellip;]"}