{"version":"1.0","provider_name":"The Epoch Times TR","provider_url":"https:\/\/epochtimestr.com","author_name":"D.Alk\u0131n","author_url":"https:\/\/epochtimestr.com\/index.php\/author\/derya","title":"Selahattin Demirta\u015f kendilerine y\u00f6nelik ele\u015ftirilere cevap verdi - The Epoch Times TR","type":"rich","width":600,"height":338,"html":"<blockquote class=\"wp-embedded-content\" data-secret=\"6K7MTliZI3\"><a href=\"https:\/\/epochtimestr.com\/index.php\/selahattin-demirtas-kendilerine-yonelik-elestirilere-cevap-verdi\">Selahattin Demirta\u015f kendilerine y\u00f6nelik ele\u015ftirilere cevap verdi<\/a><\/blockquote><iframe sandbox=\"allow-scripts\" security=\"restricted\" src=\"https:\/\/epochtimestr.com\/index.php\/selahattin-demirtas-kendilerine-yonelik-elestirilere-cevap-verdi\/embed#?secret=6K7MTliZI3\" width=\"600\" height=\"338\" title=\"&#8220;Selahattin Demirta\u015f kendilerine y\u00f6nelik ele\u015ftirilere cevap verdi&#8221; &#8212; The Epoch Times TR\" data-secret=\"6K7MTliZI3\" frameborder=\"0\" marginwidth=\"0\" marginheight=\"0\" scrolling=\"no\" class=\"wp-embedded-content\"><\/iframe><script type=\"text\/javascript\">\n\/* <![CDATA[ *\/\n\/*! This file is auto-generated *\/\n!function(d,l){\"use strict\";l.querySelector&&d.addEventListener&&\"undefined\"!=typeof URL&&(d.wp=d.wp||{},d.wp.receiveEmbedMessage||(d.wp.receiveEmbedMessage=function(e){var t=e.data;if((t||t.secret||t.message||t.value)&&!\/[^a-zA-Z0-9]\/.test(t.secret)){for(var s,r,n,a=l.querySelectorAll('iframe[data-secret=\"'+t.secret+'\"]'),o=l.querySelectorAll('blockquote[data-secret=\"'+t.secret+'\"]'),c=new RegExp(\"^https?:$\",\"i\"),i=0;i<o.length;i++)o[i].style.display=\"none\";for(i=0;i<a.length;i++)s=a[i],e.source===s.contentWindow&&(s.removeAttribute(\"style\"),\"height\"===t.message?(1e3<(r=parseInt(t.value,10))?r=1e3:~~r<200&&(r=200),s.height=r):\"link\"===t.message&&(r=new URL(s.getAttribute(\"src\")),n=new URL(t.value),c.test(n.protocol))&&n.host===r.host&&l.activeElement===s&&(d.top.location.href=t.value))}},d.addEventListener(\"message\",d.wp.receiveEmbedMessage,!1),l.addEventListener(\"DOMContentLoaded\",function(){for(var e,t,s=l.querySelectorAll(\"iframe.wp-embedded-content\"),r=0;r<s.length;r++)(t=(e=s[r]).getAttribute(\"data-secret\"))||(t=Math.random().toString(36).substring(2,12),e.src+=\"#?secret=\"+t,e.setAttribute(\"data-secret\",t)),e.contentWindow.postMessage({message:\"ready\",secret:t},\"*\")},!1)))}(window,document);\n\/* ]]> *\/\n<\/script>\n","description":"BDP Grup Ba\u015fkan\u0131 Selahattin Demirta\u015f Diyarbak\u0131r\u2019da gazetecilere Ba\u015fbakan Recep Tayip Erdo\u011fan\u2019\u0131n \u00f6nceki ak\u015fam verilen Ak Parti\u2019nin \u0130ftar Yeme\u011fi\u2019nde yapt\u0131\u011f\u0131 kendilerine y\u00f6nelik ele\u015ftirilere sert yan\u0131t verdi. Erdo\u011fan\u2019\u0131n \u00a0\u2018\u2019B\u0131\u00e7ak kemi\u011fe dayanm\u0131\u015ft\u0131r. Bu \u00fclkede b\u00f6l\u00fcc\u00fc ter\u00f6r \u00f6rg\u00fct\u00fcyle aras\u0131na mesafe koyamayanlar da bu su\u00e7a i\u015ftirak ediyorlar ve onlar bunun bedelini \u00f6demeye mahkum olacaklard\u0131r.\u2019\u2019 ifadelerine kar\u015f\u0131l\u0131k Demirta\u015f: \u2018\u2019Bu \u00fclkede, \u015fu [&hellip;]","thumbnail_url":"http:\/\/epochtimestr.com\/wp-content\/uploads\/2011y\/Selahattin-Demirta%C5%9F-263x400.jpg"}