{"version":"1.0","provider_name":"The Epoch Times TR","provider_url":"https:\/\/epochtimestr.com","author_name":"D.Alk\u0131n","author_url":"https:\/\/epochtimestr.com\/index.php\/author\/derya","title":"Selvi A\u011fac\u0131n\u0131n G\u00f6vdesinden \u00c7\u0131kan \u0130ncir - The Epoch Times TR","type":"rich","width":600,"height":338,"html":"<blockquote class=\"wp-embedded-content\" data-secret=\"zl0zMqLoq3\"><a href=\"https:\/\/epochtimestr.com\/index.php\/selvi-agacinin-govdesinden-cikan-incir\">Selvi A\u011fac\u0131n\u0131n G\u00f6vdesinden \u00c7\u0131kan \u0130ncir<\/a><\/blockquote><iframe sandbox=\"allow-scripts\" security=\"restricted\" src=\"https:\/\/epochtimestr.com\/index.php\/selvi-agacinin-govdesinden-cikan-incir\/embed#?secret=zl0zMqLoq3\" width=\"600\" height=\"338\" title=\"&#8220;Selvi A\u011fac\u0131n\u0131n G\u00f6vdesinden \u00c7\u0131kan \u0130ncir&#8221; &#8212; The Epoch Times TR\" data-secret=\"zl0zMqLoq3\" frameborder=\"0\" marginwidth=\"0\" marginheight=\"0\" scrolling=\"no\" class=\"wp-embedded-content\"><\/iframe><script type=\"text\/javascript\">\n\/* <![CDATA[ *\/\n\/*! This file is auto-generated *\/\n!function(d,l){\"use strict\";l.querySelector&&d.addEventListener&&\"undefined\"!=typeof URL&&(d.wp=d.wp||{},d.wp.receiveEmbedMessage||(d.wp.receiveEmbedMessage=function(e){var t=e.data;if((t||t.secret||t.message||t.value)&&!\/[^a-zA-Z0-9]\/.test(t.secret)){for(var s,r,n,a=l.querySelectorAll('iframe[data-secret=\"'+t.secret+'\"]'),o=l.querySelectorAll('blockquote[data-secret=\"'+t.secret+'\"]'),c=new RegExp(\"^https?:$\",\"i\"),i=0;i<o.length;i++)o[i].style.display=\"none\";for(i=0;i<a.length;i++)s=a[i],e.source===s.contentWindow&&(s.removeAttribute(\"style\"),\"height\"===t.message?(1e3<(r=parseInt(t.value,10))?r=1e3:~~r<200&&(r=200),s.height=r):\"link\"===t.message&&(r=new URL(s.getAttribute(\"src\")),n=new URL(t.value),c.test(n.protocol))&&n.host===r.host&&l.activeElement===s&&(d.top.location.href=t.value))}},d.addEventListener(\"message\",d.wp.receiveEmbedMessage,!1),l.addEventListener(\"DOMContentLoaded\",function(){for(var e,t,s=l.querySelectorAll(\"iframe.wp-embedded-content\"),r=0;r<s.length;r++)(t=(e=s[r]).getAttribute(\"data-secret\"))||(t=Math.random().toString(36).substring(2,12),e.src+=\"#?secret=\"+t,e.setAttribute(\"data-secret\",t)),e.contentWindow.postMessage({message:\"ready\",secret:t},\"*\")},!1)))}(window,document);\n\/* ]]> *\/\n<\/script>\n","thumbnail_url":"https:\/\/epochtimestr.com\/wp-content\/uploads\/2011y\/20121012AW000146_03.jpg","thumbnail_width":1953,"thumbnail_height":1277,"description":"Bursa\u2019n\u0131n Karacabey \u0130l\u00e7esi\u2019nde restore edilen cami avlusunda selvi a\u011fac\u0131n\u0131n i\u00e7inden \u00e7\u0131kan incir a\u011fac\u0131 g\u00f6renleri \u015fa\u015f\u0131rt\u0131yor. Bursa Karacabey\u2019de \u00e7\u0131kan yang\u0131n\u0131n ard\u0131ndan restore edilen Ulucami\u2019nin avlusunda tahminen 300 ya\u015f\u0131nda olan selvi a\u011fac\u0131n\u0131n g\u00f6vdesine kargalar\u0131n b\u0131rakt\u0131\u011f\u0131\u00a0 incir \u00e7ekirde\u011finin \u00e7imlenmesiyle geli\u015fen incir a\u011fac\u0131 ilgin\u00e7 bir g\u00f6r\u00fcnt\u00fc olu\u015fturuyor.Karacabey M\u00fcft\u00fcs\u00fc Hikmet Yaz\u0131c\u0131 \u2018\u2018K\u00f6kten destek alarak nadir g\u00f6r\u00fcnen bir a\u011fa\u00e7 t\u00fcr\u00fc ortaya [&hellip;]"}