{"version":"1.0","provider_name":"The Epoch Times TR","provider_url":"https:\/\/epochtimestr.com","author_name":"Nesrin Se\u00e7er","author_url":"https:\/\/epochtimestr.com\/index.php\/author\/nesrin","title":"\u015eemdinli'de Dengbejler Gecesi D\u00fczenlendi - The Epoch Times TR","type":"rich","width":600,"height":338,"html":"<blockquote class=\"wp-embedded-content\" data-secret=\"5G3wXsPmAI\"><a href=\"https:\/\/epochtimestr.com\/index.php\/semdinlide-dengbejler-gecesi-duzenlendi\">\u015eemdinli&#8217;de Dengbejler Gecesi D\u00fczenlendi<\/a><\/blockquote><iframe sandbox=\"allow-scripts\" security=\"restricted\" src=\"https:\/\/epochtimestr.com\/index.php\/semdinlide-dengbejler-gecesi-duzenlendi\/embed#?secret=5G3wXsPmAI\" width=\"600\" height=\"338\" title=\"&#8220;\u015eemdinli&#8217;de Dengbejler Gecesi D\u00fczenlendi&#8221; &#8212; The Epoch Times TR\" data-secret=\"5G3wXsPmAI\" frameborder=\"0\" marginwidth=\"0\" marginheight=\"0\" scrolling=\"no\" class=\"wp-embedded-content\"><\/iframe><script type=\"text\/javascript\">\n\/* <![CDATA[ *\/\n\/*! This file is auto-generated *\/\n!function(d,l){\"use strict\";l.querySelector&&d.addEventListener&&\"undefined\"!=typeof URL&&(d.wp=d.wp||{},d.wp.receiveEmbedMessage||(d.wp.receiveEmbedMessage=function(e){var t=e.data;if((t||t.secret||t.message||t.value)&&!\/[^a-zA-Z0-9]\/.test(t.secret)){for(var s,r,n,a=l.querySelectorAll('iframe[data-secret=\"'+t.secret+'\"]'),o=l.querySelectorAll('blockquote[data-secret=\"'+t.secret+'\"]'),c=new RegExp(\"^https?:$\",\"i\"),i=0;i<o.length;i++)o[i].style.display=\"none\";for(i=0;i<a.length;i++)s=a[i],e.source===s.contentWindow&&(s.removeAttribute(\"style\"),\"height\"===t.message?(1e3<(r=parseInt(t.value,10))?r=1e3:~~r<200&&(r=200),s.height=r):\"link\"===t.message&&(r=new URL(s.getAttribute(\"src\")),n=new URL(t.value),c.test(n.protocol))&&n.host===r.host&&l.activeElement===s&&(d.top.location.href=t.value))}},d.addEventListener(\"message\",d.wp.receiveEmbedMessage,!1),l.addEventListener(\"DOMContentLoaded\",function(){for(var e,t,s=l.querySelectorAll(\"iframe.wp-embedded-content\"),r=0;r<s.length;r++)(t=(e=s[r]).getAttribute(\"data-secret\"))||(t=Math.random().toString(36).substring(2,12),e.src+=\"#?secret=\"+t,e.setAttribute(\"data-secret\",t)),e.contentWindow.postMessage({message:\"ready\",secret:t},\"*\")},!1)))}(window,document);\n\/* ]]> *\/\n<\/script>\n","thumbnail_url":"https:\/\/epochtimestr.com\/wp-content\/uploads\/2011y\/20121125AW000260_04.jpg","thumbnail_width":492,"thumbnail_height":330,"description":"Hakkari\u2019nin \u015eemdinli il\u00e7esindeki Guldeg\u00fcn K\u00fclt\u00fcr Merkezi taraf\u0131ndan d\u00fczenlenen Dengbejler gecesi b\u00fcy\u00fck ilgi g\u00f6rd\u00fc.\u00a0 \u015eemdinli Belediyesi b\u00fcnyesinde bulunan Guldeg\u00fcn K\u00fclt\u00fcr Merkezi, il\u00e7ede son zamanlarda ya\u015fanan \u00e7at\u0131\u015fma ve olaylardan sonra d\u00fczenledi\u011fi gecede Dengbejleri bir araya getirdi. \u015eemdinli Belediye Ba\u015fkan\u0131 Sedat T\u00f6re\u2019nin de kat\u0131ld\u0131\u011f\u0131 ve halkoyunlar\u0131 g\u00f6sterisiyle ba\u015flayan gecede dengbejler, bar\u0131\u015f ve karde\u015flik mesajlar\u0131 verdi. Yakla\u015f\u0131k bir saat [&hellip;]"}