{"version":"1.0","provider_name":"The Epoch Times TR","provider_url":"https:\/\/epochtimestr.com","author_name":"Nesrin Se\u00e7er","author_url":"https:\/\/epochtimestr.com\/index.php\/author\/nesrin","title":"\u015eiddetli Lodos, Hava Trafi\u011fini Olumsuz Etkiliyor - The Epoch Times TR","type":"rich","width":600,"height":338,"html":"<blockquote class=\"wp-embedded-content\" data-secret=\"cdslJZ3Bsy\"><a href=\"https:\/\/epochtimestr.com\/index.php\/siddetli-lodos-hava-trafigini-olumsuz-etkiliyor\">\u015eiddetli Lodos, Hava Trafi\u011fini Olumsuz Etkiliyor<\/a><\/blockquote><iframe sandbox=\"allow-scripts\" security=\"restricted\" src=\"https:\/\/epochtimestr.com\/index.php\/siddetli-lodos-hava-trafigini-olumsuz-etkiliyor\/embed#?secret=cdslJZ3Bsy\" width=\"600\" height=\"338\" title=\"&#8220;\u015eiddetli Lodos, Hava Trafi\u011fini Olumsuz Etkiliyor&#8221; &#8212; The Epoch Times TR\" data-secret=\"cdslJZ3Bsy\" frameborder=\"0\" marginwidth=\"0\" marginheight=\"0\" scrolling=\"no\" class=\"wp-embedded-content\"><\/iframe><script type=\"text\/javascript\">\n\/* <![CDATA[ *\/\n\/*! This file is auto-generated *\/\n!function(d,l){\"use strict\";l.querySelector&&d.addEventListener&&\"undefined\"!=typeof URL&&(d.wp=d.wp||{},d.wp.receiveEmbedMessage||(d.wp.receiveEmbedMessage=function(e){var t=e.data;if((t||t.secret||t.message||t.value)&&!\/[^a-zA-Z0-9]\/.test(t.secret)){for(var s,r,n,a=l.querySelectorAll('iframe[data-secret=\"'+t.secret+'\"]'),o=l.querySelectorAll('blockquote[data-secret=\"'+t.secret+'\"]'),c=new RegExp(\"^https?:$\",\"i\"),i=0;i<o.length;i++)o[i].style.display=\"none\";for(i=0;i<a.length;i++)s=a[i],e.source===s.contentWindow&&(s.removeAttribute(\"style\"),\"height\"===t.message?(1e3<(r=parseInt(t.value,10))?r=1e3:~~r<200&&(r=200),s.height=r):\"link\"===t.message&&(r=new URL(s.getAttribute(\"src\")),n=new URL(t.value),c.test(n.protocol))&&n.host===r.host&&l.activeElement===s&&(d.top.location.href=t.value))}},d.addEventListener(\"message\",d.wp.receiveEmbedMessage,!1),l.addEventListener(\"DOMContentLoaded\",function(){for(var e,t,s=l.querySelectorAll(\"iframe.wp-embedded-content\"),r=0;r<s.length;r++)(t=(e=s[r]).getAttribute(\"data-secret\"))||(t=Math.random().toString(36).substring(2,12),e.src+=\"#?secret=\"+t,e.setAttribute(\"data-secret\",t)),e.contentWindow.postMessage({message:\"ready\",secret:t},\"*\")},!1)))}(window,document);\n\/* ]]> *\/\n<\/script>\n","thumbnail_url":"https:\/\/epochtimestr.com\/wp-content\/uploads\/2011y\/20121106AW000249_03.jpg","thumbnail_width":496,"thumbnail_height":310,"description":"Mevsim de\u011fi\u015fikli\u011fiyle birlikte \u015fiddetini art\u0131ran lodos\u00a0nedeniyle hava trafi\u011fi olumsuz etkilendi. \u00d6nceki gece saat 23.00\u2019ten itibaren etkisini art\u0131ran lodos y\u00fcz\u00fcnden u\u00e7aklar pist ba\u015f\u0131nda kuyruk olu\u015fturdu. Kalk\u0131\u015f s\u0131ras\u0131 bekleyen u\u00e7aklar\u0131n\u00a0bir\u00e7o\u011fu\u00a0k\u00f6r\u00fckte veya aprondaki park yerlerinde beklemek zorunda kald\u0131. Terminalde u\u00e7a\u011fa binmek i\u00e7in bekleyen yolculara y\u00f6nelik olarak da, \u201cAtat\u00fcrk Havaliman\u0131\u2019ndaki olumsuz hava \u015fartlar\u0131 ve \u015fiddetli r\u00fczgar y\u00fcz\u00fcnden yolcular\u0131m\u0131z u\u00e7ak [&hellip;]"}