{"version":"1.0","provider_name":"The Epoch Times TR","provider_url":"https:\/\/epochtimestr.com","author_name":"Haber Merkezi","author_url":"https:\/\/epochtimestr.com\/index.php\/author\/sendag","title":"S\u0131rr\u0131 S\u00fcreyya \u00d6nder Serbest B\u0131rak\u0131ld\u0131 - The Epoch Times TR","type":"rich","width":600,"height":338,"html":"<blockquote class=\"wp-embedded-content\" data-secret=\"9tr43sWIQX\"><a href=\"https:\/\/epochtimestr.com\/index.php\/sirri-sureyya-onder-serbest-birakildi\">S\u0131rr\u0131 S\u00fcreyya \u00d6nder Serbest B\u0131rak\u0131ld\u0131<\/a><\/blockquote><iframe sandbox=\"allow-scripts\" security=\"restricted\" src=\"https:\/\/epochtimestr.com\/index.php\/sirri-sureyya-onder-serbest-birakildi\/embed#?secret=9tr43sWIQX\" width=\"600\" height=\"338\" title=\"&#8220;S\u0131rr\u0131 S\u00fcreyya \u00d6nder Serbest B\u0131rak\u0131ld\u0131&#8221; &#8212; The Epoch Times TR\" data-secret=\"9tr43sWIQX\" frameborder=\"0\" marginwidth=\"0\" marginheight=\"0\" scrolling=\"no\" class=\"wp-embedded-content\"><\/iframe><script type=\"text\/javascript\">\n\/* <![CDATA[ *\/\n\/*! This file is auto-generated *\/\n!function(d,l){\"use strict\";l.querySelector&&d.addEventListener&&\"undefined\"!=typeof URL&&(d.wp=d.wp||{},d.wp.receiveEmbedMessage||(d.wp.receiveEmbedMessage=function(e){var t=e.data;if((t||t.secret||t.message||t.value)&&!\/[^a-zA-Z0-9]\/.test(t.secret)){for(var s,r,n,a=l.querySelectorAll('iframe[data-secret=\"'+t.secret+'\"]'),o=l.querySelectorAll('blockquote[data-secret=\"'+t.secret+'\"]'),c=new RegExp(\"^https?:$\",\"i\"),i=0;i<o.length;i++)o[i].style.display=\"none\";for(i=0;i<a.length;i++)s=a[i],e.source===s.contentWindow&&(s.removeAttribute(\"style\"),\"height\"===t.message?(1e3<(r=parseInt(t.value,10))?r=1e3:~~r<200&&(r=200),s.height=r):\"link\"===t.message&&(r=new URL(s.getAttribute(\"src\")),n=new URL(t.value),c.test(n.protocol))&&n.host===r.host&&l.activeElement===s&&(d.top.location.href=t.value))}},d.addEventListener(\"message\",d.wp.receiveEmbedMessage,!1),l.addEventListener(\"DOMContentLoaded\",function(){for(var e,t,s=l.querySelectorAll(\"iframe.wp-embedded-content\"),r=0;r<s.length;r++)(t=(e=s[r]).getAttribute(\"data-secret\"))||(t=Math.random().toString(36).substring(2,12),e.src+=\"#?secret=\"+t,e.setAttribute(\"data-secret\",t)),e.contentWindow.postMessage({message:\"ready\",secret:t},\"*\")},!1)))}(window,document);\n\/* ]]> *\/\n<\/script>\n","thumbnail_url":"https:\/\/epochtimestr.com\/wp-content\/uploads\/2011y\/\u00f6nder.jpg","thumbnail_width":664,"thumbnail_height":354,"description":"Ter\u00f6r soru\u015fturmas\u0131 \u00e7er\u00e7evesinde g\u00f6zalt\u0131na al\u0131nan HDP Ankara Milletvekili S\u0131rr\u0131 S\u00fcreyya \u00d6nder, tutuklanma talebiyle sevk edildi\u011fi mahkemede, adli kontrol \u015fart\u0131yla serbest b\u0131rak\u0131ld\u0131. HDP\u2019li milletvekillerine y\u00f6nelik ter\u00f6r soru\u015fturmas\u0131 \u00e7er\u00e7evesinde, gece saatlerinde parti genel merkezine d\u00fczenlenen operasyonla g\u00f6zalt\u0131na al\u0131nan Ankara Milletvekili S\u0131rr\u0131 S\u00fcreyya \u00d6nder, sabah saatlerinde \u00f6zel u\u00e7akla Esenbo\u011fa Havaliman\u0131\u2019ndan Diyarbak\u0131r\u2019a getirilmi\u015fti. Adliyeye sevk edilen \u00d6nder, savc\u0131l\u0131ktaki ifadesinin [&hellip;]"}