{"version":"1.0","provider_name":"The Epoch Times TR","provider_url":"https:\/\/epochtimestr.com","author_name":"S. \u00d6zcan","author_url":"https:\/\/epochtimestr.com\/index.php\/author\/n-kaya","title":"Sisi Bas\u0131n Toplant\u0131s\u0131nda Protesto Edildi - The Epoch Times TR","type":"rich","width":600,"height":338,"html":"<blockquote class=\"wp-embedded-content\" data-secret=\"vWXYOgXUMr\"><a href=\"https:\/\/epochtimestr.com\/index.php\/sisi-basin-toplantisinda-protesto-edildi\">Sisi Bas\u0131n Toplant\u0131s\u0131nda Protesto Edildi<\/a><\/blockquote><iframe sandbox=\"allow-scripts\" security=\"restricted\" src=\"https:\/\/epochtimestr.com\/index.php\/sisi-basin-toplantisinda-protesto-edildi\/embed#?secret=vWXYOgXUMr\" width=\"600\" height=\"338\" title=\"&#8220;Sisi Bas\u0131n Toplant\u0131s\u0131nda Protesto Edildi&#8221; &#8212; The Epoch Times TR\" data-secret=\"vWXYOgXUMr\" frameborder=\"0\" marginwidth=\"0\" marginheight=\"0\" scrolling=\"no\" class=\"wp-embedded-content\"><\/iframe><script type=\"text\/javascript\">\n\/* <![CDATA[ *\/\n\/*! This file is auto-generated *\/\n!function(d,l){\"use strict\";l.querySelector&&d.addEventListener&&\"undefined\"!=typeof URL&&(d.wp=d.wp||{},d.wp.receiveEmbedMessage||(d.wp.receiveEmbedMessage=function(e){var t=e.data;if((t||t.secret||t.message||t.value)&&!\/[^a-zA-Z0-9]\/.test(t.secret)){for(var s,r,n,a=l.querySelectorAll('iframe[data-secret=\"'+t.secret+'\"]'),o=l.querySelectorAll('blockquote[data-secret=\"'+t.secret+'\"]'),c=new RegExp(\"^https?:$\",\"i\"),i=0;i<o.length;i++)o[i].style.display=\"none\";for(i=0;i<a.length;i++)s=a[i],e.source===s.contentWindow&&(s.removeAttribute(\"style\"),\"height\"===t.message?(1e3<(r=parseInt(t.value,10))?r=1e3:~~r<200&&(r=200),s.height=r):\"link\"===t.message&&(r=new URL(s.getAttribute(\"src\")),n=new URL(t.value),c.test(n.protocol))&&n.host===r.host&&l.activeElement===s&&(d.top.location.href=t.value))}},d.addEventListener(\"message\",d.wp.receiveEmbedMessage,!1),l.addEventListener(\"DOMContentLoaded\",function(){for(var e,t,s=l.querySelectorAll(\"iframe.wp-embedded-content\"),r=0;r<s.length;r++)(t=(e=s[r]).getAttribute(\"data-secret\"))||(t=Math.random().toString(36).substring(2,12),e.src+=\"#?secret=\"+t,e.setAttribute(\"data-secret\",t)),e.contentWindow.postMessage({message:\"ready\",secret:t},\"*\")},!1)))}(window,document);\n\/* ]]> *\/\n<\/script>\n","thumbnail_url":"https:\/\/epochtimestr.com\/wp-content\/uploads\/2011y\/sisiye-basin-toplantisi-sirasinda-protesto-soku-509920-664x354.jpg","thumbnail_width":600,"thumbnail_height":319,"description":"M\u0131s\u0131r Cumhurba\u015fkan\u0131 Abd\u00fclfettah El-Sisi, Almanya Ba\u015fbakan\u0131 Angela Merkel ile d\u00fczenledi\u011fi ortak bas\u0131n toplant\u0131s\u0131nda Mursi yanl\u0131s\u0131 bir ki\u015fi taraf\u0131ndan \u201cKatil\u201d diye ba\u011f\u0131r\u0131larak protesto edildi. M\u0131s\u0131r Cumhurba\u015fkan\u0131 Sisi, resmi temaslar \u00e7er\u00e7evesinde Almanya\u2019ya iki g\u00fcnl\u00fck resmi bir ziyaret d\u00fczenledi. Sisi, ilk olarak ziyaret etti\u011fi Cumhurba\u015fkanl\u0131\u011f\u0131 Saray\u0131 Bellevue\u2019de, Alman mevkida\u015f\u0131 Joachim Gauck taraf\u0131ndan askeri t\u00f6renle kar\u015f\u0131land\u0131. Darbeci generalin geli\u015fi [&hellip;]"}