{"version":"1.0","provider_name":"The Epoch Times TR","provider_url":"https:\/\/epochtimestr.com","author_name":"\u00c7.Akdeniz","author_url":"https:\/\/epochtimestr.com\/index.php\/author\/cigdem","title":"Skandallara Devam m\u0131? Berlusconi Yine Aday - The Epoch Times TR","type":"rich","width":600,"height":338,"html":"<blockquote class=\"wp-embedded-content\" data-secret=\"sxYyc0I9mF\"><a href=\"https:\/\/epochtimestr.com\/index.php\/skandallara-devam-mi-berlusconi-yine-aday\">Skandallara Devam m\u0131? Berlusconi Yine Aday<\/a><\/blockquote><iframe sandbox=\"allow-scripts\" security=\"restricted\" src=\"https:\/\/epochtimestr.com\/index.php\/skandallara-devam-mi-berlusconi-yine-aday\/embed#?secret=sxYyc0I9mF\" width=\"600\" height=\"338\" title=\"&#8220;Skandallara Devam m\u0131? Berlusconi Yine Aday&#8221; &#8212; The Epoch Times TR\" data-secret=\"sxYyc0I9mF\" frameborder=\"0\" marginwidth=\"0\" marginheight=\"0\" scrolling=\"no\" class=\"wp-embedded-content\"><\/iframe><script type=\"text\/javascript\">\n\/* <![CDATA[ *\/\n\/*! This file is auto-generated *\/\n!function(d,l){\"use strict\";l.querySelector&&d.addEventListener&&\"undefined\"!=typeof URL&&(d.wp=d.wp||{},d.wp.receiveEmbedMessage||(d.wp.receiveEmbedMessage=function(e){var t=e.data;if((t||t.secret||t.message||t.value)&&!\/[^a-zA-Z0-9]\/.test(t.secret)){for(var s,r,n,a=l.querySelectorAll('iframe[data-secret=\"'+t.secret+'\"]'),o=l.querySelectorAll('blockquote[data-secret=\"'+t.secret+'\"]'),c=new RegExp(\"^https?:$\",\"i\"),i=0;i<o.length;i++)o[i].style.display=\"none\";for(i=0;i<a.length;i++)s=a[i],e.source===s.contentWindow&&(s.removeAttribute(\"style\"),\"height\"===t.message?(1e3<(r=parseInt(t.value,10))?r=1e3:~~r<200&&(r=200),s.height=r):\"link\"===t.message&&(r=new URL(s.getAttribute(\"src\")),n=new URL(t.value),c.test(n.protocol))&&n.host===r.host&&l.activeElement===s&&(d.top.location.href=t.value))}},d.addEventListener(\"message\",d.wp.receiveEmbedMessage,!1),l.addEventListener(\"DOMContentLoaded\",function(){for(var e,t,s=l.querySelectorAll(\"iframe.wp-embedded-content\"),r=0;r<s.length;r++)(t=(e=s[r]).getAttribute(\"data-secret\"))||(t=Math.random().toString(36).substring(2,12),e.src+=\"#?secret=\"+t,e.setAttribute(\"data-secret\",t)),e.contentWindow.postMessage({message:\"ready\",secret:t},\"*\")},!1)))}(window,document);\n\/* ]]> *\/\n<\/script>\n","thumbnail_url":"https:\/\/epochtimestr.com\/wp-content\/uploads\/2011y\/italya-eski-ba\u015fbakan\u0131-Silvio-Berlusconi.jpg","thumbnail_width":463,"thumbnail_height":350,"description":"\u0130talya&#8217;da Ba\u015fbakan Monti&#8217;nin \u0130stifas\u0131n\u0131 a\u00e7\u0131klamas\u0131 \u00dczerine Berlusconi Yine Aday Olaca\u011f\u0131n\u0131 A\u00e7\u0131klad\u0131 \u0130talya eski ba\u015fbakan\u0131 ve skandallar\u0131ndan dolay\u0131 i\u015fini b\u0131rakan olarak adland\u0131r\u0131lan Silvio Berlusconi, ge\u00e7en y\u0131l bu zamanlarda ortal\u0131ktan kaybolmu\u015ftu. Fakat Ba\u015fbakan Mario Monti\u2019nin istifa edece\u011fini a\u00e7\u0131klamas\u0131 Berlusconi&#8217;nin d\u00f6n\u00fc\u015f kap\u0131s\u0131n\u0131 aralad\u0131. Monti cumartesi g\u00fcn\u00fc b\u00fct\u00e7enin ge\u00e7mesinin ard\u0131ndan istifa edece\u011fini a\u00e7\u0131klad\u0131. Ba\u015fbakan\u0131n a\u00e7\u0131klamas\u0131 Berlusconi&#8217;nin partisinin, Monti\u2019nin partisinden [&hellip;]"}