{"version":"1.0","provider_name":"The Epoch Times TR","provider_url":"https:\/\/epochtimestr.com","author_name":"S. \u00d6zcan","author_url":"https:\/\/epochtimestr.com\/index.php\/author\/n-kaya","title":"Soma Davas\u0131nda Maden Sahibi Can G\u00fcrkan'\u0131n Tahliyesi \u0130stendi - The Epoch Times TR","type":"rich","width":600,"height":338,"html":"<blockquote class=\"wp-embedded-content\" data-secret=\"x1VpA0nnWa\"><a href=\"https:\/\/epochtimestr.com\/index.php\/soma-davasinda-maden-sahibi-gurkanin-tahliyesi-istendi\">Soma Davas\u0131nda Maden Sahibi Can G\u00fcrkan&#8217;\u0131n Tahliyesi \u0130stendi<\/a><\/blockquote><iframe sandbox=\"allow-scripts\" security=\"restricted\" src=\"https:\/\/epochtimestr.com\/index.php\/soma-davasinda-maden-sahibi-gurkanin-tahliyesi-istendi\/embed#?secret=x1VpA0nnWa\" width=\"600\" height=\"338\" title=\"&#8220;Soma Davas\u0131nda Maden Sahibi Can G\u00fcrkan&#8217;\u0131n Tahliyesi \u0130stendi&#8221; &#8212; The Epoch Times TR\" data-secret=\"x1VpA0nnWa\" frameborder=\"0\" marginwidth=\"0\" marginheight=\"0\" scrolling=\"no\" class=\"wp-embedded-content\"><\/iframe><script type=\"text\/javascript\">\n\/* <![CDATA[ *\/\n\/*! This file is auto-generated *\/\n!function(d,l){\"use strict\";l.querySelector&&d.addEventListener&&\"undefined\"!=typeof URL&&(d.wp=d.wp||{},d.wp.receiveEmbedMessage||(d.wp.receiveEmbedMessage=function(e){var t=e.data;if((t||t.secret||t.message||t.value)&&!\/[^a-zA-Z0-9]\/.test(t.secret)){for(var s,r,n,a=l.querySelectorAll('iframe[data-secret=\"'+t.secret+'\"]'),o=l.querySelectorAll('blockquote[data-secret=\"'+t.secret+'\"]'),c=new RegExp(\"^https?:$\",\"i\"),i=0;i<o.length;i++)o[i].style.display=\"none\";for(i=0;i<a.length;i++)s=a[i],e.source===s.contentWindow&&(s.removeAttribute(\"style\"),\"height\"===t.message?(1e3<(r=parseInt(t.value,10))?r=1e3:~~r<200&&(r=200),s.height=r):\"link\"===t.message&&(r=new URL(s.getAttribute(\"src\")),n=new URL(t.value),c.test(n.protocol))&&n.host===r.host&&l.activeElement===s&&(d.top.location.href=t.value))}},d.addEventListener(\"message\",d.wp.receiveEmbedMessage,!1),l.addEventListener(\"DOMContentLoaded\",function(){for(var e,t,s=l.querySelectorAll(\"iframe.wp-embedded-content\"),r=0;r<s.length;r++)(t=(e=s[r]).getAttribute(\"data-secret\"))||(t=Math.random().toString(36).substring(2,12),e.src+=\"#?secret=\"+t,e.setAttribute(\"data-secret\",t)),e.contentWindow.postMessage({message:\"ready\",secret:t},\"*\")},!1)))}(window,document);\n\/* ]]> *\/\n<\/script>\n","thumbnail_url":"https:\/\/epochtimestr.com\/wp-content\/uploads\/2011y\/soma-davasinda-gerginlik-1057113-664x354.jpg","thumbnail_width":600,"thumbnail_height":319,"description":"301 ki\u015finin ya\u015fam\u0131n\u0131 yitirdi\u011fi\u00a0Soma davas\u0131nda, Soma K\u00f6m\u00fcrleri A.\u015e. Y\u00f6netim Kurulu Ba\u015fkan\u0131 Can G\u00fcrkan&#8217;\u0131n tahliyesinin istenmesi gerginli\u011fe neden oldu. Soma\u2019da 301 i\u015f\u00e7inin hayat\u0131n\u0131 kaybetti\u011fi maden facias\u0131n\u0131n ceza davas\u0131na Akhisar A\u011f\u0131r Ceza Mahkemesinde devam edildi. D\u00fcn m\u00fc\u015fteki avukatlar\u0131n\u0131n talebi do\u011frultusunda birden fazla san\u0131\u011f\u0131n avukatl\u0131\u011f\u0131n\u0131 yapan avukatlar\u0131n davadan \u00e7ekilmesi \u00fczerine ikisi tutuklu 19 san\u0131k avukats\u0131z kald\u0131. Bug\u00fcn devam [&hellip;]"}