{"version":"1.0","provider_name":"The Epoch Times TR","provider_url":"https:\/\/epochtimestr.com","author_name":"Nesrin Se\u00e7er","author_url":"https:\/\/epochtimestr.com\/index.php\/author\/nesrin","title":"Son Meddah Erol G\u00fcnayd\u0131n Son Yolculu\u011funa U\u011furland\u0131 - The Epoch Times TR","type":"rich","width":600,"height":338,"html":"<blockquote class=\"wp-embedded-content\" data-secret=\"MOu3A2lkLH\"><a href=\"https:\/\/epochtimestr.com\/index.php\/son-meddah-erol-gunaydin-son-yolculuguna-ugurlandi\">Son Meddah Erol G\u00fcnayd\u0131n Son Yolculu\u011funa U\u011furland\u0131<\/a><\/blockquote><iframe sandbox=\"allow-scripts\" security=\"restricted\" src=\"https:\/\/epochtimestr.com\/index.php\/son-meddah-erol-gunaydin-son-yolculuguna-ugurlandi\/embed#?secret=MOu3A2lkLH\" width=\"600\" height=\"338\" title=\"&#8220;Son Meddah Erol G\u00fcnayd\u0131n Son Yolculu\u011funa U\u011furland\u0131&#8221; &#8212; The Epoch Times TR\" data-secret=\"MOu3A2lkLH\" frameborder=\"0\" marginwidth=\"0\" marginheight=\"0\" scrolling=\"no\" class=\"wp-embedded-content\"><\/iframe><script type=\"text\/javascript\">\n\/* <![CDATA[ *\/\n\/*! This file is auto-generated *\/\n!function(d,l){\"use strict\";l.querySelector&&d.addEventListener&&\"undefined\"!=typeof URL&&(d.wp=d.wp||{},d.wp.receiveEmbedMessage||(d.wp.receiveEmbedMessage=function(e){var t=e.data;if((t||t.secret||t.message||t.value)&&!\/[^a-zA-Z0-9]\/.test(t.secret)){for(var s,r,n,a=l.querySelectorAll('iframe[data-secret=\"'+t.secret+'\"]'),o=l.querySelectorAll('blockquote[data-secret=\"'+t.secret+'\"]'),c=new RegExp(\"^https?:$\",\"i\"),i=0;i<o.length;i++)o[i].style.display=\"none\";for(i=0;i<a.length;i++)s=a[i],e.source===s.contentWindow&&(s.removeAttribute(\"style\"),\"height\"===t.message?(1e3<(r=parseInt(t.value,10))?r=1e3:~~r<200&&(r=200),s.height=r):\"link\"===t.message&&(r=new URL(s.getAttribute(\"src\")),n=new URL(t.value),c.test(n.protocol))&&n.host===r.host&&l.activeElement===s&&(d.top.location.href=t.value))}},d.addEventListener(\"message\",d.wp.receiveEmbedMessage,!1),l.addEventListener(\"DOMContentLoaded\",function(){for(var e,t,s=l.querySelectorAll(\"iframe.wp-embedded-content\"),r=0;r<s.length;r++)(t=(e=s[r]).getAttribute(\"data-secret\"))||(t=Math.random().toString(36).substring(2,12),e.src+=\"#?secret=\"+t,e.setAttribute(\"data-secret\",t)),e.contentWindow.postMessage({message:\"ready\",secret:t},\"*\")},!1)))}(window,document);\n\/* ]]> *\/\n<\/script>\n","thumbnail_url":"https:\/\/epochtimestr.com\/wp-content\/uploads\/2011y\/erol.jpg","thumbnail_width":490,"thumbnail_height":254,"description":"\u00a0 \u0130stanbul\u2019da tedavi g\u00f6rd\u00fc\u011f\u00fc hastanede hayat\u0131n\u0131 kaybeden usta tiyatrocu,\u00a0meddah gelene\u011finin temsilcisi Erol G\u00fcnayd\u0131n, son yolculu\u011funa u\u011furland\u0131. G\u00fcnay i\u00e7in ilk t\u00f6ren sabah saatlerinde Beyo\u011flu&#8217;ndaki Ses Tiyatrosu&#8217;nda yap\u0131ld\u0131. Buradaki t\u00f6renin ard\u0131ndan sanat\u00e7\u0131n\u0131n cenazesi Te\u015fvikiye Camii\u2019ne getirildi. \u0130kindi namaz\u0131n\u0131 takiben d\u00fczenlenen t\u00f6rene K\u00fclt\u00fcr ve Turizm Bakan\u0131 Ertu\u011frul G\u00fcnay, \u0130stanbul Valisi H\u00fcseyin Avni Mutlu, \u015ei\u015fli Belediye Ba\u015fkan\u0131 Mustafa Sar\u0131g\u00fcl, [&hellip;]"}