{"version":"1.0","provider_name":"The Epoch Times TR","provider_url":"https:\/\/epochtimestr.com","author_name":"S. \u00d6zcan","author_url":"https:\/\/epochtimestr.com\/index.php\/author\/n-kaya","title":"Sosyal Medyada Payla\u015f\u0131mlara Dikkat - The Epoch Times TR","type":"rich","width":600,"height":338,"html":"<blockquote class=\"wp-embedded-content\" data-secret=\"j4aM91jsiJ\"><a href=\"https:\/\/epochtimestr.com\/index.php\/sosyal-medyada-paylasimlara-dikkat\">Sosyal Medyada Payla\u015f\u0131mlara Dikkat<\/a><\/blockquote><iframe sandbox=\"allow-scripts\" security=\"restricted\" src=\"https:\/\/epochtimestr.com\/index.php\/sosyal-medyada-paylasimlara-dikkat\/embed#?secret=j4aM91jsiJ\" width=\"600\" height=\"338\" title=\"&#8220;Sosyal Medyada Payla\u015f\u0131mlara Dikkat&#8221; &#8212; The Epoch Times TR\" data-secret=\"j4aM91jsiJ\" frameborder=\"0\" marginwidth=\"0\" marginheight=\"0\" scrolling=\"no\" class=\"wp-embedded-content\"><\/iframe><script type=\"text\/javascript\">\n\/* <![CDATA[ *\/\n\/*! This file is auto-generated *\/\n!function(d,l){\"use strict\";l.querySelector&&d.addEventListener&&\"undefined\"!=typeof URL&&(d.wp=d.wp||{},d.wp.receiveEmbedMessage||(d.wp.receiveEmbedMessage=function(e){var t=e.data;if((t||t.secret||t.message||t.value)&&!\/[^a-zA-Z0-9]\/.test(t.secret)){for(var s,r,n,a=l.querySelectorAll('iframe[data-secret=\"'+t.secret+'\"]'),o=l.querySelectorAll('blockquote[data-secret=\"'+t.secret+'\"]'),c=new RegExp(\"^https?:$\",\"i\"),i=0;i<o.length;i++)o[i].style.display=\"none\";for(i=0;i<a.length;i++)s=a[i],e.source===s.contentWindow&&(s.removeAttribute(\"style\"),\"height\"===t.message?(1e3<(r=parseInt(t.value,10))?r=1e3:~~r<200&&(r=200),s.height=r):\"link\"===t.message&&(r=new URL(s.getAttribute(\"src\")),n=new URL(t.value),c.test(n.protocol))&&n.host===r.host&&l.activeElement===s&&(d.top.location.href=t.value))}},d.addEventListener(\"message\",d.wp.receiveEmbedMessage,!1),l.addEventListener(\"DOMContentLoaded\",function(){for(var e,t,s=l.querySelectorAll(\"iframe.wp-embedded-content\"),r=0;r<s.length;r++)(t=(e=s[r]).getAttribute(\"data-secret\"))||(t=Math.random().toString(36).substring(2,12),e.src+=\"#?secret=\"+t,e.setAttribute(\"data-secret\",t)),e.contentWindow.postMessage({message:\"ready\",secret:t},\"*\")},!1)))}(window,document);\n\/* ]]> *\/\n<\/script>\n","thumbnail_url":"https:\/\/epochtimestr.com\/wp-content\/uploads\/2011y\/sosyal-medyada-paylasimlara-dikkat-507259-664x354.jpg","thumbnail_width":500,"thumbnail_height":266,"description":"Prof. Dr. Halil \u0130brahim G\u00fcrcan, d\u00fcnyada insanlar\u0131n, \u201cOnsuz ya\u015fayamam\u201d dedi\u011fi sosyal medyan\u0131n dezavantajlar\u0131 konusunda uyar\u0131larda bulundu. Anadolu \u00dcniversitesi \u0130leti\u015fim Bilimleri Fak\u00fcltesi Dekan\u0131 Prof. Dr. Halil \u0130brahim G\u00fcrcan, d\u00fcnyada insanlar\u0131n, \u201cOnsuz ya\u015fayamam\u201d dedi\u011fi sosyal medyan\u0131n dezavantajlar\u0131 konusunda uyar\u0131larda bulundu ve sosyal medyada payla\u015f\u0131lan her t\u00fcrl\u00fc foto\u011fraf\u0131n, yaz\u0131n\u0131n bir yerlerde sakland\u0131\u011f\u0131n\u0131 ifade ederek, \u201cHer \u015feyi sosyal medyada [&hellip;]"}