{"version":"1.0","provider_name":"The Epoch Times TR","provider_url":"https:\/\/epochtimestr.com","author_name":"G.Hakan Ko\u00e7man","author_url":"https:\/\/epochtimestr.com\/index.php\/author\/hakan","title":"Soyk\u0131r\u0131mdan Bug\u00fcne Romanlar\u0131n Ac\u0131lar\u0131 Dinmek Bilmiyor \u00a0 - The Epoch Times TR","type":"rich","width":600,"height":338,"html":"<blockquote class=\"wp-embedded-content\" data-secret=\"Ygw7a0nyJK\"><a href=\"https:\/\/epochtimestr.com\/index.php\/soykirimdan-bugune-romanlarin-acilari-hala-dinmiyor\">Soyk\u0131r\u0131mdan Bug\u00fcne Romanlar\u0131n Ac\u0131lar\u0131 Dinmek Bilmiyor  \u00a0<\/a><\/blockquote><iframe sandbox=\"allow-scripts\" security=\"restricted\" src=\"https:\/\/epochtimestr.com\/index.php\/soykirimdan-bugune-romanlarin-acilari-hala-dinmiyor\/embed#?secret=Ygw7a0nyJK\" width=\"600\" height=\"338\" title=\"&#8220;Soyk\u0131r\u0131mdan Bug\u00fcne Romanlar\u0131n Ac\u0131lar\u0131 Dinmek Bilmiyor  \u00a0&#8221; &#8212; The Epoch Times TR\" data-secret=\"Ygw7a0nyJK\" frameborder=\"0\" marginwidth=\"0\" marginheight=\"0\" scrolling=\"no\" class=\"wp-embedded-content\"><\/iframe><script type=\"text\/javascript\">\n\/* <![CDATA[ *\/\n\/*! This file is auto-generated *\/\n!function(d,l){\"use strict\";l.querySelector&&d.addEventListener&&\"undefined\"!=typeof URL&&(d.wp=d.wp||{},d.wp.receiveEmbedMessage||(d.wp.receiveEmbedMessage=function(e){var t=e.data;if((t||t.secret||t.message||t.value)&&!\/[^a-zA-Z0-9]\/.test(t.secret)){for(var s,r,n,a=l.querySelectorAll('iframe[data-secret=\"'+t.secret+'\"]'),o=l.querySelectorAll('blockquote[data-secret=\"'+t.secret+'\"]'),c=new RegExp(\"^https?:$\",\"i\"),i=0;i<o.length;i++)o[i].style.display=\"none\";for(i=0;i<a.length;i++)s=a[i],e.source===s.contentWindow&&(s.removeAttribute(\"style\"),\"height\"===t.message?(1e3<(r=parseInt(t.value,10))?r=1e3:~~r<200&&(r=200),s.height=r):\"link\"===t.message&&(r=new URL(s.getAttribute(\"src\")),n=new URL(t.value),c.test(n.protocol))&&n.host===r.host&&l.activeElement===s&&(d.top.location.href=t.value))}},d.addEventListener(\"message\",d.wp.receiveEmbedMessage,!1),l.addEventListener(\"DOMContentLoaded\",function(){for(var e,t,s=l.querySelectorAll(\"iframe.wp-embedded-content\"),r=0;r<s.length;r++)(t=(e=s[r]).getAttribute(\"data-secret\"))||(t=Math.random().toString(36).substring(2,12),e.src+=\"#?secret=\"+t,e.setAttribute(\"data-secret\",t)),e.contentWindow.postMessage({message:\"ready\",secret:t},\"*\")},!1)))}(window,document);\n\/* ]]> *\/\n<\/script>\n","thumbnail_url":"https:\/\/epochtimestr.com\/wp-content\/uploads\/2011y\/721651-1060656208.jpg","thumbnail_width":1368,"thumbnail_height":911,"description":"T\u00fcm d\u00fcnyada 2. D\u00fcnya Sava\u015f\u0131 s\u0131ras\u0131nda Nazi toplama kamplar\u0131nda katledilen Romanlar\u0131 anmak i\u00e7in ger\u00e7ekle\u015ftirilen 2 A\u011fustos Roman Soyk\u0131r\u0131m\u0131n\u0131 Anma G\u00fcn\u00fc &nbsp;Mersin\u2019de Akdeniz Roman Dernekleri Federasyonu (AKROFMED) taraf\u0131ndan ger\u00e7ekle\u015ftirildi. T\u00fcrkiye Cumhuriyeti \u0130\u00e7i\u015fleri Bakanl\u0131\u011f\u0131 Sivil Toplum ile \u0130li\u015fkiler Genel M\u00fcd\u00fcrl\u00fc\u011f\u00fc taraf\u0131ndan desteklenen \u201cRoman K\u00fclt\u00fcr\u00fcn\u00fc Tan\u0131tma\u201d projesi kapsam\u0131nda ger\u00e7ekle\u015ftirilen etkinli\u011fe kamu ve yerel y\u00f6netimlerin temsilcilerinin yan\u0131 s\u0131ra sivil [&hellip;]"}