{"version":"1.0","provider_name":"The Epoch Times TR","provider_url":"https:\/\/epochtimestr.com","author_name":"G.Hakan Ko\u00e7man","author_url":"https:\/\/epochtimestr.com\/index.php\/author\/hakan","title":"Suriye'den T\u00fcrkiye'ye Ak\u0131n Devam Ediyor  - The Epoch Times TR","type":"rich","width":600,"height":338,"html":"<blockquote class=\"wp-embedded-content\" data-secret=\"j1U5ZbSpwi\"><a href=\"https:\/\/epochtimestr.com\/index.php\/suriyeden-turkiyeye-akin-devam-ediyor\">Suriye&#8217;den T\u00fcrkiye&#8217;ye Ak\u0131n Devam Ediyor<\/a><\/blockquote><iframe sandbox=\"allow-scripts\" security=\"restricted\" src=\"https:\/\/epochtimestr.com\/index.php\/suriyeden-turkiyeye-akin-devam-ediyor\/embed#?secret=j1U5ZbSpwi\" width=\"600\" height=\"338\" title=\"&#8220;Suriye&#8217;den T\u00fcrkiye&#8217;ye Ak\u0131n Devam Ediyor&#8221; &#8212; The Epoch Times TR\" data-secret=\"j1U5ZbSpwi\" frameborder=\"0\" marginwidth=\"0\" marginheight=\"0\" scrolling=\"no\" class=\"wp-embedded-content\"><\/iframe><script type=\"text\/javascript\">\n\/* <![CDATA[ *\/\n\/*! This file is auto-generated *\/\n!function(d,l){\"use strict\";l.querySelector&&d.addEventListener&&\"undefined\"!=typeof URL&&(d.wp=d.wp||{},d.wp.receiveEmbedMessage||(d.wp.receiveEmbedMessage=function(e){var t=e.data;if((t||t.secret||t.message||t.value)&&!\/[^a-zA-Z0-9]\/.test(t.secret)){for(var s,r,n,a=l.querySelectorAll('iframe[data-secret=\"'+t.secret+'\"]'),o=l.querySelectorAll('blockquote[data-secret=\"'+t.secret+'\"]'),c=new RegExp(\"^https?:$\",\"i\"),i=0;i<o.length;i++)o[i].style.display=\"none\";for(i=0;i<a.length;i++)s=a[i],e.source===s.contentWindow&&(s.removeAttribute(\"style\"),\"height\"===t.message?(1e3<(r=parseInt(t.value,10))?r=1e3:~~r<200&&(r=200),s.height=r):\"link\"===t.message&&(r=new URL(s.getAttribute(\"src\")),n=new URL(t.value),c.test(n.protocol))&&n.host===r.host&&l.activeElement===s&&(d.top.location.href=t.value))}},d.addEventListener(\"message\",d.wp.receiveEmbedMessage,!1),l.addEventListener(\"DOMContentLoaded\",function(){for(var e,t,s=l.querySelectorAll(\"iframe.wp-embedded-content\"),r=0;r<s.length;r++)(t=(e=s[r]).getAttribute(\"data-secret\"))||(t=Math.random().toString(36).substring(2,12),e.src+=\"#?secret=\"+t,e.setAttribute(\"data-secret\",t)),e.contentWindow.postMessage({message:\"ready\",secret:t},\"*\")},!1)))}(window,document);\n\/* ]]> *\/\n<\/script>\n","description":"Suriye\u2019de meydana gelen \u015fiddet olaylar\u0131 y\u00fcz\u00fcnden halk T\u00fcrkiye\u2019ye ak\u0131n etmeye devam ediyor. AP haber ajans\u0131, s\u0131n\u0131r yetkililerin verdi\u011fi bilgi do\u011frultusunda bug\u00fcn i\u00e7inde 1000 ki\u015finin T\u00fcrkiye\u2019ye ge\u00e7ti\u011fini duyurdu ve b\u00f6ylece olaylar\u0131n ba\u015flad\u0131\u011f\u0131 tarihten bug\u00fcne T\u00fcrkiye\u2019ye s\u0131\u011f\u0131nanlar\u0131n say\u0131s\u0131 1600\u2019e ula\u015fm\u0131\u015f oldu. D\u00fcn itibariyle ya\u015fanan olaylar y\u00fcz\u00fcnden 448 ki\u015fi T\u00fcrkiye s\u0131n\u0131r\u0131n\u0131 ge\u00e7mi\u015f ve bu ki\u015filerden 122 tanesinin hafta [&hellip;]","thumbnail_url":"http:\/\/www.epochtimestr.com\/wp-content\/uploads\/2011y\/115733859.jpg"}