{"version":"1.0","provider_name":"The Epoch Times TR","provider_url":"https:\/\/epochtimestr.com","author_name":"D.Alk\u0131n","author_url":"https:\/\/epochtimestr.com\/index.php\/author\/derya","title":"Suriye'li Bakan T\u00fcrk Pilotlar\u0131n Ellerinde Olmad\u0131\u011f\u0131n\u0131 A\u00e7\u0131klad\u0131 - The Epoch Times TR","type":"rich","width":600,"height":338,"html":"<blockquote class=\"wp-embedded-content\" data-secret=\"Qeee7IYggF\"><a href=\"https:\/\/epochtimestr.com\/index.php\/suriyeli-bakan-turk-pilotlarin-ellerinde-olmadigini-acikladi\">Suriye&#8217;li Bakan T\u00fcrk Pilotlar\u0131n Ellerinde Olmad\u0131\u011f\u0131n\u0131 A\u00e7\u0131klad\u0131<\/a><\/blockquote><iframe sandbox=\"allow-scripts\" security=\"restricted\" src=\"https:\/\/epochtimestr.com\/index.php\/suriyeli-bakan-turk-pilotlarin-ellerinde-olmadigini-acikladi\/embed#?secret=Qeee7IYggF\" width=\"600\" height=\"338\" title=\"&#8220;Suriye&#8217;li Bakan T\u00fcrk Pilotlar\u0131n Ellerinde Olmad\u0131\u011f\u0131n\u0131 A\u00e7\u0131klad\u0131&#8221; &#8212; The Epoch Times TR\" data-secret=\"Qeee7IYggF\" frameborder=\"0\" marginwidth=\"0\" marginheight=\"0\" scrolling=\"no\" class=\"wp-embedded-content\"><\/iframe><script type=\"text\/javascript\">\n\/* <![CDATA[ *\/\n\/*! This file is auto-generated *\/\n!function(d,l){\"use strict\";l.querySelector&&d.addEventListener&&\"undefined\"!=typeof URL&&(d.wp=d.wp||{},d.wp.receiveEmbedMessage||(d.wp.receiveEmbedMessage=function(e){var t=e.data;if((t||t.secret||t.message||t.value)&&!\/[^a-zA-Z0-9]\/.test(t.secret)){for(var s,r,n,a=l.querySelectorAll('iframe[data-secret=\"'+t.secret+'\"]'),o=l.querySelectorAll('blockquote[data-secret=\"'+t.secret+'\"]'),c=new RegExp(\"^https?:$\",\"i\"),i=0;i<o.length;i++)o[i].style.display=\"none\";for(i=0;i<a.length;i++)s=a[i],e.source===s.contentWindow&&(s.removeAttribute(\"style\"),\"height\"===t.message?(1e3<(r=parseInt(t.value,10))?r=1e3:~~r<200&&(r=200),s.height=r):\"link\"===t.message&&(r=new URL(s.getAttribute(\"src\")),n=new URL(t.value),c.test(n.protocol))&&n.host===r.host&&l.activeElement===s&&(d.top.location.href=t.value))}},d.addEventListener(\"message\",d.wp.receiveEmbedMessage,!1),l.addEventListener(\"DOMContentLoaded\",function(){for(var e,t,s=l.querySelectorAll(\"iframe.wp-embedded-content\"),r=0;r<s.length;r++)(t=(e=s[r]).getAttribute(\"data-secret\"))||(t=Math.random().toString(36).substring(2,12),e.src+=\"#?secret=\"+t,e.setAttribute(\"data-secret\",t)),e.contentWindow.postMessage({message:\"ready\",secret:t},\"*\")},!1)))}(window,document);\n\/* ]]> *\/\n<\/script>\n","thumbnail_url":"https:\/\/epochtimestr.com\/wp-content\/uploads\/2011y\/H09.jpg","thumbnail_width":484,"thumbnail_height":263,"description":"\u00a0 Baz\u0131\u00a0 Ortado\u011fulu ve ABD\u2019li haber siteleri T\u00fcrk pilotlar Y\u00fczba\u015f\u0131 G\u00f6khan Ertan ve Te\u011fmen Hasan H\u00fcseyin Aksoy\u2019un Suriye\u2019nin elinde oldu\u011funu \u00f6ne s\u00fcren haberler yapmas\u0131 \u00fczerine Suriye Enformasyon Bakan\u0131 Omran El Zubi bir televizyon kanal\u0131na yapt\u0131\u011f\u0131 a\u00e7\u0131klamada Akdeniz\u2019de d\u00fc\u015f\u00fcrd\u00fckleri T\u00fcrk RF-4 u\u00e7a\u011f\u0131n\u0131n pilotlar\u0131n\u0131n ellerinde olmad\u0131\u011f\u0131n\u0131 a\u00e7\u0131klad\u0131. Suriyeli bakan pilotlar\u0131n ak\u0131betlerini bilmediklerini, ancak hayatta olmalar\u0131n\u0131 dilediklerini, T\u00fcrk [&hellip;]"}