{"version":"1.0","provider_name":"The Epoch Times TR","provider_url":"https:\/\/epochtimestr.com","author_name":"S. \u00d6zcan","author_url":"https:\/\/epochtimestr.com\/index.php\/author\/n-kaya","title":"Suriyelileri Geri Kabul \u0130\u015flemi Ba\u015flad\u0131 - The Epoch Times TR","type":"rich","width":600,"height":338,"html":"<blockquote class=\"wp-embedded-content\" data-secret=\"r02fcBd9YG\"><a href=\"https:\/\/epochtimestr.com\/index.php\/suriyelileri-geri-kabul-islemi-basladi\">Suriyelileri Geri Kabul \u0130\u015flemi Ba\u015flad\u0131<\/a><\/blockquote><iframe sandbox=\"allow-scripts\" security=\"restricted\" src=\"https:\/\/epochtimestr.com\/index.php\/suriyelileri-geri-kabul-islemi-basladi\/embed#?secret=r02fcBd9YG\" width=\"600\" height=\"338\" title=\"&#8220;Suriyelileri Geri Kabul \u0130\u015flemi Ba\u015flad\u0131&#8221; &#8212; The Epoch Times TR\" data-secret=\"r02fcBd9YG\" frameborder=\"0\" marginwidth=\"0\" marginheight=\"0\" scrolling=\"no\" class=\"wp-embedded-content\"><\/iframe><script type=\"text\/javascript\">\n\/* <![CDATA[ *\/\n\/*! This file is auto-generated *\/\n!function(d,l){\"use strict\";l.querySelector&&d.addEventListener&&\"undefined\"!=typeof URL&&(d.wp=d.wp||{},d.wp.receiveEmbedMessage||(d.wp.receiveEmbedMessage=function(e){var t=e.data;if((t||t.secret||t.message||t.value)&&!\/[^a-zA-Z0-9]\/.test(t.secret)){for(var s,r,n,a=l.querySelectorAll('iframe[data-secret=\"'+t.secret+'\"]'),o=l.querySelectorAll('blockquote[data-secret=\"'+t.secret+'\"]'),c=new RegExp(\"^https?:$\",\"i\"),i=0;i<o.length;i++)o[i].style.display=\"none\";for(i=0;i<a.length;i++)s=a[i],e.source===s.contentWindow&&(s.removeAttribute(\"style\"),\"height\"===t.message?(1e3<(r=parseInt(t.value,10))?r=1e3:~~r<200&&(r=200),s.height=r):\"link\"===t.message&&(r=new URL(s.getAttribute(\"src\")),n=new URL(t.value),c.test(n.protocol))&&n.host===r.host&&l.activeElement===s&&(d.top.location.href=t.value))}},d.addEventListener(\"message\",d.wp.receiveEmbedMessage,!1),l.addEventListener(\"DOMContentLoaded\",function(){for(var e,t,s=l.querySelectorAll(\"iframe.wp-embedded-content\"),r=0;r<s.length;r++)(t=(e=s[r]).getAttribute(\"data-secret\"))||(t=Math.random().toString(36).substring(2,12),e.src+=\"#?secret=\"+t,e.setAttribute(\"data-secret\",t)),e.contentWindow.postMessage({message:\"ready\",secret:t},\"*\")},!1)))}(window,document);\n\/* ]]> *\/\n<\/script>\n","thumbnail_url":"https:\/\/epochtimestr.com\/wp-content\/uploads\/2011y\/1601533.jpg","thumbnail_width":600,"thumbnail_height":319,"description":"T\u00fcrkiye, 20 Mart\u2019tan sonra kendi topraklar\u0131ndan Yunanistan\u2019a giden Suriyeli ve 3. \u00fclke vatanda\u015flar\u0131n\u0131 d\u00fcn itibariyle geri almaya ba\u015flad\u0131. Suriyeliler, Osmaniye D\u00fczi\u00e7i\u2019nde bulunan kampa yerle\u015ftirildikten sonra, illere ve ge\u00e7ici bar\u0131nma merkezlerine yerle\u015ftirilecekler.\u00a03. \u00fclke vatanda\u015flar\u0131 ise K\u0131rklareli ba\u015fta olmak \u00fczere s\u0131n\u0131rd\u0131\u015f\u0131 i\u015flemleri yap\u0131lmas\u0131 i\u00e7in geri kabul merkezlerine g\u00f6nderilecek. Bundan sonraki geri al\u0131mlar i\u00e7in \u0130zmir-Dikili, \u00c7e\u015fme-Ulusoy, Ayd\u0131n-Ku\u015fadas\u0131 ve [&hellip;]"}