{"version":"1.0","provider_name":"The Epoch Times TR","provider_url":"https:\/\/epochtimestr.com","author_name":"Emel AKAN","author_url":"https:\/\/epochtimestr.com\/index.php\/author\/emel","title":"Taksim'de \u0130skele \u00c7\u00f6kt\u00fc: 6 Yaral\u0131 - The Epoch Times TR","type":"rich","width":600,"height":338,"html":"<blockquote class=\"wp-embedded-content\" data-secret=\"HnhwULziH2\"><a href=\"https:\/\/epochtimestr.com\/index.php\/taksimde-iskele-coktu-yaralilar-var\">Taksim&#8217;de \u0130skele \u00c7\u00f6kt\u00fc: 6 Yaral\u0131<\/a><\/blockquote><iframe sandbox=\"allow-scripts\" security=\"restricted\" src=\"https:\/\/epochtimestr.com\/index.php\/taksimde-iskele-coktu-yaralilar-var\/embed#?secret=HnhwULziH2\" width=\"600\" height=\"338\" title=\"&#8220;Taksim&#8217;de \u0130skele \u00c7\u00f6kt\u00fc: 6 Yaral\u0131&#8221; &#8212; The Epoch Times TR\" data-secret=\"HnhwULziH2\" frameborder=\"0\" marginwidth=\"0\" marginheight=\"0\" scrolling=\"no\" class=\"wp-embedded-content\"><\/iframe><script type=\"text\/javascript\">\n\/* <![CDATA[ *\/\n\/*! This file is auto-generated *\/\n!function(d,l){\"use strict\";l.querySelector&&d.addEventListener&&\"undefined\"!=typeof URL&&(d.wp=d.wp||{},d.wp.receiveEmbedMessage||(d.wp.receiveEmbedMessage=function(e){var t=e.data;if((t||t.secret||t.message||t.value)&&!\/[^a-zA-Z0-9]\/.test(t.secret)){for(var s,r,n,a=l.querySelectorAll('iframe[data-secret=\"'+t.secret+'\"]'),o=l.querySelectorAll('blockquote[data-secret=\"'+t.secret+'\"]'),c=new RegExp(\"^https?:$\",\"i\"),i=0;i<o.length;i++)o[i].style.display=\"none\";for(i=0;i<a.length;i++)s=a[i],e.source===s.contentWindow&&(s.removeAttribute(\"style\"),\"height\"===t.message?(1e3<(r=parseInt(t.value,10))?r=1e3:~~r<200&&(r=200),s.height=r):\"link\"===t.message&&(r=new URL(s.getAttribute(\"src\")),n=new URL(t.value),c.test(n.protocol))&&n.host===r.host&&l.activeElement===s&&(d.top.location.href=t.value))}},d.addEventListener(\"message\",d.wp.receiveEmbedMessage,!1),l.addEventListener(\"DOMContentLoaded\",function(){for(var e,t,s=l.querySelectorAll(\"iframe.wp-embedded-content\"),r=0;r<s.length;r++)(t=(e=s[r]).getAttribute(\"data-secret\"))||(t=Math.random().toString(36).substring(2,12),e.src+=\"#?secret=\"+t,e.setAttribute(\"data-secret\",t)),e.contentWindow.postMessage({message:\"ready\",secret:t},\"*\")},!1)))}(window,document);\n\/* ]]> *\/\n<\/script>\n","thumbnail_url":"https:\/\/epochtimestr.com\/wp-content\/uploads\/2011y\/585893.jpg","thumbnail_width":500,"thumbnail_height":333,"description":"Taksim\u2019de f\u0131rt\u0131na nedeniyle 10 katl\u0131 bir in\u015faat\u0131n iskelesi \u00e7\u00f6kt\u00fc. Olayda 6 ki\u015fi hafif yaralan\u0131rken, 10 ara\u00e7 iskelenin alt\u0131nda kald\u0131. \u0130stanbul\u2019da etkili olan f\u0131rt\u0131na hayat\u0131 fel\u00e7 etti.\u00a0Ya\u015fanan olay\u0131n ard\u0131ndan Cumhuriyet Caddesi \u00e7ift y\u00f6nl\u00fc olarak trafi\u011fe kapat\u0131ld\u0131. \u00c7\u00f6ken iskelenin kald\u0131r\u0131lmas\u0131 i\u00e7in \u00e7al\u0131\u015fmalar s\u00fcr\u00fcyor. Ara\u00e7lar\u0131n camlar\u0131n\u0131 silmek i\u00e7in olay yerinde olan ve \u00e7\u00f6ken iskelenin alt\u0131nda kalan Suriye uyruklu [&hellip;]"}