{"version":"1.0","provider_name":"The Epoch Times TR","provider_url":"https:\/\/epochtimestr.com","author_name":"\u00c7.Akdeniz","author_url":"https:\/\/epochtimestr.com\/index.php\/author\/cigdem","title":"Taliban Ka\u00e7\u0131rd\u0131\u011f\u0131 Polisleri Kur\u015funa Dizdi - The Epoch Times TR","type":"rich","width":600,"height":338,"html":"<blockquote class=\"wp-embedded-content\" data-secret=\"M30jAA8oYb\"><a href=\"https:\/\/epochtimestr.com\/index.php\/taliban-kacirdigi-polisleri-kursuna-dizdi\">Taliban Ka\u00e7\u0131rd\u0131\u011f\u0131 Polisleri Kur\u015funa Dizdi<\/a><\/blockquote><iframe sandbox=\"allow-scripts\" security=\"restricted\" src=\"https:\/\/epochtimestr.com\/index.php\/taliban-kacirdigi-polisleri-kursuna-dizdi\/embed#?secret=M30jAA8oYb\" width=\"600\" height=\"338\" title=\"&#8220;Taliban Ka\u00e7\u0131rd\u0131\u011f\u0131 Polisleri Kur\u015funa Dizdi&#8221; &#8212; The Epoch Times TR\" data-secret=\"M30jAA8oYb\" frameborder=\"0\" marginwidth=\"0\" marginheight=\"0\" scrolling=\"no\" class=\"wp-embedded-content\"><\/iframe><script type=\"text\/javascript\">\n\/* <![CDATA[ *\/\n\/*! This file is auto-generated *\/\n!function(d,l){\"use strict\";l.querySelector&&d.addEventListener&&\"undefined\"!=typeof URL&&(d.wp=d.wp||{},d.wp.receiveEmbedMessage||(d.wp.receiveEmbedMessage=function(e){var t=e.data;if((t||t.secret||t.message||t.value)&&!\/[^a-zA-Z0-9]\/.test(t.secret)){for(var s,r,n,a=l.querySelectorAll('iframe[data-secret=\"'+t.secret+'\"]'),o=l.querySelectorAll('blockquote[data-secret=\"'+t.secret+'\"]'),c=new RegExp(\"^https?:$\",\"i\"),i=0;i<o.length;i++)o[i].style.display=\"none\";for(i=0;i<a.length;i++)s=a[i],e.source===s.contentWindow&&(s.removeAttribute(\"style\"),\"height\"===t.message?(1e3<(r=parseInt(t.value,10))?r=1e3:~~r<200&&(r=200),s.height=r):\"link\"===t.message&&(r=new URL(s.getAttribute(\"src\")),n=new URL(t.value),c.test(n.protocol))&&n.host===r.host&&l.activeElement===s&&(d.top.location.href=t.value))}},d.addEventListener(\"message\",d.wp.receiveEmbedMessage,!1),l.addEventListener(\"DOMContentLoaded\",function(){for(var e,t,s=l.querySelectorAll(\"iframe.wp-embedded-content\"),r=0;r<s.length;r++)(t=(e=s[r]).getAttribute(\"data-secret\"))||(t=Math.random().toString(36).substring(2,12),e.src+=\"#?secret=\"+t,e.setAttribute(\"data-secret\",t)),e.contentWindow.postMessage({message:\"ready\",secret:t},\"*\")},!1)))}(window,document);\n\/* ]]> *\/\n<\/script>\n","description":"&nbsp; Taliban, haziran ay\u0131nda ka\u00e7\u0131rd\u0131\u011f\u0131 16 polisin kur\u015funa dizilme g\u00f6r\u00fcnt\u00fclerini bas\u0131na verdi. Yapt\u0131klar\u0131 a\u00e7\u0131klamada polislerin infaz g\u00f6r\u00fcnt\u00fclerinin de yay\u0131nland\u0131\u011f\u0131 kaydedildi. G\u00f6r\u00fcnt\u00fclerde, polis memurlar\u0131 elleri arkadan ba\u011fl\u0131 olarak bir tepeye dizilmi\u015f \u015fekilde duruyorlar. Taliban militanlar\u0131 ilk \u00f6nce polis memurlar\u0131na ba\u011f\u0131r\u0131yor daha sonrada ate\u015f a\u00e7arak onlar\u0131 kur\u015funa diziyor. Pakistan askerleri, g\u00f6r\u00fcnt\u00fclerin ger\u00e7ek oldu\u011funu a\u00e7\u0131klad\u0131. Taliban militanlar\u0131 polis [&hellip;]","thumbnail_url":"http:\/\/epochtimestr.com\/wp-content\/uploads\/2011y\/Pakistan-askerleri-Talibana-kar%C5%9F%C4%B1.jpg"}