{"version":"1.0","provider_name":"The Epoch Times TR","provider_url":"https:\/\/epochtimestr.com","author_name":"S. \u00d6zcan","author_url":"https:\/\/epochtimestr.com\/index.php\/author\/n-kaya","title":"Taraftardan '\u00c7ar\u015f\u0131' \u0130\u00e7in Destek - The Epoch Times TR","type":"rich","width":600,"height":338,"html":"<blockquote class=\"wp-embedded-content\" data-secret=\"ffEMRVhqet\"><a href=\"https:\/\/epochtimestr.com\/index.php\/taraftardan-carsi-icin-destek\">Taraftardan &#8216;\u00c7ar\u015f\u0131&#8217; \u0130\u00e7in Destek<\/a><\/blockquote><iframe sandbox=\"allow-scripts\" security=\"restricted\" src=\"https:\/\/epochtimestr.com\/index.php\/taraftardan-carsi-icin-destek\/embed#?secret=ffEMRVhqet\" width=\"600\" height=\"338\" title=\"&#8220;Taraftardan &#8216;\u00c7ar\u015f\u0131&#8217; \u0130\u00e7in Destek&#8221; &#8212; The Epoch Times TR\" data-secret=\"ffEMRVhqet\" frameborder=\"0\" marginwidth=\"0\" marginheight=\"0\" scrolling=\"no\" class=\"wp-embedded-content\"><\/iframe><script type=\"text\/javascript\">\n\/* <![CDATA[ *\/\n\/*! This file is auto-generated *\/\n!function(d,l){\"use strict\";l.querySelector&&d.addEventListener&&\"undefined\"!=typeof URL&&(d.wp=d.wp||{},d.wp.receiveEmbedMessage||(d.wp.receiveEmbedMessage=function(e){var t=e.data;if((t||t.secret||t.message||t.value)&&!\/[^a-zA-Z0-9]\/.test(t.secret)){for(var s,r,n,a=l.querySelectorAll('iframe[data-secret=\"'+t.secret+'\"]'),o=l.querySelectorAll('blockquote[data-secret=\"'+t.secret+'\"]'),c=new RegExp(\"^https?:$\",\"i\"),i=0;i<o.length;i++)o[i].style.display=\"none\";for(i=0;i<a.length;i++)s=a[i],e.source===s.contentWindow&&(s.removeAttribute(\"style\"),\"height\"===t.message?(1e3<(r=parseInt(t.value,10))?r=1e3:~~r<200&&(r=200),s.height=r):\"link\"===t.message&&(r=new URL(s.getAttribute(\"src\")),n=new URL(t.value),c.test(n.protocol))&&n.host===r.host&&l.activeElement===s&&(d.top.location.href=t.value))}},d.addEventListener(\"message\",d.wp.receiveEmbedMessage,!1),l.addEventListener(\"DOMContentLoaded\",function(){for(var e,t,s=l.querySelectorAll(\"iframe.wp-embedded-content\"),r=0;r<s.length;r++)(t=(e=s[r]).getAttribute(\"data-secret\"))||(t=Math.random().toString(36).substring(2,12),e.src+=\"#?secret=\"+t,e.setAttribute(\"data-secret\",t)),e.contentWindow.postMessage({message:\"ready\",secret:t},\"*\")},!1)))}(window,document);\n\/* ]]> *\/\n<\/script>\n","thumbnail_url":"https:\/\/epochtimestr.com\/wp-content\/uploads\/2011y\/carsi-icin-adliyeye-taraftar-akini-723973-664x354.jpg","thumbnail_width":500,"thumbnail_height":266,"description":"\u00c7ar\u015f\u0131 \u00fcyelerinin de aralar\u0131nda bulundu\u011fu Gezi Park\u0131 olaylar\u0131na ili\u015fkin a\u00e7\u0131lan dava ba\u015flad\u0131. Duru\u015fma \u00f6ncesi \u0130stanbul Adliyesi\u2019ne ak\u0131n eden i\u00e7lerinde Galatasarayl\u0131 ve Fenerbah\u00e7eli taraftarlar\u0131n da oldu\u011fu y\u00fczlerce taraftar, adliye \u00f6n\u00fcnde san\u0131klar i\u00e7in destek sloganlar\u0131 att\u0131. Be\u015fikta\u015f\u2019\u0131n taraftar grubu \u00c7ar\u015f\u0131\u2019n\u0131n kurucular\u0131ndan \u2018Sar\u0131 Cem\u2019 lakapl\u0131 Cem Yak\u0131\u015fkan ile grubun \u00f6nde gelen isimlerinden Deve Erol lakapl\u0131 Erol \u00d6zdil, Halil [&hellip;]"}