{"version":"1.0","provider_name":"The Epoch Times TR","provider_url":"https:\/\/epochtimestr.com","author_name":"Nesrin Se\u00e7er","author_url":"https:\/\/epochtimestr.com\/index.php\/author\/nesrin","title":"Ku\u015fadas\u0131'n\u0131n Simgesi Tarihi G\u00fcvercinada Bak\u0131ma Al\u0131nd\u0131 - The Epoch Times TR","type":"rich","width":600,"height":338,"html":"<blockquote class=\"wp-embedded-content\" data-secret=\"j61ymsFSHV\"><a href=\"https:\/\/epochtimestr.com\/index.php\/tarihi-guvercinada-bakima-alindi\">Ku\u015fadas\u0131&#8217;n\u0131n Simgesi Tarihi G\u00fcvercinada Bak\u0131ma Al\u0131nd\u0131<\/a><\/blockquote><iframe sandbox=\"allow-scripts\" security=\"restricted\" src=\"https:\/\/epochtimestr.com\/index.php\/tarihi-guvercinada-bakima-alindi\/embed#?secret=j61ymsFSHV\" width=\"600\" height=\"338\" title=\"&#8220;Ku\u015fadas\u0131&#8217;n\u0131n Simgesi Tarihi G\u00fcvercinada Bak\u0131ma Al\u0131nd\u0131&#8221; &#8212; The Epoch Times TR\" data-secret=\"j61ymsFSHV\" frameborder=\"0\" marginwidth=\"0\" marginheight=\"0\" scrolling=\"no\" class=\"wp-embedded-content\"><\/iframe><script type=\"text\/javascript\">\n\/* <![CDATA[ *\/\n\/*! This file is auto-generated *\/\n!function(d,l){\"use strict\";l.querySelector&&d.addEventListener&&\"undefined\"!=typeof URL&&(d.wp=d.wp||{},d.wp.receiveEmbedMessage||(d.wp.receiveEmbedMessage=function(e){var t=e.data;if((t||t.secret||t.message||t.value)&&!\/[^a-zA-Z0-9]\/.test(t.secret)){for(var s,r,n,a=l.querySelectorAll('iframe[data-secret=\"'+t.secret+'\"]'),o=l.querySelectorAll('blockquote[data-secret=\"'+t.secret+'\"]'),c=new RegExp(\"^https?:$\",\"i\"),i=0;i<o.length;i++)o[i].style.display=\"none\";for(i=0;i<a.length;i++)s=a[i],e.source===s.contentWindow&&(s.removeAttribute(\"style\"),\"height\"===t.message?(1e3<(r=parseInt(t.value,10))?r=1e3:~~r<200&&(r=200),s.height=r):\"link\"===t.message&&(r=new URL(s.getAttribute(\"src\")),n=new URL(t.value),c.test(n.protocol))&&n.host===r.host&&l.activeElement===s&&(d.top.location.href=t.value))}},d.addEventListener(\"message\",d.wp.receiveEmbedMessage,!1),l.addEventListener(\"DOMContentLoaded\",function(){for(var e,t,s=l.querySelectorAll(\"iframe.wp-embedded-content\"),r=0;r<s.length;r++)(t=(e=s[r]).getAttribute(\"data-secret\"))||(t=Math.random().toString(36).substring(2,12),e.src+=\"#?secret=\"+t,e.setAttribute(\"data-secret\",t)),e.contentWindow.postMessage({message:\"ready\",secret:t},\"*\")},!1)))}(window,document);\n\/* ]]> *\/\n<\/script>\n","thumbnail_url":"https:\/\/epochtimestr.com\/wp-content\/uploads\/2011y\/g\u00fcvercinada-2.jpg","thumbnail_width":497,"thumbnail_height":330,"description":"Ku\u015fadas\u0131\u2019n\u0131n simgesi tarihi G\u00fcvercinada&#8217;da restorasyon \u00e7al\u0131\u015fmas\u0131 ba\u015flad\u0131. Ayd\u0131n K\u00fclt\u00fcr ve Tabiat Varl\u0131klar\u0131\u2019n\u0131 Koruma Kurulu taraf\u0131ndan onaylanan proje do\u011frultusunda G\u00fcvercinada surlar\u0131 ile i\u00e7 kale b\u00f6l\u00fcm\u00fc ve tarihi kalenin t\u00fcm\u00fc restore edilecek. I\u015f\u0131kland\u0131rma da yap\u0131lacak tarihi kalenin i\u00e7 kale b\u00f6l\u00fcm\u00fc ise uygulama sonunda m\u00fcze haline d\u00f6n\u00fc\u015ft\u00fcr\u00fclecek.\u00a0 Ayd\u0131n K\u00fclt\u00fcr Varl\u0131klar\u0131n\u0131 Koruma Kurulu taraf\u0131ndan \u00e7evre d\u00fczeni plan\u0131 da onaylanan [&hellip;]"}