{"version":"1.0","provider_name":"The Epoch Times TR","provider_url":"https:\/\/epochtimestr.com","author_name":"Ipek K\u00f6kl\u00fc","author_url":"https:\/\/epochtimestr.com\/index.php\/author\/ipek","title":"Tarihi Kapal\u0131\u00e7ar\u015f\u0131 Yenileniyor  - The Epoch Times TR","type":"rich","width":600,"height":338,"html":"<blockquote class=\"wp-embedded-content\" data-secret=\"qWg7hUhiUx\"><a href=\"https:\/\/epochtimestr.com\/index.php\/tarihi-kapalicarsi-yenileniyor\">Tarihi Kapal\u0131\u00e7ar\u015f\u0131 Yenileniyor<\/a><\/blockquote><iframe sandbox=\"allow-scripts\" security=\"restricted\" src=\"https:\/\/epochtimestr.com\/index.php\/tarihi-kapalicarsi-yenileniyor\/embed#?secret=qWg7hUhiUx\" width=\"600\" height=\"338\" title=\"&#8220;Tarihi Kapal\u0131\u00e7ar\u015f\u0131 Yenileniyor&#8221; &#8212; The Epoch Times TR\" data-secret=\"qWg7hUhiUx\" frameborder=\"0\" marginwidth=\"0\" marginheight=\"0\" scrolling=\"no\" class=\"wp-embedded-content\"><\/iframe><script type=\"text\/javascript\">\n\/* <![CDATA[ *\/\n\/*! This file is auto-generated *\/\n!function(d,l){\"use strict\";l.querySelector&&d.addEventListener&&\"undefined\"!=typeof URL&&(d.wp=d.wp||{},d.wp.receiveEmbedMessage||(d.wp.receiveEmbedMessage=function(e){var t=e.data;if((t||t.secret||t.message||t.value)&&!\/[^a-zA-Z0-9]\/.test(t.secret)){for(var s,r,n,a=l.querySelectorAll('iframe[data-secret=\"'+t.secret+'\"]'),o=l.querySelectorAll('blockquote[data-secret=\"'+t.secret+'\"]'),c=new RegExp(\"^https?:$\",\"i\"),i=0;i<o.length;i++)o[i].style.display=\"none\";for(i=0;i<a.length;i++)s=a[i],e.source===s.contentWindow&&(s.removeAttribute(\"style\"),\"height\"===t.message?(1e3<(r=parseInt(t.value,10))?r=1e3:~~r<200&&(r=200),s.height=r):\"link\"===t.message&&(r=new URL(s.getAttribute(\"src\")),n=new URL(t.value),c.test(n.protocol))&&n.host===r.host&&l.activeElement===s&&(d.top.location.href=t.value))}},d.addEventListener(\"message\",d.wp.receiveEmbedMessage,!1),l.addEventListener(\"DOMContentLoaded\",function(){for(var e,t,s=l.querySelectorAll(\"iframe.wp-embedded-content\"),r=0;r<s.length;r++)(t=(e=s[r]).getAttribute(\"data-secret\"))||(t=Math.random().toString(36).substring(2,12),e.src+=\"#?secret=\"+t,e.setAttribute(\"data-secret\",t)),e.contentWindow.postMessage({message:\"ready\",secret:t},\"*\")},!1)))}(window,document);\n\/* ]]> *\/\n<\/script>\n","description":"550 y\u0131ll\u0131k tarihi Kapal\u0131\u00e7ar\u015f\u0131, toplam 14 milyon 833 bin TL proje bedeli ile 2011 sonuna kadar restore ve renove edilecek. Proje bedelinin yar\u0131s\u0131n\u0131 \u0130stanbul \u0130l \u00d6zel \u0130daresi di\u011fer yar\u0131s\u0131n\u0131 da Fatih Belediyesi, kar\u015f\u0131layacak. Son olarak 1980 y\u0131l\u0131nda k\u00fc\u00e7\u00fck bir bak\u0131mdan ge\u00e7en tarihi mekan\u0131n ilk g\u00fcnk\u00fc g\u00f6r\u00fcnt\u00fcs\u00fcne kavu\u015fmas\u0131 \u00f6ng\u00f6r\u00fcl\u00fcyor. Kapal\u0131\u00e7ar\u015f\u0131&#8217;n\u0131n restorasyonu ile ilgili 2009 y\u0131l\u0131ndan bu [&hellip;]","thumbnail_url":"http:\/\/www.epochtimestr.com\/wp-content\/uploads\/2011\/ocak 2011\/MjY4ODU2.jpg"}