{"version":"1.0","provider_name":"The Epoch Times TR","provider_url":"https:\/\/epochtimestr.com","author_name":"Nesrin Se\u00e7er","author_url":"https:\/\/epochtimestr.com\/index.php\/author\/nesrin","title":"Tarihi Kars Evleri Bak\u0131ms\u0131zl\u0131ktan Y\u0131k\u0131lmaya Ba\u015flad\u0131 - The Epoch Times TR","type":"rich","width":600,"height":338,"html":"<blockquote class=\"wp-embedded-content\" data-secret=\"Z4d5Jka5GV\"><a href=\"https:\/\/epochtimestr.com\/index.php\/tarihi-kars-evleri-bakimsizliktan-yikilmaya-basladi\">Tarihi Kars Evleri Bak\u0131ms\u0131zl\u0131ktan Y\u0131k\u0131lmaya Ba\u015flad\u0131<\/a><\/blockquote><iframe sandbox=\"allow-scripts\" security=\"restricted\" src=\"https:\/\/epochtimestr.com\/index.php\/tarihi-kars-evleri-bakimsizliktan-yikilmaya-basladi\/embed#?secret=Z4d5Jka5GV\" width=\"600\" height=\"338\" title=\"&#8220;Tarihi Kars Evleri Bak\u0131ms\u0131zl\u0131ktan Y\u0131k\u0131lmaya Ba\u015flad\u0131&#8221; &#8212; The Epoch Times TR\" data-secret=\"Z4d5Jka5GV\" frameborder=\"0\" marginwidth=\"0\" marginheight=\"0\" scrolling=\"no\" class=\"wp-embedded-content\"><\/iframe><script type=\"text\/javascript\">\n\/* <![CDATA[ *\/\n\/*! This file is auto-generated *\/\n!function(d,l){\"use strict\";l.querySelector&&d.addEventListener&&\"undefined\"!=typeof URL&&(d.wp=d.wp||{},d.wp.receiveEmbedMessage||(d.wp.receiveEmbedMessage=function(e){var t=e.data;if((t||t.secret||t.message||t.value)&&!\/[^a-zA-Z0-9]\/.test(t.secret)){for(var s,r,n,a=l.querySelectorAll('iframe[data-secret=\"'+t.secret+'\"]'),o=l.querySelectorAll('blockquote[data-secret=\"'+t.secret+'\"]'),c=new RegExp(\"^https?:$\",\"i\"),i=0;i<o.length;i++)o[i].style.display=\"none\";for(i=0;i<a.length;i++)s=a[i],e.source===s.contentWindow&&(s.removeAttribute(\"style\"),\"height\"===t.message?(1e3<(r=parseInt(t.value,10))?r=1e3:~~r<200&&(r=200),s.height=r):\"link\"===t.message&&(r=new URL(s.getAttribute(\"src\")),n=new URL(t.value),c.test(n.protocol))&&n.host===r.host&&l.activeElement===s&&(d.top.location.href=t.value))}},d.addEventListener(\"message\",d.wp.receiveEmbedMessage,!1),l.addEventListener(\"DOMContentLoaded\",function(){for(var e,t,s=l.querySelectorAll(\"iframe.wp-embedded-content\"),r=0;r<s.length;r++)(t=(e=s[r]).getAttribute(\"data-secret\"))||(t=Math.random().toString(36).substring(2,12),e.src+=\"#?secret=\"+t,e.setAttribute(\"data-secret\",t)),e.contentWindow.postMessage({message:\"ready\",secret:t},\"*\")},!1)))}(window,document);\n\/* ]]> *\/\n<\/script>\n","thumbnail_url":"https:\/\/epochtimestr.com\/wp-content\/uploads\/2011y\/20121027AW000106_03.jpg","thumbnail_width":495,"thumbnail_height":330,"description":"Kars Kalesi ete\u011findeki, Tevfik Pa\u015fa Kona\u011f\u0131 olarak bilinen ve y\u0131llarca Kars\u2019a gelen yerli ve yabanc\u0131 turistlerin ilgisini \u00e7eken, tarihi Kars Evleri ile Ta\u015f K\u00f6pr\u00fc\u2019n\u00fcn sa\u011f\u0131nda ve solunda bulunan tarihi hamamlar sahipsizlikten y\u0131k\u0131larak yava\u015f yava\u015f kayboluyor. Kap\u0131lar\u0131, pencereleri ve duvarlar\u0131 y\u0131k\u0131lan evler ve hamamlar k\u0131sa s\u00fcrede \u00f6nlem al\u0131nmad\u0131\u011f\u0131 takdirde\u00a0tarihin karanl\u0131\u011f\u0131na g\u00f6m\u00fclecek. Tarihi bina ve hamamlar\u0131n i\u00e7kicilerin, [&hellip;]"}