{"version":"1.0","provider_name":"The Epoch Times TR","provider_url":"https:\/\/epochtimestr.com","author_name":"Nesrin Se\u00e7er","author_url":"https:\/\/epochtimestr.com\/index.php\/author\/nesrin","title":"Ta\u015fyaran Vadisi Do\u011fal G\u00fczellikleriyle B\u00fcy\u00fcl\u00fcyor - The Epoch Times TR","type":"rich","width":600,"height":338,"html":"<blockquote class=\"wp-embedded-content\" data-secret=\"4wmjZ8KAba\"><a href=\"https:\/\/epochtimestr.com\/index.php\/tasyaran-vadisi-dogal-guzellikleriyle-buyuluyor\">Ta\u015fyaran Vadisi Do\u011fal G\u00fczellikleriyle B\u00fcy\u00fcl\u00fcyor<\/a><\/blockquote><iframe sandbox=\"allow-scripts\" security=\"restricted\" src=\"https:\/\/epochtimestr.com\/index.php\/tasyaran-vadisi-dogal-guzellikleriyle-buyuluyor\/embed#?secret=4wmjZ8KAba\" width=\"600\" height=\"338\" title=\"&#8220;Ta\u015fyaran Vadisi Do\u011fal G\u00fczellikleriyle B\u00fcy\u00fcl\u00fcyor&#8221; &#8212; The Epoch Times TR\" data-secret=\"4wmjZ8KAba\" frameborder=\"0\" marginwidth=\"0\" marginheight=\"0\" scrolling=\"no\" class=\"wp-embedded-content\"><\/iframe><script type=\"text\/javascript\">\n\/* <![CDATA[ *\/\n\/*! This file is auto-generated *\/\n!function(d,l){\"use strict\";l.querySelector&&d.addEventListener&&\"undefined\"!=typeof URL&&(d.wp=d.wp||{},d.wp.receiveEmbedMessage||(d.wp.receiveEmbedMessage=function(e){var t=e.data;if((t||t.secret||t.message||t.value)&&!\/[^a-zA-Z0-9]\/.test(t.secret)){for(var s,r,n,a=l.querySelectorAll('iframe[data-secret=\"'+t.secret+'\"]'),o=l.querySelectorAll('blockquote[data-secret=\"'+t.secret+'\"]'),c=new RegExp(\"^https?:$\",\"i\"),i=0;i<o.length;i++)o[i].style.display=\"none\";for(i=0;i<a.length;i++)s=a[i],e.source===s.contentWindow&&(s.removeAttribute(\"style\"),\"height\"===t.message?(1e3<(r=parseInt(t.value,10))?r=1e3:~~r<200&&(r=200),s.height=r):\"link\"===t.message&&(r=new URL(s.getAttribute(\"src\")),n=new URL(t.value),c.test(n.protocol))&&n.host===r.host&&l.activeElement===s&&(d.top.location.href=t.value))}},d.addEventListener(\"message\",d.wp.receiveEmbedMessage,!1),l.addEventListener(\"DOMContentLoaded\",function(){for(var e,t,s=l.querySelectorAll(\"iframe.wp-embedded-content\"),r=0;r<s.length;r++)(t=(e=s[r]).getAttribute(\"data-secret\"))||(t=Math.random().toString(36).substring(2,12),e.src+=\"#?secret=\"+t,e.setAttribute(\"data-secret\",t)),e.contentWindow.postMessage({message:\"ready\",secret:t},\"*\")},!1)))}(window,document);\n\/* ]]> *\/\n<\/script>\n","thumbnail_url":"https:\/\/epochtimestr.com\/wp-content\/uploads\/2011y\/20121112AW000273_02.jpg","thumbnail_width":330,"thumbnail_height":495,"description":"U\u015fak-\u0130zmir karayolu Yeni\u015fehir k\u00f6y\u00fc yak\u0131nlar\u0131nda bulunan \u201cTa\u015fyaran Vadisi\u201d do\u011fa ve foto\u011fraf merakl\u0131lar\u0131n\u0131n ak\u0131n\u0131na u\u011fruyor. Do\u011fal g\u00fczellikleri ile muhte\u015fem bir g\u00f6rselli\u011fe sahip \u201cTa\u015fyaran\u201d hafta sonu Denizli\u2019den gelen 25 ki\u015filik da\u011fc\u0131l\u0131k ve foto\u011fraf\u00e7\u0131l\u0131k kul\u00fcb\u00fc \u00fcyelerini a\u011f\u0131rlad\u0131.\u00a0 Denizli Da\u011fc\u0131l\u0131k ve Do\u011fa Sporlar\u0131 Kul\u00fcb\u00fc ile Denizli Foto\u011fraf Derne\u011fi \u00fcyelerinden olu\u015fan 25 ki\u015filik bir ekip hafta sonu \u201cTa\u015fyaran Vadisine\u201d gezi [&hellip;]"}