{"version":"1.0","provider_name":"The Epoch Times TR","provider_url":"https:\/\/epochtimestr.com","author_name":"D.Alk\u0131n","author_url":"https:\/\/epochtimestr.com\/index.php\/author\/derya","title":"Tekirda\u011f Depremi, \u0130stanbul Depreminin \u00d6nc\u00fcs\u00fc M\u00fc? - The Epoch Times TR","type":"rich","width":600,"height":338,"html":"<blockquote class=\"wp-embedded-content\" data-secret=\"YYZF4LDL4T\"><a href=\"https:\/\/epochtimestr.com\/index.php\/tekirdag-depremi-istanbul-depreminin-oncusu-mu\">Tekirda\u011f Depremi, \u0130stanbul Depreminin \u00d6nc\u00fcs\u00fc M\u00fc?<\/a><\/blockquote><iframe sandbox=\"allow-scripts\" security=\"restricted\" src=\"https:\/\/epochtimestr.com\/index.php\/tekirdag-depremi-istanbul-depreminin-oncusu-mu\/embed#?secret=YYZF4LDL4T\" width=\"600\" height=\"338\" title=\"&#8220;Tekirda\u011f Depremi, \u0130stanbul Depreminin \u00d6nc\u00fcs\u00fc M\u00fc?&#8221; &#8212; The Epoch Times TR\" data-secret=\"YYZF4LDL4T\" frameborder=\"0\" marginwidth=\"0\" marginheight=\"0\" scrolling=\"no\" class=\"wp-embedded-content\"><\/iframe><script type=\"text\/javascript\">\n\/* <![CDATA[ *\/\n\/*! This file is auto-generated *\/\n!function(d,l){\"use strict\";l.querySelector&&d.addEventListener&&\"undefined\"!=typeof URL&&(d.wp=d.wp||{},d.wp.receiveEmbedMessage||(d.wp.receiveEmbedMessage=function(e){var t=e.data;if((t||t.secret||t.message||t.value)&&!\/[^a-zA-Z0-9]\/.test(t.secret)){for(var s,r,n,a=l.querySelectorAll('iframe[data-secret=\"'+t.secret+'\"]'),o=l.querySelectorAll('blockquote[data-secret=\"'+t.secret+'\"]'),c=new RegExp(\"^https?:$\",\"i\"),i=0;i<o.length;i++)o[i].style.display=\"none\";for(i=0;i<a.length;i++)s=a[i],e.source===s.contentWindow&&(s.removeAttribute(\"style\"),\"height\"===t.message?(1e3<(r=parseInt(t.value,10))?r=1e3:~~r<200&&(r=200),s.height=r):\"link\"===t.message&&(r=new URL(s.getAttribute(\"src\")),n=new URL(t.value),c.test(n.protocol))&&n.host===r.host&&l.activeElement===s&&(d.top.location.href=t.value))}},d.addEventListener(\"message\",d.wp.receiveEmbedMessage,!1),l.addEventListener(\"DOMContentLoaded\",function(){for(var e,t,s=l.querySelectorAll(\"iframe.wp-embedded-content\"),r=0;r<s.length;r++)(t=(e=s[r]).getAttribute(\"data-secret\"))||(t=Math.random().toString(36).substring(2,12),e.src+=\"#?secret=\"+t,e.setAttribute(\"data-secret\",t)),e.contentWindow.postMessage({message:\"ready\",secret:t},\"*\")},!1)))}(window,document);\n\/* ]]> *\/\n<\/script>\n","description":"25 Temmuz g\u00fcn\u00fc saat 20.57\u2019de meydana gelen 5,2 b\u00fcy\u00fckl\u00fc\u011f\u00fcndeki depremi uzmanlar de\u011ferlendirdi. Depremin merkez \u00fcss\u00fc Tekirda\u011f a\u00e7\u0131klar\u0131nda Marmara Denizi\u2019nin 8,4 kilometre derinli\u011finde ger\u00e7ekle\u015fti. Deprem \u0130stanbul\u2019dan da hissedildi. Deprem uzmanlar\u0131 sars\u0131nt\u0131n\u0131n ana fay \u00fczerinde oldu\u011funu ve \u00f6nceki sars\u0131nt\u0131larla birlikte \u0130stanbul\u2019u bekleyen b\u00fcy\u00fck depremin \u00f6nc\u00fcs\u00fc olabilece\u011fini s\u00f6ylediler. Bu depremle birlikte uzmanlar son iki y\u0131l i\u00e7inde Silivri\u2019de meydana [&hellip;]","thumbnail_url":"http:\/\/www.epochtimestr.com\/wp-content\/uploads\/2011y\/son-depremler-300x234.gif"}