{"version":"1.0","provider_name":"The Epoch Times TR","provider_url":"https:\/\/epochtimestr.com","author_name":"D.Alk\u0131n","author_url":"https:\/\/epochtimestr.com\/index.php\/author\/derya","title":"Ter\u00f6rden Zarar G\u00f6ren Siviller de Maa\u015f Alacak - The Epoch Times TR","type":"rich","width":600,"height":338,"html":"<blockquote class=\"wp-embedded-content\" data-secret=\"EXnV2Lg0Il\"><a href=\"https:\/\/epochtimestr.com\/index.php\/terorden-zarar-goren-siviller-de-maas-alacak-2\">Ter\u00f6rden Zarar G\u00f6ren Siviller de Maa\u015f Alacak<\/a><\/blockquote><iframe sandbox=\"allow-scripts\" security=\"restricted\" src=\"https:\/\/epochtimestr.com\/index.php\/terorden-zarar-goren-siviller-de-maas-alacak-2\/embed#?secret=EXnV2Lg0Il\" width=\"600\" height=\"338\" title=\"&#8220;Ter\u00f6rden Zarar G\u00f6ren Siviller de Maa\u015f Alacak&#8221; &#8212; The Epoch Times TR\" data-secret=\"EXnV2Lg0Il\" frameborder=\"0\" marginwidth=\"0\" marginheight=\"0\" scrolling=\"no\" class=\"wp-embedded-content\"><\/iframe><script type=\"text\/javascript\">\n\/* <![CDATA[ *\/\n\/*! This file is auto-generated *\/\n!function(d,l){\"use strict\";l.querySelector&&d.addEventListener&&\"undefined\"!=typeof URL&&(d.wp=d.wp||{},d.wp.receiveEmbedMessage||(d.wp.receiveEmbedMessage=function(e){var t=e.data;if((t||t.secret||t.message||t.value)&&!\/[^a-zA-Z0-9]\/.test(t.secret)){for(var s,r,n,a=l.querySelectorAll('iframe[data-secret=\"'+t.secret+'\"]'),o=l.querySelectorAll('blockquote[data-secret=\"'+t.secret+'\"]'),c=new RegExp(\"^https?:$\",\"i\"),i=0;i<o.length;i++)o[i].style.display=\"none\";for(i=0;i<a.length;i++)s=a[i],e.source===s.contentWindow&&(s.removeAttribute(\"style\"),\"height\"===t.message?(1e3<(r=parseInt(t.value,10))?r=1e3:~~r<200&&(r=200),s.height=r):\"link\"===t.message&&(r=new URL(s.getAttribute(\"src\")),n=new URL(t.value),c.test(n.protocol))&&n.host===r.host&&l.activeElement===s&&(d.top.location.href=t.value))}},d.addEventListener(\"message\",d.wp.receiveEmbedMessage,!1),l.addEventListener(\"DOMContentLoaded\",function(){for(var e,t,s=l.querySelectorAll(\"iframe.wp-embedded-content\"),r=0;r<s.length;r++)(t=(e=s[r]).getAttribute(\"data-secret\"))||(t=Math.random().toString(36).substring(2,12),e.src+=\"#?secret=\"+t,e.setAttribute(\"data-secret\",t)),e.contentWindow.postMessage({message:\"ready\",secret:t},\"*\")},!1)))}(window,document);\n\/* ]]> *\/\n<\/script>\n","thumbnail_url":"https:\/\/epochtimestr.com\/wp-content\/uploads\/2011y\/sgk11.jpg","thumbnail_width":667,"thumbnail_height":500,"description":"\u00c7al\u0131\u015fma ve Sosyal G\u00fcvenlik \u00a0Bakan\u0131 \u00a0Faruk \u00c7elik ter\u00f6rden zarar g\u00f6ren sivil vatanda\u015flara da\u00a0 maa\u015f ba\u011flanaca\u011f\u0131n\u0131 s\u00f6yledi. Ter\u00f6rden zarar g\u00f6ren sivil vatanda\u015flar halen g\u00f6rd\u00fckleri zarara g\u00f6re devletten tazminat al\u0131yorlar. Bakan \u00c7elik buna ek olarak ter\u00f6rden zarar g\u00f6ren sivil vatanda\u015flara\u00a0maa\u015f da\u00a0ba\u011flanaca\u011f\u0131n\u0131 belirtti. 12\/07\/2012 tarihli Resmi Gazetede yay\u0131nlanan 5233 say\u0131l\u0131 kanuna eklenen 1. ve ge\u00e7ici 5. Maddelere istinaden [&hellip;]"}