{"version":"1.0","provider_name":"The Epoch Times TR","provider_url":"https:\/\/epochtimestr.com","author_name":"Dila \u015eeng\u00fcl","author_url":"https:\/\/epochtimestr.com\/index.php\/author\/dila","title":"Tezcan:\u201d Bu Esasl\u0131 Bir Se\u00e7im Sonucu De\u011ferlendirme Toplant\u0131s\u0131 De\u011fil\u201d - The Epoch Times TR","type":"rich","width":600,"height":338,"html":"<blockquote class=\"wp-embedded-content\" data-secret=\"udXaSS70Gj\"><a href=\"https:\/\/epochtimestr.com\/index.php\/tezcan-bu-esasli-bir-secim-sonucu-toplantisi-degil\">Tezcan:\u201d Bu Esasl\u0131 Bir Se\u00e7im Sonucu De\u011ferlendirme Toplant\u0131s\u0131 De\u011fil\u201d<\/a><\/blockquote><iframe sandbox=\"allow-scripts\" security=\"restricted\" src=\"https:\/\/epochtimestr.com\/index.php\/tezcan-bu-esasli-bir-secim-sonucu-toplantisi-degil\/embed#?secret=udXaSS70Gj\" width=\"600\" height=\"338\" title=\"&#8220;Tezcan:\u201d Bu Esasl\u0131 Bir Se\u00e7im Sonucu De\u011ferlendirme Toplant\u0131s\u0131 De\u011fil\u201d&#8221; &#8212; The Epoch Times TR\" data-secret=\"udXaSS70Gj\" frameborder=\"0\" marginwidth=\"0\" marginheight=\"0\" scrolling=\"no\" class=\"wp-embedded-content\"><\/iframe><script type=\"text\/javascript\">\n\/* <![CDATA[ *\/\n\/*! This file is auto-generated *\/\n!function(d,l){\"use strict\";l.querySelector&&d.addEventListener&&\"undefined\"!=typeof URL&&(d.wp=d.wp||{},d.wp.receiveEmbedMessage||(d.wp.receiveEmbedMessage=function(e){var t=e.data;if((t||t.secret||t.message||t.value)&&!\/[^a-zA-Z0-9]\/.test(t.secret)){for(var s,r,n,a=l.querySelectorAll('iframe[data-secret=\"'+t.secret+'\"]'),o=l.querySelectorAll('blockquote[data-secret=\"'+t.secret+'\"]'),c=new RegExp(\"^https?:$\",\"i\"),i=0;i<o.length;i++)o[i].style.display=\"none\";for(i=0;i<a.length;i++)s=a[i],e.source===s.contentWindow&&(s.removeAttribute(\"style\"),\"height\"===t.message?(1e3<(r=parseInt(t.value,10))?r=1e3:~~r<200&&(r=200),s.height=r):\"link\"===t.message&&(r=new URL(s.getAttribute(\"src\")),n=new URL(t.value),c.test(n.protocol))&&n.host===r.host&&l.activeElement===s&&(d.top.location.href=t.value))}},d.addEventListener(\"message\",d.wp.receiveEmbedMessage,!1),l.addEventListener(\"DOMContentLoaded\",function(){for(var e,t,s=l.querySelectorAll(\"iframe.wp-embedded-content\"),r=0;r<s.length;r++)(t=(e=s[r]).getAttribute(\"data-secret\"))||(t=Math.random().toString(36).substring(2,12),e.src+=\"#?secret=\"+t,e.setAttribute(\"data-secret\",t)),e.contentWindow.postMessage({message:\"ready\",secret:t},\"*\")},!1)))}(window,document);\n\/* ]]> *\/\n<\/script>\n","thumbnail_url":"https:\/\/epochtimestr.com\/wp-content\/uploads\/2011y\/chp.png","thumbnail_width":600,"thumbnail_height":315,"description":"CHP Parti Meclisi (PM), 24 Haziran se\u00e7imlerinden sonra Genel Ba\u015fkan Kemal K\u0131l\u0131\u00e7daro\u011flu ba\u015fkanl\u0131\u011f\u0131nda topland\u0131. CHP Genel Ba\u015fkan Yard\u0131mc\u0131s\u0131 ve Parti S\u00f6zc\u00fcs\u00fc B\u00fclent Tezcan, toplant\u0131 devam ederken gazetecilere a\u00e7\u0131klamalarda bulundu. Tezcan,\u201dBu esasl\u0131 bir se\u00e7im sonucu de\u011ferlendirme toplant\u0131s\u0131 de\u011fil. Onu \u00f6n\u00fcm\u00fczdeki g\u00fcnlerde yapaca\u011f\u0131z. Biz bunlarla me\u015fgulken T\u00fcrkiye&#8217;de ad\u0131n\u0131n ba\u015f\u0131nda \u0130\u00e7i\u015fleri Bakanl\u0131\u011f\u0131 etiketi bulunan \u015fahs\u0131n a\u00e7\u0131klamalar\u0131 toplumu derinden [&hellip;]"}