{"version":"1.0","provider_name":"The Epoch Times TR","provider_url":"https:\/\/epochtimestr.com","author_name":"Bora Akdeniz","author_url":"https:\/\/epochtimestr.com\/index.php\/author\/bora","title":"TFF'ye Yeni Ba\u015fkan; Mehmet Ali Ayd\u0131nlar - The Epoch Times TR","type":"rich","width":600,"height":338,"html":"<blockquote class=\"wp-embedded-content\" data-secret=\"qPwWXkkiYl\"><a href=\"https:\/\/epochtimestr.com\/index.php\/tffye-yeni-baskan-mehmet-ali-aydinlar\">TFF&#8217;ye Yeni Ba\u015fkan; Mehmet Ali Ayd\u0131nlar<\/a><\/blockquote><iframe sandbox=\"allow-scripts\" security=\"restricted\" src=\"https:\/\/epochtimestr.com\/index.php\/tffye-yeni-baskan-mehmet-ali-aydinlar\/embed#?secret=qPwWXkkiYl\" width=\"600\" height=\"338\" title=\"&#8220;TFF&#8217;ye Yeni Ba\u015fkan; Mehmet Ali Ayd\u0131nlar&#8221; &#8212; The Epoch Times TR\" data-secret=\"qPwWXkkiYl\" frameborder=\"0\" marginwidth=\"0\" marginheight=\"0\" scrolling=\"no\" class=\"wp-embedded-content\"><\/iframe><script type=\"text\/javascript\">\n\/* <![CDATA[ *\/\n\/*! This file is auto-generated *\/\n!function(d,l){\"use strict\";l.querySelector&&d.addEventListener&&\"undefined\"!=typeof URL&&(d.wp=d.wp||{},d.wp.receiveEmbedMessage||(d.wp.receiveEmbedMessage=function(e){var t=e.data;if((t||t.secret||t.message||t.value)&&!\/[^a-zA-Z0-9]\/.test(t.secret)){for(var s,r,n,a=l.querySelectorAll('iframe[data-secret=\"'+t.secret+'\"]'),o=l.querySelectorAll('blockquote[data-secret=\"'+t.secret+'\"]'),c=new RegExp(\"^https?:$\",\"i\"),i=0;i<o.length;i++)o[i].style.display=\"none\";for(i=0;i<a.length;i++)s=a[i],e.source===s.contentWindow&&(s.removeAttribute(\"style\"),\"height\"===t.message?(1e3<(r=parseInt(t.value,10))?r=1e3:~~r<200&&(r=200),s.height=r):\"link\"===t.message&&(r=new URL(s.getAttribute(\"src\")),n=new URL(t.value),c.test(n.protocol))&&n.host===r.host&&l.activeElement===s&&(d.top.location.href=t.value))}},d.addEventListener(\"message\",d.wp.receiveEmbedMessage,!1),l.addEventListener(\"DOMContentLoaded\",function(){for(var e,t,s=l.querySelectorAll(\"iframe.wp-embedded-content\"),r=0;r<s.length;r++)(t=(e=s[r]).getAttribute(\"data-secret\"))||(t=Math.random().toString(36).substring(2,12),e.src+=\"#?secret=\"+t,e.setAttribute(\"data-secret\",t)),e.contentWindow.postMessage({message:\"ready\",secret:t},\"*\")},!1)))}(window,document);\n\/* ]]> *\/\n<\/script>\n","description":"T\u00fcrkiye Futbol Federasyonu Ola\u011fan Genel Kurul ve Se\u00e7im Genel Kurulu \u00a0Ankara Sheraton Otel&#8217;de\u00a0237 delegenin kat\u0131l\u0131m\u0131yla ger\u00e7ekle\u015fti.\u00a0Futbol Federasyonu genel kurulunda tek \u00a0ba\u015fkan aday\u0131 olan\u00a0Mehmet Ali Ayd\u0131nlar TFF Ba\u015fkan\u0131 se\u00e7ildi. Ba\u015fkanl\u0131k se\u00e7iminin ard\u0131ndan y\u00f6netim ve denetleme kurulu \u00fcyelikleri i\u00e7in se\u00e7im yap\u0131ld\u0131. Kurul ve \u00fcyelikler \u015fu \u015fekilde ger\u00e7ekle\u015fti; Y\u00f6netim Kurulu: G\u00f6ksel G\u00fcm\u00fc\u015fda\u011f Lutfi Ar\u0131bo\u011fan H\u00fcsn\u00fc G\u00fcreli Kemal Olga\u00e7 [&hellip;]","thumbnail_url":"http:\/\/www.epochtimestr.com\/wp-content\/uploads\/2011y\/tff.jpg"}