{"version":"1.0","provider_name":"The Epoch Times TR","provider_url":"https:\/\/epochtimestr.com","author_name":"S. \u00d6zcan","author_url":"https:\/\/epochtimestr.com\/index.php\/author\/n-kaya","title":"Trabzonspor'un \u0130lk Ba\u015fkan\u0131 Vefat Etti - The Epoch Times TR","type":"rich","width":600,"height":338,"html":"<blockquote class=\"wp-embedded-content\" data-secret=\"UxA3x6dD8U\"><a href=\"https:\/\/epochtimestr.com\/index.php\/trabzonsporun-ilk-baskani-vefat-etti\">Trabzonspor&#8217;un \u0130lk Ba\u015fkan\u0131 Vefat Etti<\/a><\/blockquote><iframe sandbox=\"allow-scripts\" security=\"restricted\" src=\"https:\/\/epochtimestr.com\/index.php\/trabzonsporun-ilk-baskani-vefat-etti\/embed#?secret=UxA3x6dD8U\" width=\"600\" height=\"338\" title=\"&#8220;Trabzonspor&#8217;un \u0130lk Ba\u015fkan\u0131 Vefat Etti&#8221; &#8212; The Epoch Times TR\" data-secret=\"UxA3x6dD8U\" frameborder=\"0\" marginwidth=\"0\" marginheight=\"0\" scrolling=\"no\" class=\"wp-embedded-content\"><\/iframe><script type=\"text\/javascript\">\n\/* <![CDATA[ *\/\n\/*! This file is auto-generated *\/\n!function(d,l){\"use strict\";l.querySelector&&d.addEventListener&&\"undefined\"!=typeof URL&&(d.wp=d.wp||{},d.wp.receiveEmbedMessage||(d.wp.receiveEmbedMessage=function(e){var t=e.data;if((t||t.secret||t.message||t.value)&&!\/[^a-zA-Z0-9]\/.test(t.secret)){for(var s,r,n,a=l.querySelectorAll('iframe[data-secret=\"'+t.secret+'\"]'),o=l.querySelectorAll('blockquote[data-secret=\"'+t.secret+'\"]'),c=new RegExp(\"^https?:$\",\"i\"),i=0;i<o.length;i++)o[i].style.display=\"none\";for(i=0;i<a.length;i++)s=a[i],e.source===s.contentWindow&&(s.removeAttribute(\"style\"),\"height\"===t.message?(1e3<(r=parseInt(t.value,10))?r=1e3:~~r<200&&(r=200),s.height=r):\"link\"===t.message&&(r=new URL(s.getAttribute(\"src\")),n=new URL(t.value),c.test(n.protocol))&&n.host===r.host&&l.activeElement===s&&(d.top.location.href=t.value))}},d.addEventListener(\"message\",d.wp.receiveEmbedMessage,!1),l.addEventListener(\"DOMContentLoaded\",function(){for(var e,t,s=l.querySelectorAll(\"iframe.wp-embedded-content\"),r=0;r<s.length;r++)(t=(e=s[r]).getAttribute(\"data-secret\"))||(t=Math.random().toString(36).substring(2,12),e.src+=\"#?secret=\"+t,e.setAttribute(\"data-secret\",t)),e.contentWindow.postMessage({message:\"ready\",secret:t},\"*\")},!1)))}(window,document);\n\/* ]]> *\/\n<\/script>\n","thumbnail_url":"https:\/\/epochtimestr.com\/wp-content\/uploads\/2011y\/trabzonsporun-ilk-baskani-vefat-etti-599691-664x354.jpg","thumbnail_width":500,"thumbnail_height":266,"description":"Trabzonspor&#8217;un ilk ba\u015fkan\u0131 ve bordo-mavili kul\u00fcb\u00fcn kurucular\u0131ndan Ali Osman Ulusoy vefat etti. Trabzonspor\u2019un ilk ba\u015fkan\u0131 ve bordo-mavili kul\u00fcb\u00fcn kurucular\u0131ndan Ali Osman Ulusoy hayata g\u00f6zlerini yumdu. \u0130stanbul\u2019da \u00f6zel bir hastanede yakla\u015f\u0131k 20 g\u00fcnd\u00fcr zat\u00fcrre te\u015fhisi ile tedavi g\u00f6ren 87 ya\u015f\u0131ndaki Ulusoy, bug\u00fcn hayat\u0131n\u0131 kaybetti. Ulusoy\u2019un cenazesinin yar\u0131n Trabzon\u2019un Of il\u00e7esinde topra\u011fa verilece\u011fi \u00f6\u011frenildi. AL\u0130 OSMAN ULUSOY [&hellip;]"}