{"version":"1.0","provider_name":"The Epoch Times TR","provider_url":"https:\/\/epochtimestr.com","author_name":"Demet G.","author_url":"https:\/\/epochtimestr.com\/index.php\/author\/d-gokoglu","title":"TRT'nin Yeni Genel M\u00fcd\u00fcr\u00fc \u015eenol G\u00f6ka - The Epoch Times TR","type":"rich","width":600,"height":338,"html":"<blockquote class=\"wp-embedded-content\" data-secret=\"4ascVStXAP\"><a href=\"https:\/\/epochtimestr.com\/index.php\/trtnin-yeni-genel-muduru-senol-goka\">TRT&#8217;nin Yeni Genel M\u00fcd\u00fcr\u00fc \u015eenol G\u00f6ka<\/a><\/blockquote><iframe sandbox=\"allow-scripts\" security=\"restricted\" src=\"https:\/\/epochtimestr.com\/index.php\/trtnin-yeni-genel-muduru-senol-goka\/embed#?secret=4ascVStXAP\" width=\"600\" height=\"338\" title=\"&#8220;TRT&#8217;nin Yeni Genel M\u00fcd\u00fcr\u00fc \u015eenol G\u00f6ka&#8221; &#8212; The Epoch Times TR\" data-secret=\"4ascVStXAP\" frameborder=\"0\" marginwidth=\"0\" marginheight=\"0\" scrolling=\"no\" class=\"wp-embedded-content\"><\/iframe><script type=\"text\/javascript\">\n\/* <![CDATA[ *\/\n\/*! This file is auto-generated *\/\n!function(d,l){\"use strict\";l.querySelector&&d.addEventListener&&\"undefined\"!=typeof URL&&(d.wp=d.wp||{},d.wp.receiveEmbedMessage||(d.wp.receiveEmbedMessage=function(e){var t=e.data;if((t||t.secret||t.message||t.value)&&!\/[^a-zA-Z0-9]\/.test(t.secret)){for(var s,r,n,a=l.querySelectorAll('iframe[data-secret=\"'+t.secret+'\"]'),o=l.querySelectorAll('blockquote[data-secret=\"'+t.secret+'\"]'),c=new RegExp(\"^https?:$\",\"i\"),i=0;i<o.length;i++)o[i].style.display=\"none\";for(i=0;i<a.length;i++)s=a[i],e.source===s.contentWindow&&(s.removeAttribute(\"style\"),\"height\"===t.message?(1e3<(r=parseInt(t.value,10))?r=1e3:~~r<200&&(r=200),s.height=r):\"link\"===t.message&&(r=new URL(s.getAttribute(\"src\")),n=new URL(t.value),c.test(n.protocol))&&n.host===r.host&&l.activeElement===s&&(d.top.location.href=t.value))}},d.addEventListener(\"message\",d.wp.receiveEmbedMessage,!1),l.addEventListener(\"DOMContentLoaded\",function(){for(var e,t,s=l.querySelectorAll(\"iframe.wp-embedded-content\"),r=0;r<s.length;r++)(t=(e=s[r]).getAttribute(\"data-secret\"))||(t=Math.random().toString(36).substring(2,12),e.src+=\"#?secret=\"+t,e.setAttribute(\"data-secret\",t)),e.contentWindow.postMessage({message:\"ready\",secret:t},\"*\")},!1)))}(window,document);\n\/* ]]> *\/\n<\/script>\n","thumbnail_url":"https:\/\/epochtimestr.com\/wp-content\/uploads\/2011y\/trt.jpg","thumbnail_width":664,"thumbnail_height":354,"description":"T\u00fcrkiye Radyo Televizyon (TRT) Kurumu Genel M\u00fcd\u00fcrl\u00fc\u011f\u00fc\u2019ne \u015eenol G\u00f6ka atand\u0131. Atama karar\u0131, Resmi Gazete\u2019de yay\u0131mland\u0131. Resmi Gazete\u2019de yay\u0131mlanan atama karar\u0131nda, \u015eenol G\u00f6ka\u2019n\u0131n Radyo ve Televizyon \u00dcst Kurulu taraf\u0131ndan teklif edilen \u00fc\u00e7 aday aras\u0131ndan Bakanlar Kurulu\u2019nca T\u00fcrkiye Radyo Televizyon Kurumu Genel M\u00fcd\u00fcrl\u00fc\u011f\u00fc\u2019ne atanmas\u0131na karar verildi\u011fi belirtildi."}