{"version":"1.0","provider_name":"The Epoch Times TR","provider_url":"https:\/\/epochtimestr.com","author_name":"Yasemin Erdem","author_url":"https:\/\/epochtimestr.com\/index.php\/author\/yasemin","title":"T\u00dcB\u0130TAK Ba\u015far\u0131 \u00d6yk\u00fcleri Payla\u015f\u0131m G\u00fcnleri Ger\u00e7ekle\u015ftirildi - The Epoch Times TR","type":"rich","width":600,"height":338,"html":"<blockquote class=\"wp-embedded-content\" data-secret=\"fm3l71zvya\"><a href=\"https:\/\/epochtimestr.com\/index.php\/tubitak-basari-oykuleri-paylasim-gunleri-gerceklestirildi\">T\u00dcB\u0130TAK Ba\u015far\u0131 \u00d6yk\u00fcleri Payla\u015f\u0131m G\u00fcnleri Ger\u00e7ekle\u015ftirildi<\/a><\/blockquote><iframe sandbox=\"allow-scripts\" security=\"restricted\" src=\"https:\/\/epochtimestr.com\/index.php\/tubitak-basari-oykuleri-paylasim-gunleri-gerceklestirildi\/embed#?secret=fm3l71zvya\" width=\"600\" height=\"338\" title=\"&#8220;T\u00dcB\u0130TAK Ba\u015far\u0131 \u00d6yk\u00fcleri Payla\u015f\u0131m G\u00fcnleri Ger\u00e7ekle\u015ftirildi&#8221; &#8212; The Epoch Times TR\" data-secret=\"fm3l71zvya\" frameborder=\"0\" marginwidth=\"0\" marginheight=\"0\" scrolling=\"no\" class=\"wp-embedded-content\"><\/iframe><script type=\"text\/javascript\">\n\/* <![CDATA[ *\/\n\/*! This file is auto-generated *\/\n!function(d,l){\"use strict\";l.querySelector&&d.addEventListener&&\"undefined\"!=typeof URL&&(d.wp=d.wp||{},d.wp.receiveEmbedMessage||(d.wp.receiveEmbedMessage=function(e){var t=e.data;if((t||t.secret||t.message||t.value)&&!\/[^a-zA-Z0-9]\/.test(t.secret)){for(var s,r,n,a=l.querySelectorAll('iframe[data-secret=\"'+t.secret+'\"]'),o=l.querySelectorAll('blockquote[data-secret=\"'+t.secret+'\"]'),c=new RegExp(\"^https?:$\",\"i\"),i=0;i<o.length;i++)o[i].style.display=\"none\";for(i=0;i<a.length;i++)s=a[i],e.source===s.contentWindow&&(s.removeAttribute(\"style\"),\"height\"===t.message?(1e3<(r=parseInt(t.value,10))?r=1e3:~~r<200&&(r=200),s.height=r):\"link\"===t.message&&(r=new URL(s.getAttribute(\"src\")),n=new URL(t.value),c.test(n.protocol))&&n.host===r.host&&l.activeElement===s&&(d.top.location.href=t.value))}},d.addEventListener(\"message\",d.wp.receiveEmbedMessage,!1),l.addEventListener(\"DOMContentLoaded\",function(){for(var e,t,s=l.querySelectorAll(\"iframe.wp-embedded-content\"),r=0;r<s.length;r++)(t=(e=s[r]).getAttribute(\"data-secret\"))||(t=Math.random().toString(36).substring(2,12),e.src+=\"#?secret=\"+t,e.setAttribute(\"data-secret\",t)),e.contentWindow.postMessage({message:\"ready\",secret:t},\"*\")},!1)))}(window,document);\n\/* ]]> *\/\n<\/script>\n","description":"T\u00dcB\u0130TAK, sanayicilerin, \u00fcniversitelerdeki ara\u015ft\u0131rmac\u0131lar\u0131n, kamu kurumlar\u0131n\u0131n ve gelece\u011fin bilim adam\u0131 adaylar\u0131n\u0131n bilim, teknoloji ve yenilik alanlar\u0131nda elde ettikleri ba\u015far\u0131 \u00f6yk\u00fclerini kamuoyuyla payla\u015fmak amac\u0131yla, 20 Nisan\u2019da Ankara\u2019da ve 22 Nisan\u2019da ise \u0130stanbul\u2019da olmak \u00fczere, Bilim ve Teknolojiden Sorumlu Devlet Bakan\u0131 Prof. Dr. Mehmet Ayd\u0131n\u2019\u0131n kat\u0131l\u0131m\u0131yla iki ayr\u0131 toplant\u0131 d\u00fczenledi. T\u00dcB\u0130TAK, ba\u015far\u0131 \u00f6yk\u00fclerinin payla\u015f\u0131lmas\u0131yla, yap\u0131lan \u00e7al\u0131\u015fmalar hakk\u0131nda [&hellip;]","thumbnail_url":"http:\/\/www.epochtimestr.com\/wp-content\/uploads\/2011y\/tubitak.jpg"}