{"version":"1.0","provider_name":"The Epoch Times TR","provider_url":"https:\/\/epochtimestr.com","author_name":"Evren Durmaz","author_url":"https:\/\/epochtimestr.com\/index.php\/author\/evren-durmaz","title":"T\u00fcrk D\u00fcnyas\u0131n\u0131n Kom\u00fcnizmle \u0130mtihan\u0131 6. B\u00f6l\u00fcm: \"K\u00fcrtler\" - The Epoch Times TR","type":"rich","width":600,"height":338,"html":"<blockquote class=\"wp-embedded-content\" data-secret=\"q5PMtPvsz1\"><a href=\"https:\/\/epochtimestr.com\/index.php\/turk-dunyasinin-komunizmle-imtihani-6-bolum-kurtler\">T\u00fcrk D\u00fcnyas\u0131n\u0131n Kom\u00fcnizmle \u0130mtihan\u0131 6. B\u00f6l\u00fcm: &#8220;K\u00fcrtler&#8221;<\/a><\/blockquote><iframe sandbox=\"allow-scripts\" security=\"restricted\" src=\"https:\/\/epochtimestr.com\/index.php\/turk-dunyasinin-komunizmle-imtihani-6-bolum-kurtler\/embed#?secret=q5PMtPvsz1\" width=\"600\" height=\"338\" title=\"&#8220;T\u00fcrk D\u00fcnyas\u0131n\u0131n Kom\u00fcnizmle \u0130mtihan\u0131 6. B\u00f6l\u00fcm: &#8220;K\u00fcrtler&#8221;&#8221; &#8212; The Epoch Times TR\" data-secret=\"q5PMtPvsz1\" frameborder=\"0\" marginwidth=\"0\" marginheight=\"0\" scrolling=\"no\" class=\"wp-embedded-content\"><\/iframe><script type=\"text\/javascript\">\n\/* <![CDATA[ *\/\n\/*! This file is auto-generated *\/\n!function(d,l){\"use strict\";l.querySelector&&d.addEventListener&&\"undefined\"!=typeof URL&&(d.wp=d.wp||{},d.wp.receiveEmbedMessage||(d.wp.receiveEmbedMessage=function(e){var t=e.data;if((t||t.secret||t.message||t.value)&&!\/[^a-zA-Z0-9]\/.test(t.secret)){for(var s,r,n,a=l.querySelectorAll('iframe[data-secret=\"'+t.secret+'\"]'),o=l.querySelectorAll('blockquote[data-secret=\"'+t.secret+'\"]'),c=new RegExp(\"^https?:$\",\"i\"),i=0;i<o.length;i++)o[i].style.display=\"none\";for(i=0;i<a.length;i++)s=a[i],e.source===s.contentWindow&&(s.removeAttribute(\"style\"),\"height\"===t.message?(1e3<(r=parseInt(t.value,10))?r=1e3:~~r<200&&(r=200),s.height=r):\"link\"===t.message&&(r=new URL(s.getAttribute(\"src\")),n=new URL(t.value),c.test(n.protocol))&&n.host===r.host&&l.activeElement===s&&(d.top.location.href=t.value))}},d.addEventListener(\"message\",d.wp.receiveEmbedMessage,!1),l.addEventListener(\"DOMContentLoaded\",function(){for(var e,t,s=l.querySelectorAll(\"iframe.wp-embedded-content\"),r=0;r<s.length;r++)(t=(e=s[r]).getAttribute(\"data-secret\"))||(t=Math.random().toString(36).substring(2,12),e.src+=\"#?secret=\"+t,e.setAttribute(\"data-secret\",t)),e.contentWindow.postMessage({message:\"ready\",secret:t},\"*\")},!1)))}(window,document);\n\/* ]]> *\/\n<\/script>\n","thumbnail_url":"https:\/\/epochtimestr.com\/wp-content\/uploads\/2011y\/kurtler-wikimedia-575x400.png","thumbnail_width":575,"thumbnail_height":400,"description":"K\u00fcrtler ve Tarihleri \u00d6nceki b\u00f6l\u00fcmlerde Uygur T\u00fcrkleri, Ah\u0131ska T\u00fcrkleri gibi T\u00fcrk topluluklar\u0131n\u0131n Kom\u00fcnizm alt\u0131nda ya\u015fad\u0131klar\u0131 dramlar\u0131 ele ald\u0131k, fakat burada \u00f6zelikle T\u00fcrkiye&#8217;de T\u00fcrklerden sonra en yo\u011fun olarak ya\u015fayan etnik bir grup olan K\u00fcrtleri ele alaca\u011f\u0131z. K\u00fcrtlerin kendi yaz\u0131l\u0131 tarihleri yoktur ve bu y\u00fczden elde edilen bilgilerin bir\u00e7o\u011funu farkl\u0131 milletlerin onlar hakk\u0131nda yaz\u0131ld\u0131klar\u0131ndan biliyoruz. K\u00fcrtler hakk\u0131nda [&hellip;]"}