{"version":"1.0","provider_name":"The Epoch Times TR","provider_url":"https:\/\/epochtimestr.com","author_name":"Haber Merkezi","author_url":"https:\/\/epochtimestr.com\/index.php\/author\/sendag","title":"'T\u00fcrk U\u00e7aklar\u0131 Gelemez' Denilen Yerde Bozguna U\u011frad\u0131lar! - The Epoch Times TR","type":"rich","width":600,"height":338,"html":"<blockquote class=\"wp-embedded-content\" data-secret=\"DkJzMohH1n\"><a href=\"https:\/\/epochtimestr.com\/index.php\/turk-ucaklari-gelemez-denilen-yerde-bozguna-ugradilar\">&#8216;T\u00fcrk U\u00e7aklar\u0131 Gelemez&#8217; Denilen Yerde Bozguna U\u011frad\u0131lar!<\/a><\/blockquote><iframe sandbox=\"allow-scripts\" security=\"restricted\" src=\"https:\/\/epochtimestr.com\/index.php\/turk-ucaklari-gelemez-denilen-yerde-bozguna-ugradilar\/embed#?secret=DkJzMohH1n\" width=\"600\" height=\"338\" title=\"&#8220;&#8216;T\u00fcrk U\u00e7aklar\u0131 Gelemez&#8217; Denilen Yerde Bozguna U\u011frad\u0131lar!&#8221; &#8212; The Epoch Times TR\" data-secret=\"DkJzMohH1n\" frameborder=\"0\" marginwidth=\"0\" marginheight=\"0\" scrolling=\"no\" class=\"wp-embedded-content\"><\/iframe><script type=\"text\/javascript\">\n\/* <![CDATA[ *\/\n\/*! This file is auto-generated *\/\n!function(d,l){\"use strict\";l.querySelector&&d.addEventListener&&\"undefined\"!=typeof URL&&(d.wp=d.wp||{},d.wp.receiveEmbedMessage||(d.wp.receiveEmbedMessage=function(e){var t=e.data;if((t||t.secret||t.message||t.value)&&!\/[^a-zA-Z0-9]\/.test(t.secret)){for(var s,r,n,a=l.querySelectorAll('iframe[data-secret=\"'+t.secret+'\"]'),o=l.querySelectorAll('blockquote[data-secret=\"'+t.secret+'\"]'),c=new RegExp(\"^https?:$\",\"i\"),i=0;i<o.length;i++)o[i].style.display=\"none\";for(i=0;i<a.length;i++)s=a[i],e.source===s.contentWindow&&(s.removeAttribute(\"style\"),\"height\"===t.message?(1e3<(r=parseInt(t.value,10))?r=1e3:~~r<200&&(r=200),s.height=r):\"link\"===t.message&&(r=new URL(s.getAttribute(\"src\")),n=new URL(t.value),c.test(n.protocol))&&n.host===r.host&&l.activeElement===s&&(d.top.location.href=t.value))}},d.addEventListener(\"message\",d.wp.receiveEmbedMessage,!1),l.addEventListener(\"DOMContentLoaded\",function(){for(var e,t,s=l.querySelectorAll(\"iframe.wp-embedded-content\"),r=0;r<s.length;r++)(t=(e=s[r]).getAttribute(\"data-secret\"))||(t=Math.random().toString(36).substring(2,12),e.src+=\"#?secret=\"+t,e.setAttribute(\"data-secret\",t)),e.contentWindow.postMessage({message:\"ready\",secret:t},\"*\")},!1)))}(window,document);\n\/* ]]> *\/\n<\/script>\n","thumbnail_url":"https:\/\/epochtimestr.com\/wp-content\/uploads\/2011y\/asker-17.jpg","thumbnail_width":664,"thumbnail_height":354,"description":"Ter\u00f6ristlerin \u201cBuraya T\u00fcrk u\u00e7aklar\u0131 gelemez\u201d dedikleri Sincar ve Kara\u00e7ok da\u011flar\u0131 hava operasyonuyla vurulunca hem ABD askerleri hem de PKK\u2019l\u0131lar \u015fa\u015fk\u0131na d\u00f6nd\u00fc. \u201cAskerlerimizin hayat\u0131 riske edildi\u201d diyen ABD\u2019ye tam koordinat verilmedi ancak \u2018operasyon alan\u0131\u2019 2 saat \u00f6ncesinden iletildi Irak kuzeyinde PKK\u2019n\u0131n konu\u015fland\u0131\u011f\u0131 ikinci Kandil olarak an\u0131lan Sincar da\u011f\u0131 ile hemen yak\u0131n\u0131nda bulunan Suriye kuzeydo\u011fusundaki Kara\u00e7ok\u2019ta konu\u015flu [&hellip;]"}