{"version":"1.0","provider_name":"The Epoch Times TR","provider_url":"https:\/\/epochtimestr.com","author_name":"Demet G.","author_url":"https:\/\/epochtimestr.com\/index.php\/author\/d-gokoglu","title":"T\u00fcrkiye - \u00c7ek Cumhuriyeti Ma\u00e7\u0131na \u0130sve\u00e7li Hakem - The Epoch Times TR","type":"rich","width":600,"height":338,"html":"<blockquote class=\"wp-embedded-content\" data-secret=\"F8LUJzKQtS\"><a href=\"https:\/\/epochtimestr.com\/index.php\/turkiye-cek-cumhuriyeti-macina-isvecli-hakem\">T\u00fcrkiye &#8211; \u00c7ek Cumhuriyeti Ma\u00e7\u0131na \u0130sve\u00e7li Hakem<\/a><\/blockquote><iframe sandbox=\"allow-scripts\" security=\"restricted\" src=\"https:\/\/epochtimestr.com\/index.php\/turkiye-cek-cumhuriyeti-macina-isvecli-hakem\/embed#?secret=F8LUJzKQtS\" width=\"600\" height=\"338\" title=\"&#8220;T\u00fcrkiye &#8211; \u00c7ek Cumhuriyeti Ma\u00e7\u0131na \u0130sve\u00e7li Hakem&#8221; &#8212; The Epoch Times TR\" data-secret=\"F8LUJzKQtS\" frameborder=\"0\" marginwidth=\"0\" marginheight=\"0\" scrolling=\"no\" class=\"wp-embedded-content\"><\/iframe><script type=\"text\/javascript\">\n\/* <![CDATA[ *\/\n\/*! This file is auto-generated *\/\n!function(d,l){\"use strict\";l.querySelector&&d.addEventListener&&\"undefined\"!=typeof URL&&(d.wp=d.wp||{},d.wp.receiveEmbedMessage||(d.wp.receiveEmbedMessage=function(e){var t=e.data;if((t||t.secret||t.message||t.value)&&!\/[^a-zA-Z0-9]\/.test(t.secret)){for(var s,r,n,a=l.querySelectorAll('iframe[data-secret=\"'+t.secret+'\"]'),o=l.querySelectorAll('blockquote[data-secret=\"'+t.secret+'\"]'),c=new RegExp(\"^https?:$\",\"i\"),i=0;i<o.length;i++)o[i].style.display=\"none\";for(i=0;i<a.length;i++)s=a[i],e.source===s.contentWindow&&(s.removeAttribute(\"style\"),\"height\"===t.message?(1e3<(r=parseInt(t.value,10))?r=1e3:~~r<200&&(r=200),s.height=r):\"link\"===t.message&&(r=new URL(s.getAttribute(\"src\")),n=new URL(t.value),c.test(n.protocol))&&n.host===r.host&&l.activeElement===s&&(d.top.location.href=t.value))}},d.addEventListener(\"message\",d.wp.receiveEmbedMessage,!1),l.addEventListener(\"DOMContentLoaded\",function(){for(var e,t,s=l.querySelectorAll(\"iframe.wp-embedded-content\"),r=0;r<s.length;r++)(t=(e=s[r]).getAttribute(\"data-secret\"))||(t=Math.random().toString(36).substring(2,12),e.src+=\"#?secret=\"+t,e.setAttribute(\"data-secret\",t)),e.contentWindow.postMessage({message:\"ready\",secret:t},\"*\")},!1)))}(window,document);\n\/* ]]> *\/\n<\/script>\n","thumbnail_url":"https:\/\/epochtimestr.com\/wp-content\/uploads\/2011y\/turkiye-cek-cumhuriyeti-macina-isvecli-hakem-554242-664x354.jpg","thumbnail_width":664,"thumbnail_height":354,"description":"A Milli Tak\u0131m&#8217;\u0131n \u00c7ek Cumhuriyeti ile 10 Ekim Cuma g\u00fcn\u00fc oynayaca\u011f\u0131 UEFA EURO 2016 Grup Eleme ma\u00e7\u0131n\u0131 \u0130sve\u00e7li hakem Jonas Eriksson y\u00f6netecek. Yard\u0131mc\u0131 hakemler ise\u00a0Mathias Klasenius ve Daniel Warnmark olacak. Ma\u00e7\u0131n d\u00f6rd\u00fcnc\u00fc hakemi ise Daniel Gustavsson olarak belirlendi. \u0130lave yard\u0131mc\u0131 hakemlikleri de Stefan Johannesson ve Markus Str\u00f6mbergsson y\u00fcr\u00fctecek."}