{"version":"1.0","provider_name":"The Epoch Times TR","provider_url":"https:\/\/epochtimestr.com","author_name":"D.Alk\u0131n","author_url":"https:\/\/epochtimestr.com\/index.php\/author\/derya","title":"T\u00fcrkiye Futbol\u2019daki Depreme Haz\u0131rl\u0131ks\u0131z Yakaland\u0131 - The Epoch Times TR","type":"rich","width":600,"height":338,"html":"<blockquote class=\"wp-embedded-content\" data-secret=\"fuM2OA3xrt\"><a href=\"https:\/\/epochtimestr.com\/index.php\/turkiye-futboldaki-depreme-hazirliksiz-yakalandi-2\">T\u00fcrkiye Futbol\u2019daki Depreme Haz\u0131rl\u0131ks\u0131z Yakaland\u0131<\/a><\/blockquote><iframe sandbox=\"allow-scripts\" security=\"restricted\" src=\"https:\/\/epochtimestr.com\/index.php\/turkiye-futboldaki-depreme-hazirliksiz-yakalandi-2\/embed#?secret=fuM2OA3xrt\" width=\"600\" height=\"338\" title=\"&#8220;T\u00fcrkiye Futbol\u2019daki Depreme Haz\u0131rl\u0131ks\u0131z Yakaland\u0131&#8221; &#8212; The Epoch Times TR\" data-secret=\"fuM2OA3xrt\" frameborder=\"0\" marginwidth=\"0\" marginheight=\"0\" scrolling=\"no\" class=\"wp-embedded-content\"><\/iframe><script type=\"text\/javascript\">\n\/* <![CDATA[ *\/\n\/*! This file is auto-generated *\/\n!function(d,l){\"use strict\";l.querySelector&&d.addEventListener&&\"undefined\"!=typeof URL&&(d.wp=d.wp||{},d.wp.receiveEmbedMessage||(d.wp.receiveEmbedMessage=function(e){var t=e.data;if((t||t.secret||t.message||t.value)&&!\/[^a-zA-Z0-9]\/.test(t.secret)){for(var s,r,n,a=l.querySelectorAll('iframe[data-secret=\"'+t.secret+'\"]'),o=l.querySelectorAll('blockquote[data-secret=\"'+t.secret+'\"]'),c=new RegExp(\"^https?:$\",\"i\"),i=0;i<o.length;i++)o[i].style.display=\"none\";for(i=0;i<a.length;i++)s=a[i],e.source===s.contentWindow&&(s.removeAttribute(\"style\"),\"height\"===t.message?(1e3<(r=parseInt(t.value,10))?r=1e3:~~r<200&&(r=200),s.height=r):\"link\"===t.message&&(r=new URL(s.getAttribute(\"src\")),n=new URL(t.value),c.test(n.protocol))&&n.host===r.host&&l.activeElement===s&&(d.top.location.href=t.value))}},d.addEventListener(\"message\",d.wp.receiveEmbedMessage,!1),l.addEventListener(\"DOMContentLoaded\",function(){for(var e,t,s=l.querySelectorAll(\"iframe.wp-embedded-content\"),r=0;r<s.length;r++)(t=(e=s[r]).getAttribute(\"data-secret\"))||(t=Math.random().toString(36).substring(2,12),e.src+=\"#?secret=\"+t,e.setAttribute(\"data-secret\",t)),e.contentWindow.postMessage({message:\"ready\",secret:t},\"*\")},!1)))}(window,document);\n\/* ]]> *\/\n<\/script>\n","description":"Futbolda \u015fike iddialar\u0131yla ilgili soru\u015fturma kapsam\u0131nda g\u00f6z alt\u0131na al\u0131nan 20 ki\u015fiden 15\u2019i tutuklanarak Metris cezaevine g\u00f6nderildi. \u0130stanbul\u2019daki Be\u015fikta\u015f Adliyesi\u2019nde mahkemeye sevk edilen 20 ki\u015fiden Fenerbah\u00e7e Futbol Kul\u00fcb\u00fc y\u00f6neticileri \u015eekip Mosturo\u011flu ve \u0130lhan Ek\u015fio\u011flu, Fenerbah\u00e7e Spor Kul\u00fcb\u00fc Alt Yap\u0131 Koordinat\u00f6r\u00fc Cemil Turan, Eski\u015fehir Teknik Direkt\u00f6r\u00fc B\u00fclent Uygun, eski futbolcu \u00dcmit Karan, Sivasspor Kul\u00fcp Ba\u015fkan\u0131 Mecnun Odyakamaz, [&hellip;]"}