{"version":"1.0","provider_name":"The Epoch Times TR","provider_url":"https:\/\/epochtimestr.com","author_name":"D.Alk\u0131n","author_url":"https:\/\/epochtimestr.com\/index.php\/author\/derya","title":"T\u00fcrkiye Milli Tak\u0131m Sporcusu Asl\u0131'n\u0131n \u00d6l\u00fcm\u00fcnde \u0130hmal Var - The Epoch Times TR","type":"rich","width":600,"height":338,"html":"<blockquote class=\"wp-embedded-content\" data-secret=\"iRpzyNXyMy\"><a href=\"https:\/\/epochtimestr.com\/index.php\/turkiye-milli-takim-sporcusu-aslinin-olumunde-ihmal-var\">T\u00fcrkiye Milli Tak\u0131m Sporcusu Asl\u0131&#8217;n\u0131n \u00d6l\u00fcm\u00fcnde \u0130hmal Var<\/a><\/blockquote><iframe sandbox=\"allow-scripts\" security=\"restricted\" src=\"https:\/\/epochtimestr.com\/index.php\/turkiye-milli-takim-sporcusu-aslinin-olumunde-ihmal-var\/embed#?secret=iRpzyNXyMy\" width=\"600\" height=\"338\" title=\"&#8220;T\u00fcrkiye Milli Tak\u0131m Sporcusu Asl\u0131&#8217;n\u0131n \u00d6l\u00fcm\u00fcnde \u0130hmal Var&#8221; &#8212; The Epoch Times TR\" data-secret=\"iRpzyNXyMy\" frameborder=\"0\" marginwidth=\"0\" marginheight=\"0\" scrolling=\"no\" class=\"wp-embedded-content\"><\/iframe><script type=\"text\/javascript\">\n\/* <![CDATA[ *\/\n\/*! This file is auto-generated *\/\n!function(d,l){\"use strict\";l.querySelector&&d.addEventListener&&\"undefined\"!=typeof URL&&(d.wp=d.wp||{},d.wp.receiveEmbedMessage||(d.wp.receiveEmbedMessage=function(e){var t=e.data;if((t||t.secret||t.message||t.value)&&!\/[^a-zA-Z0-9]\/.test(t.secret)){for(var s,r,n,a=l.querySelectorAll('iframe[data-secret=\"'+t.secret+'\"]'),o=l.querySelectorAll('blockquote[data-secret=\"'+t.secret+'\"]'),c=new RegExp(\"^https?:$\",\"i\"),i=0;i<o.length;i++)o[i].style.display=\"none\";for(i=0;i<a.length;i++)s=a[i],e.source===s.contentWindow&&(s.removeAttribute(\"style\"),\"height\"===t.message?(1e3<(r=parseInt(t.value,10))?r=1e3:~~r<200&&(r=200),s.height=r):\"link\"===t.message&&(r=new URL(s.getAttribute(\"src\")),n=new URL(t.value),c.test(n.protocol))&&n.host===r.host&&l.activeElement===s&&(d.top.location.href=t.value))}},d.addEventListener(\"message\",d.wp.receiveEmbedMessage,!1),l.addEventListener(\"DOMContentLoaded\",function(){for(var e,t,s=l.querySelectorAll(\"iframe.wp-embedded-content\"),r=0;r<s.length;r++)(t=(e=s[r]).getAttribute(\"data-secret\"))||(t=Math.random().toString(36).substring(2,12),e.src+=\"#?secret=\"+t,e.setAttribute(\"data-secret\",t)),e.contentWindow.postMessage({message:\"ready\",secret:t},\"*\")},!1)))}(window,document);\n\/* ]]> *\/\n<\/script>\n","thumbnail_url":"https:\/\/epochtimestr.com\/wp-content\/uploads\/2011y\/T\u00fcrkiye-milli-tak\u0131m-sporu-kayak.jpg","thumbnail_width":252,"thumbnail_height":200,"description":"Bilirki\u015fi,&#8221;Asl\u0131&#8217;n\u0131n \u00d6l\u00fcm\u00fcnde \u0130hmal Var&#8221; Dedi 12 Ocak 2012\u2019de T\u00fcrkiye\u00a0 Milli Tak\u0131m sporcusu olan 18 ya\u015f\u0131ndaki Asl\u0131 Nemutlu, Erzurum Paland\u00f6ken tesislerinde kayak antreman\u0131 s\u0131ras\u0131nda d\u00fc\u015ferek, hayat\u0131n\u0131 kaybetmi\u015fti. T\u00fcrkiye milli tak\u0131m sporcusu Nemutlu\u2019nun \u00f6l\u00fcm\u00fcyle ilgili bilirki\u015fi incelemesi tamamland\u0131. Bilirki\u015fi Yrd. Do\u00e7. Dr. Fatih K\u0131y\u0131c\u0131\u2019n\u0131n haz\u0131rlad\u0131\u011f\u0131 9 sayfal\u0131k raporda kayak\u00e7\u0131n\u0131n kaza yapt\u0131\u011f\u0131 Konakl\u0131\u2019n\u0131n \u2018\u2018sahipsiz bir kayak merkezi\u2019\u2019 oldu\u011funa [&hellip;]"}