{"version":"1.0","provider_name":"The Epoch Times TR","provider_url":"https:\/\/epochtimestr.com","author_name":"Nesrin Se\u00e7er","author_url":"https:\/\/epochtimestr.com\/index.php\/author\/nesrin","title":"T\u00fcrkiye-Pakistan-Afganistan 6. \u00dc\u00e7l\u00fc Zirvesi Ba\u015flad\u0131 - The Epoch Times TR","type":"rich","width":600,"height":338,"html":"<blockquote class=\"wp-embedded-content\" data-secret=\"TChAj0nmmx\"><a href=\"https:\/\/epochtimestr.com\/index.php\/turkiye-pakistan-afganistan-6-uclu-zirvesi-basladi\">T\u00fcrkiye-Pakistan-Afganistan 6. \u00dc\u00e7l\u00fc Zirvesi Ba\u015flad\u0131<\/a><\/blockquote><iframe sandbox=\"allow-scripts\" security=\"restricted\" src=\"https:\/\/epochtimestr.com\/index.php\/turkiye-pakistan-afganistan-6-uclu-zirvesi-basladi\/embed#?secret=TChAj0nmmx\" width=\"600\" height=\"338\" title=\"&#8220;T\u00fcrkiye-Pakistan-Afganistan 6. \u00dc\u00e7l\u00fc Zirvesi Ba\u015flad\u0131&#8221; &#8212; The Epoch Times TR\" data-secret=\"TChAj0nmmx\" frameborder=\"0\" marginwidth=\"0\" marginheight=\"0\" scrolling=\"no\" class=\"wp-embedded-content\"><\/iframe><script type=\"text\/javascript\">\n\/* <![CDATA[ *\/\n\/*! This file is auto-generated *\/\n!function(d,l){\"use strict\";l.querySelector&&d.addEventListener&&\"undefined\"!=typeof URL&&(d.wp=d.wp||{},d.wp.receiveEmbedMessage||(d.wp.receiveEmbedMessage=function(e){var t=e.data;if((t||t.secret||t.message||t.value)&&!\/[^a-zA-Z0-9]\/.test(t.secret)){for(var s,r,n,a=l.querySelectorAll('iframe[data-secret=\"'+t.secret+'\"]'),o=l.querySelectorAll('blockquote[data-secret=\"'+t.secret+'\"]'),c=new RegExp(\"^https?:$\",\"i\"),i=0;i<o.length;i++)o[i].style.display=\"none\";for(i=0;i<a.length;i++)s=a[i],e.source===s.contentWindow&&(s.removeAttribute(\"style\"),\"height\"===t.message?(1e3<(r=parseInt(t.value,10))?r=1e3:~~r<200&&(r=200),s.height=r):\"link\"===t.message&&(r=new URL(s.getAttribute(\"src\")),n=new URL(t.value),c.test(n.protocol))&&n.host===r.host&&l.activeElement===s&&(d.top.location.href=t.value))}},d.addEventListener(\"message\",d.wp.receiveEmbedMessage,!1),l.addEventListener(\"DOMContentLoaded\",function(){for(var e,t,s=l.querySelectorAll(\"iframe.wp-embedded-content\"),r=0;r<s.length;r++)(t=(e=s[r]).getAttribute(\"data-secret\"))||(t=Math.random().toString(36).substring(2,12),e.src+=\"#?secret=\"+t,e.setAttribute(\"data-secret\",t)),e.contentWindow.postMessage({message:\"ready\",secret:t},\"*\")},!1)))}(window,document);\n\/* ]]> *\/\n<\/script>\n","description":"Cumhurba\u015fkan\u0131 Abdullah G\u00fcl, \u00dc\u00e7l\u00fc Zirve \u00e7er\u00e7evesinde Afganistan Cumhurba\u015fkan\u0131 Hamit Karzai ve Pakistan Cumhurba\u015fkan\u0131 As\u0131f Ali Zerdari ile \u00c7\u0131ra\u011fan Saray\u0131\u2019nda ayr\u0131 ayr\u0131 g\u00f6r\u00fc\u015ft\u00fc. Bas\u0131na kapal\u0131 ger\u00e7ekle\u015fen g\u00f6r\u00fc\u015fme \u00f6ncesi, k\u0131sa bir g\u00f6r\u00fcnt\u00fc al\u0131nmas\u0131na izin verildi. G\u00f6r\u00fc\u015fmede, D\u0131\u015fi\u015fleri Bakan\u0131 Ahmet Davuto\u011flu da Cumhurba\u015fkan\u0131 G\u00fcl&#8217;e e\u015flik etti.","thumbnail_url":"http:\/\/www.epochtimestr.com\/wp-content\/uploads\/2011y\/hamitkarzai.jpg"}