{"version":"1.0","provider_name":"The Epoch Times TR","provider_url":"https:\/\/epochtimestr.com","author_name":"Dila \u015eeng\u00fcl","author_url":"https:\/\/epochtimestr.com\/index.php\/author\/dila","title":"T\u00fcrkiye Ve \u00c7in Aras\u0131nda 4 Anla\u015fma \u0130mzaland\u0131 - The Epoch Times TR","type":"rich","width":600,"height":338,"html":"<blockquote class=\"wp-embedded-content\" data-secret=\"E8m0IeYd9f\"><a href=\"https:\/\/epochtimestr.com\/index.php\/turkiye-ve-cin-arasinda-4-anlasma-imzalandi\">T\u00fcrkiye Ve \u00c7in Aras\u0131nda 4 Anla\u015fma \u0130mzaland\u0131<\/a><\/blockquote><iframe sandbox=\"allow-scripts\" security=\"restricted\" src=\"https:\/\/epochtimestr.com\/index.php\/turkiye-ve-cin-arasinda-4-anlasma-imzalandi\/embed#?secret=E8m0IeYd9f\" width=\"600\" height=\"338\" title=\"&#8220;T\u00fcrkiye Ve \u00c7in Aras\u0131nda 4 Anla\u015fma \u0130mzaland\u0131&#8221; &#8212; The Epoch Times TR\" data-secret=\"E8m0IeYd9f\" frameborder=\"0\" marginwidth=\"0\" marginheight=\"0\" scrolling=\"no\" class=\"wp-embedded-content\"><\/iframe><script type=\"text\/javascript\">\n\/* <![CDATA[ *\/\n\/*! This file is auto-generated *\/\n!function(d,l){\"use strict\";l.querySelector&&d.addEventListener&&\"undefined\"!=typeof URL&&(d.wp=d.wp||{},d.wp.receiveEmbedMessage||(d.wp.receiveEmbedMessage=function(e){var t=e.data;if((t||t.secret||t.message||t.value)&&!\/[^a-zA-Z0-9]\/.test(t.secret)){for(var s,r,n,a=l.querySelectorAll('iframe[data-secret=\"'+t.secret+'\"]'),o=l.querySelectorAll('blockquote[data-secret=\"'+t.secret+'\"]'),c=new RegExp(\"^https?:$\",\"i\"),i=0;i<o.length;i++)o[i].style.display=\"none\";for(i=0;i<a.length;i++)s=a[i],e.source===s.contentWindow&&(s.removeAttribute(\"style\"),\"height\"===t.message?(1e3<(r=parseInt(t.value,10))?r=1e3:~~r<200&&(r=200),s.height=r):\"link\"===t.message&&(r=new URL(s.getAttribute(\"src\")),n=new URL(t.value),c.test(n.protocol))&&n.host===r.host&&l.activeElement===s&&(d.top.location.href=t.value))}},d.addEventListener(\"message\",d.wp.receiveEmbedMessage,!1),l.addEventListener(\"DOMContentLoaded\",function(){for(var e,t,s=l.querySelectorAll(\"iframe.wp-embedded-content\"),r=0;r<s.length;r++)(t=(e=s[r]).getAttribute(\"data-secret\"))||(t=Math.random().toString(36).substring(2,12),e.src+=\"#?secret=\"+t,e.setAttribute(\"data-secret\",t)),e.contentWindow.postMessage({message:\"ready\",secret:t},\"*\")},!1)))}(window,document);\n\/* ]]> *\/\n<\/script>\n","thumbnail_url":"https:\/\/epochtimestr.com\/wp-content\/uploads\/2011y\/1763636.jpg","thumbnail_width":664,"thumbnail_height":354,"description":"Cumhurba\u015fkan\u0131 Recep Tayyip Erdo\u011fan, G20 Zirvesi i\u00e7in geldi\u011fi Hangzhou&#8217;da \u00c7in ile T\u00fcrkiye aras\u0131nda \u00e7e\u015fitli alanlarda 4 anla\u015fma imzaland\u0131. Cumhurba\u015fkan\u0131 Recep Tayyip Erdo\u011fan, G20 Zirvesi i\u00e7in geldi\u011fi \u00c7in\u2019de temaslar\u0131na ba\u015flad\u0131. Cumhurba\u015fkan\u0131 Erdo\u011fan, \u00c7in Devlet Ba\u015fkan\u0131 Xi Jinping ile g\u00f6r\u00fc\u015fme ger\u00e7ekle\u015ftirirken yap\u0131lan heyetler aras\u0131 g\u00f6r\u00fc\u015fmenin ard\u0131ndan iki \u00fclke aras\u0131nda \u00e7e\u015fitli alanlarda 4 anla\u015fma imzaland\u0131. \u00c7in Halk Cumhuriyeti [&hellip;]"}