{"version":"1.0","provider_name":"The Epoch Times TR","provider_url":"https:\/\/epochtimestr.com","author_name":"Haber Merkezi","author_url":"https:\/\/epochtimestr.com\/index.php\/author\/sendag","title":"T\u00fcrkiye Yazarlar Sendikas\u0131 (TYS) 50. Ya\u015f\u0131n\u0131 Kutlad\u0131 - The Epoch Times TR","type":"rich","width":600,"height":338,"html":"<blockquote class=\"wp-embedded-content\" data-secret=\"VTp8htjRm4\"><a href=\"https:\/\/epochtimestr.com\/index.php\/turkiye-yazarlar-sendikasi-tys-50-yasini-kutladi\">T\u00fcrkiye Yazarlar Sendikas\u0131 (TYS) 50. Ya\u015f\u0131n\u0131 Kutlad\u0131<\/a><\/blockquote><iframe sandbox=\"allow-scripts\" security=\"restricted\" src=\"https:\/\/epochtimestr.com\/index.php\/turkiye-yazarlar-sendikasi-tys-50-yasini-kutladi\/embed#?secret=VTp8htjRm4\" width=\"600\" height=\"338\" title=\"&#8220;T\u00fcrkiye Yazarlar Sendikas\u0131 (TYS) 50. Ya\u015f\u0131n\u0131 Kutlad\u0131&#8221; &#8212; The Epoch Times TR\" data-secret=\"VTp8htjRm4\" frameborder=\"0\" marginwidth=\"0\" marginheight=\"0\" scrolling=\"no\" class=\"wp-embedded-content\"><\/iframe><script type=\"text\/javascript\">\n\/* <![CDATA[ *\/\n\/*! This file is auto-generated *\/\n!function(d,l){\"use strict\";l.querySelector&&d.addEventListener&&\"undefined\"!=typeof URL&&(d.wp=d.wp||{},d.wp.receiveEmbedMessage||(d.wp.receiveEmbedMessage=function(e){var t=e.data;if((t||t.secret||t.message||t.value)&&!\/[^a-zA-Z0-9]\/.test(t.secret)){for(var s,r,n,a=l.querySelectorAll('iframe[data-secret=\"'+t.secret+'\"]'),o=l.querySelectorAll('blockquote[data-secret=\"'+t.secret+'\"]'),c=new RegExp(\"^https?:$\",\"i\"),i=0;i<o.length;i++)o[i].style.display=\"none\";for(i=0;i<a.length;i++)s=a[i],e.source===s.contentWindow&&(s.removeAttribute(\"style\"),\"height\"===t.message?(1e3<(r=parseInt(t.value,10))?r=1e3:~~r<200&&(r=200),s.height=r):\"link\"===t.message&&(r=new URL(s.getAttribute(\"src\")),n=new URL(t.value),c.test(n.protocol))&&n.host===r.host&&l.activeElement===s&&(d.top.location.href=t.value))}},d.addEventListener(\"message\",d.wp.receiveEmbedMessage,!1),l.addEventListener(\"DOMContentLoaded\",function(){for(var e,t,s=l.querySelectorAll(\"iframe.wp-embedded-content\"),r=0;r<s.length;r++)(t=(e=s[r]).getAttribute(\"data-secret\"))||(t=Math.random().toString(36).substring(2,12),e.src+=\"#?secret=\"+t,e.setAttribute(\"data-secret\",t)),e.contentWindow.postMessage({message:\"ready\",secret:t},\"*\")},!1)))}(window,document);\n\/* ]]> *\/\n<\/script>\n","thumbnail_url":"https:\/\/epochtimestr.com\/wp-content\/uploads\/2011y\/yazarlar-sendikasi.jpg","thumbnail_width":727,"thumbnail_height":207,"description":"\u00dclkemizin \u00f6nemli yazar kurulu\u015flar\u0131ndan T\u00fcrkiye Yazarlar Sendikas\u0131 50. ya\u015f\u0131n\u0131 kutlad\u0131 1974 y\u0131l\u0131nda, d\u00f6nemin gen\u00e7 yazarlar\u0131 Ya\u015far Kemal, Aziz Nesin, Bekir Y\u0131ld\u0131z, Adalet A\u011fao\u011flu, Leyla Erbil, Tomris Uyar, Turgut Uyar, Adnan \u00d6zyal\u00e7\u0131ner, Orhon Murat Ar\u0131burnu, Ali \u00d6zgent\u00fcrk, Nihat Behram \u00f6nc\u00fcl\u00fc\u011f\u00fcnde yola \u00e7\u0131kan TYS, 50 y\u0131lda \u00f6zellikle yaz\u0131ya ili\u015fkin bir k\u00fclt\u00fcrel bellek olu\u015fturmak, d\u00fc\u015f\u00fcnce ve s\u00f6z s\u00f6yleme [&hellip;]"}