{"version":"1.0","provider_name":"The Epoch Times TR","provider_url":"https:\/\/epochtimestr.com","author_name":"S. \u00d6zcan","author_url":"https:\/\/epochtimestr.com\/index.php\/author\/n-kaya","title":"T\u00fcrkiye'de Ba\u011f\u0131ml\u0131 \u00c7ocuk Say\u0131s\u0131 Art\u0131yor - The Epoch Times TR","type":"rich","width":600,"height":338,"html":"<blockquote class=\"wp-embedded-content\" data-secret=\"u8WWjb1VUa\"><a href=\"https:\/\/epochtimestr.com\/index.php\/turkiyede-bagimli-cocuk-sayisi-artiyor\">T\u00fcrkiye&#8217;de Ba\u011f\u0131ml\u0131 \u00c7ocuk Say\u0131s\u0131 Art\u0131yor<\/a><\/blockquote><iframe sandbox=\"allow-scripts\" security=\"restricted\" src=\"https:\/\/epochtimestr.com\/index.php\/turkiyede-bagimli-cocuk-sayisi-artiyor\/embed#?secret=u8WWjb1VUa\" width=\"600\" height=\"338\" title=\"&#8220;T\u00fcrkiye&#8217;de Ba\u011f\u0131ml\u0131 \u00c7ocuk Say\u0131s\u0131 Art\u0131yor&#8221; &#8212; The Epoch Times TR\" data-secret=\"u8WWjb1VUa\" frameborder=\"0\" marginwidth=\"0\" marginheight=\"0\" scrolling=\"no\" class=\"wp-embedded-content\"><\/iframe><script type=\"text\/javascript\">\n\/* <![CDATA[ *\/\n\/*! This file is auto-generated *\/\n!function(d,l){\"use strict\";l.querySelector&&d.addEventListener&&\"undefined\"!=typeof URL&&(d.wp=d.wp||{},d.wp.receiveEmbedMessage||(d.wp.receiveEmbedMessage=function(e){var t=e.data;if((t||t.secret||t.message||t.value)&&!\/[^a-zA-Z0-9]\/.test(t.secret)){for(var s,r,n,a=l.querySelectorAll('iframe[data-secret=\"'+t.secret+'\"]'),o=l.querySelectorAll('blockquote[data-secret=\"'+t.secret+'\"]'),c=new RegExp(\"^https?:$\",\"i\"),i=0;i<o.length;i++)o[i].style.display=\"none\";for(i=0;i<a.length;i++)s=a[i],e.source===s.contentWindow&&(s.removeAttribute(\"style\"),\"height\"===t.message?(1e3<(r=parseInt(t.value,10))?r=1e3:~~r<200&&(r=200),s.height=r):\"link\"===t.message&&(r=new URL(s.getAttribute(\"src\")),n=new URL(t.value),c.test(n.protocol))&&n.host===r.host&&l.activeElement===s&&(d.top.location.href=t.value))}},d.addEventListener(\"message\",d.wp.receiveEmbedMessage,!1),l.addEventListener(\"DOMContentLoaded\",function(){for(var e,t,s=l.querySelectorAll(\"iframe.wp-embedded-content\"),r=0;r<s.length;r++)(t=(e=s[r]).getAttribute(\"data-secret\"))||(t=Math.random().toString(36).substring(2,12),e.src+=\"#?secret=\"+t,e.setAttribute(\"data-secret\",t)),e.contentWindow.postMessage({message:\"ready\",secret:t},\"*\")},!1)))}(window,document);\n\/* ]]> *\/\n<\/script>\n","thumbnail_url":"https:\/\/epochtimestr.com\/wp-content\/uploads\/2011y\/turkiyede-bagimli-cocuk-sayisi-artiyor-582092-664x354.jpg","thumbnail_width":500,"thumbnail_height":267,"description":"T\u00dc\u0130K verilerine g\u00f6re \u00e7ocuklar su\u00e7a s\u00fcr\u00fcklenme, madde kullan\u0131m\u0131 gibi konularda hedef kitle haline geldi. 2013 y\u0131l\u0131nda 273 .571 \u00e7ocuk\u00a0 g\u00fcvenlik birimlerine ula\u015ft\u0131. &nbsp; Uzmanlar, yak\u0131n gelecekte daha \u00f6nemli bir sorun olaca\u011f\u0131n\u0131 dile getirerek, 16 milyon 400 bin \u00f6\u011frencinin ders ba\u015f\u0131 yapt\u0131\u011f\u0131 okullar\u0131n \u00e7evrelerinin en \u00f6nemli pazar\u0131 olu\u015fturdu\u011funu belirtti. T\u00fcrkiye \u0130statistik Kurumu (T\u00dc\u0130K) verilerinin T\u00fcrkiye\u2019nin t\u00fcm [&hellip;]"}