{"version":"1.0","provider_name":"The Epoch Times TR","provider_url":"https:\/\/epochtimestr.com","author_name":"Haber Merkezi","author_url":"https:\/\/epochtimestr.com\/index.php\/author\/sendag","title":"T\u00fcrkiye'den 'Sincar' Hamlesi - The Epoch Times TR","type":"rich","width":600,"height":338,"html":"<blockquote class=\"wp-embedded-content\" data-secret=\"zWDCsQK56c\"><a href=\"https:\/\/epochtimestr.com\/index.php\/turkiyeden-sincar-hamlesi\">T\u00fcrkiye&#8217;den &#8216;Sincar&#8217; Hamlesi<\/a><\/blockquote><iframe sandbox=\"allow-scripts\" security=\"restricted\" src=\"https:\/\/epochtimestr.com\/index.php\/turkiyeden-sincar-hamlesi\/embed#?secret=zWDCsQK56c\" width=\"600\" height=\"338\" title=\"&#8220;T\u00fcrkiye&#8217;den &#8216;Sincar&#8217; Hamlesi&#8221; &#8212; The Epoch Times TR\" data-secret=\"zWDCsQK56c\" frameborder=\"0\" marginwidth=\"0\" marginheight=\"0\" scrolling=\"no\" class=\"wp-embedded-content\"><\/iframe><script type=\"text\/javascript\">\n\/* <![CDATA[ *\/\n\/*! This file is auto-generated *\/\n!function(d,l){\"use strict\";l.querySelector&&d.addEventListener&&\"undefined\"!=typeof URL&&(d.wp=d.wp||{},d.wp.receiveEmbedMessage||(d.wp.receiveEmbedMessage=function(e){var t=e.data;if((t||t.secret||t.message||t.value)&&!\/[^a-zA-Z0-9]\/.test(t.secret)){for(var s,r,n,a=l.querySelectorAll('iframe[data-secret=\"'+t.secret+'\"]'),o=l.querySelectorAll('blockquote[data-secret=\"'+t.secret+'\"]'),c=new RegExp(\"^https?:$\",\"i\"),i=0;i<o.length;i++)o[i].style.display=\"none\";for(i=0;i<a.length;i++)s=a[i],e.source===s.contentWindow&&(s.removeAttribute(\"style\"),\"height\"===t.message?(1e3<(r=parseInt(t.value,10))?r=1e3:~~r<200&&(r=200),s.height=r):\"link\"===t.message&&(r=new URL(s.getAttribute(\"src\")),n=new URL(t.value),c.test(n.protocol))&&n.host===r.host&&l.activeElement===s&&(d.top.location.href=t.value))}},d.addEventListener(\"message\",d.wp.receiveEmbedMessage,!1),l.addEventListener(\"DOMContentLoaded\",function(){for(var e,t,s=l.querySelectorAll(\"iframe.wp-embedded-content\"),r=0;r<s.length;r++)(t=(e=s[r]).getAttribute(\"data-secret\"))||(t=Math.random().toString(36).substring(2,12),e.src+=\"#?secret=\"+t,e.setAttribute(\"data-secret\",t)),e.contentWindow.postMessage({message:\"ready\",secret:t},\"*\")},!1)))}(window,document);\n\/* ]]> *\/\n<\/script>\n","thumbnail_url":"https:\/\/epochtimestr.com\/wp-content\/uploads\/2011y\/sincar.jpg","thumbnail_width":664,"thumbnail_height":354,"description":"Ter\u00f6r \u00f6rg\u00fct\u00fc PKK, Kandil&#8217;de a\u011f\u0131r darbe ald\u0131ktan sonra y\u00f6n\u00fcn\u00fc Sincar&#8217;a \u00e7evirdi. \u00d6rg\u00fct oray\u0131 ikinci Kandil yapmak isterken T\u00fcrkiye 10 noktaya \u00fcs kurmaya haz\u0131rlan\u0131yor. Cumhurba\u015fkan\u0131 Recep Tayyip Erdo\u011fan\u2019\u0131n ba\u015fkanl\u0131\u011f\u0131nda hafta ba\u015f\u0131 yap\u0131lan Bakanlar Kurulunda, Suriye ve Musul\u2019daki geli\u015fmeler ayr\u0131nt\u0131l\u0131 bir \u015fekilde masaya yat\u0131r\u0131ld\u0131. B\u00f6lgede ya\u015fanan geli\u015fmeler hakk\u0131nda, \u0130\u00e7i\u015fleri ve D\u0131\u015fi\u015fleri Bakanl\u0131\u011f\u0131 ile M\u0130T ve Genelkurmay Ba\u015fkanl\u0131\u011f\u0131 [&hellip;]"}